{"id":261043,"date":"2026-02-25T16:15:18","date_gmt":"2026-02-25T14:15:18","guid":{"rendered":"https:\/\/velovitamine.fr\/?post_type=tribe_events&#038;p=261043"},"modified":"2026-02-25T16:59:58","modified_gmt":"2026-02-25T14:59:58","slug":"velo-et-vin-balade-oenologique-cote-de-beaune-1er-cru-grand-cru-1-2-journee-2","status":"publish","type":"tribe_events","link":"https:\/\/velovitamine.fr\/pt\/event\/velo-et-vin-balade-oenologique-cote-de-beaune-1er-cru-grand-cru-1-2-journee-2\/","title":{"rendered":"<br>Vihnos &#038; bicicleta &#8211; Passeio enol\u00f3gico C\u00f4te de beaune 1er cru &#038; Grand cru &#8211; 1\/2 journ\u00e9e -"},"content":{"rendered":"<p><\/p>\n<h4>Atividade de passeio guiado de bicicleta pela \u00ab C\u00f4te de Beaune Grand Cru \u00bb com sa\u00edda do vinhedo<\/h4>\n<h4>Degusta\u00e7\u00e3o <strong>Prestige<\/strong> ou <strong>Descoberta<\/strong><\/h4>\n<p><img loading=\"lazy\" decoding=\"async\" class=\"size-medium wp-image-2262 alignleft\" src=\"http:\/\/velovitamine.fr\/wp-content\/uploads\/2018\/04\/Balade-oenologique-pause-goumet-velovitamine-300x175.jpg\" alt=\"Balade-oenologique-pause-goumet-velovitamine\" width=\"300\" height=\"175\" srcset=\"https:\/\/velovitamine.fr\/wp-content\/uploads\/2018\/04\/Balade-oenologique-pause-goumet-velovitamine-300x175.jpg 300w, https:\/\/velovitamine.fr\/wp-content\/uploads\/2018\/04\/Balade-oenologique-pause-goumet-velovitamine-768x449.jpg 768w, https:\/\/velovitamine.fr\/wp-content\/uploads\/2018\/04\/Balade-oenologique-pause-goumet-velovitamine-1024x599.jpg 1024w, https:\/\/velovitamine.fr\/wp-content\/uploads\/2018\/04\/Balade-oenologique-pause-goumet-velovitamine.jpg 1165w\" sizes=\"(max-width: 300px) 100vw, 300px\" \/>Imers\u00e3o na Borgonha: bicicleta, paisagens e degusta\u00e7\u00e3o. Acompanhado pelo seu monitor, voc\u00ea atravessar\u00e1 os clos, parcelas e vilarejos de viticultores desde Pommard at\u00e9 Puligny-Montrachet. No programa: as vilas de Volnay, Meursault e suas ruelas muradas com pedra da Borgonha&#8230; E uma degusta\u00e7\u00e3o nas vinhas \u00e0 beira de um clos!<\/p>\n<p><strong>\u00a0<\/strong><strong><u>Inclui:<\/u> seu monitor, guia enol\u00f3gico + o passeio + a bicicleta + op\u00e7\u00e3o degusta\u00e7\u00e3o.<\/strong><\/p>\n<p><u>Degusta\u00e7\u00e3o \u201cPrestige\u201d<\/u>: 3 vinhos da propriedade selecionados por mim (AOC Regional, AOC Village\u2026 incluindo um Premier Cru)<br \/>\nou <u>\u201cDescoberta\u201d<\/u>: 2 vinhos da Borgonha.<\/p>\n<p><span style=\"color: #000000;\"><strong>Tarifa atividade + op\u00e7\u00e3o degusta\u00e7\u00e3o: 59 \u20ac\/pessoa (3 vinhos)<\/strong><\/span><br \/>\nou 45 \u20ac\/pessoa + pre\u00e7o \u20ac\/pessoa com degusta\u00e7\u00e3o de vinhos e aperitivos gourmet.<\/p>\n<p><strong><u>Hor\u00e1rio confirmado:<\/u> <\/strong>10h \u00e0s 13h ou 14h \u00e0s 17h<\/p>\n<p><strong><u>Dura\u00e7\u00e3o:<\/u><\/strong> 2 a 3 horas com pausas, explica\u00e7\u00f5es sobre vinhos e terroirs, ambiente acolhedor e amig\u00e1vel, degusta\u00e7\u00e3o de vinhos da Borgonha inclu\u00edda.<\/p>\n<p><u><strong>Percurso f\u00e1cil:<\/strong> <\/u>plano, em circuito adaptado a todos os p\u00fablicos, por pequenas estradas pouco movimentadas.<\/p>\n<p><strong><u>Modalidade<\/u>:<\/strong> passeio aberto mediante inscri\u00e7\u00e3o para sa\u00edda em grupo.<\/p>\n<p><strong><u>Equipamento fornecido<\/u>:<\/strong> bicicleta conforto, capacete, garrafa de \u00e1gua.<\/p>\n<p><strong><u>Op\u00e7\u00e3o bicicleta el\u00e9trica<\/u>:<\/strong> + 15 \u20ac\/pessoa<\/p>\n<p><strong><u>Ponto de encontro<\/u>:<\/strong> estacionamento do Pommard or Beaune<\/p>\n<p><strong><u>PS:<\/u><\/strong> \u00c0 escolha com ou sem degusta\u00e7\u00e3o de vinho (passeio acompanhado e guiado pelo vinhedo).<\/p>\n<p><strong><u>Roupas\/equipamentos recomendados<\/u>:<\/strong> traje confort\u00e1vel, \u00f3culos de sol, garrafa de \u00e1gua extra se necess\u00e1rio.<br \/>\n<strong><u>Em mar\u00e7o\/abril e outubro:<\/u><\/strong> corta-vento, len\u00e7o\/cachecol.<\/p>\n<p><span style=\"color: #993366;\"><strong>Informa\u00e7\u00f5es \u2013 Reserva \u2013 Inscri\u00e7\u00e3o na atividade:<\/strong><\/span><\/p>\n<ul>\n<li><span style=\"color: #993366;\"><strong>por celular +336 74 59 70 64\u00a0<\/strong><\/span><\/li>\n<li><span style=\"color: #993366;\"><strong>por e-ail :<\/strong><\/span><span style=\"color: #993300;\"> <span style=\"color: #333399;\"><a style=\"color: #333399;\" href=\"\/contact-2\/\" rel=\"noopener noreferrer\"><span class=\"littel_space\">Solicita\u00e7\u00e3o online<\/span><\/a>\u00a0<\/span><\/span> . Indique a data e suas medidas para as bicicletas; exemplo: M 1,63 m \/ H 1,78 m.<\/li>\n<\/ul>\n<p>Pr\u00e9via em v\u00eddeo de um passeio enol\u00f3gico:\u00a0 \u00a0<a href=\"https:\/\/www.youtube.com\/watch?v=pKuVakRvksM&amp;ab_channel=VELOVITAMINE\" target=\"_blank\" rel=\"noopener\"> Clique aqui<\/a><\/p>\n<p><img loading=\"lazy\" decoding=\"async\" class=\"wp-image-2252 aligncenter\" src=\"https:\/\/velovitamine.fr\/wp-content\/uploads\/2018\/04\/Balade-oeno-2017-velovitamine-2-300x225.jpg\" alt=\"activit\u00e9 v\u00e9lo et vin week bourgogne\" width=\"224\" height=\"168\" srcset=\"https:\/\/velovitamine.fr\/wp-content\/uploads\/2018\/04\/Balade-oeno-2017-velovitamine-2-300x225.jpg 300w, https:\/\/velovitamine.fr\/wp-content\/uploads\/2018\/04\/Balade-oeno-2017-velovitamine-2-768x576.jpg 768w, https:\/\/velovitamine.fr\/wp-content\/uploads\/2018\/04\/Balade-oeno-2017-velovitamine-2-1024x768.jpg 1024w, https:\/\/velovitamine.fr\/wp-content\/uploads\/2018\/04\/Balade-oeno-2017-velovitamine-2.jpg 1094w\" sizes=\"(max-width: 224px) 100vw, 224px\" \/><\/p>\n<p>&nbsp;<\/p>\n<p>Entre amigos, colegas, fam\u00edlias ou individuais. Venha compartilhar a explora\u00e7\u00e3o e a descoberta do vinhedo com convivialidade e bom humor. Seja em grupo ou contemplando a paisagem ao final da fila, tudo \u00e9 uma escolha de aproveitar o tempo e viver plenamente.<\/p>","protected":false},"excerpt":{"rendered":"<p>Atividade de passeio guiado de bicicleta pela \u00ab C\u00f4te de Beaune Grand Cru \u00bb com sa\u00edda do vinhedo Degusta\u00e7\u00e3o Prestige ou Descoberta Imers\u00e3o na Borgonha: bicicleta, paisagens e degusta\u00e7\u00e3o. Acompanhado [&hellip;]<\/p>\n","protected":false},"author":2,"featured_media":260984,"template":"","meta":{"_monsterinsights_skip_tracking":false,"_monsterinsights_sitenote_active":false,"_monsterinsights_sitenote_note":"","_monsterinsights_sitenote_category":0,"site-sidebar-layout":"default","site-content-layout":"","ast-site-content-layout":"default","site-content-style":"default","site-sidebar-style":"default","ast-global-header-display":"","ast-banner-title-visibility":"","ast-main-header-display":"","ast-hfb-above-header-display":"","ast-hfb-below-header-display":"","ast-hfb-mobile-header-display":"","site-post-title":"","ast-breadcrumbs-content":"","ast-featured-img":"","footer-sml-layout":"","ast-disable-related-posts":"","theme-transparent-header-meta":"default","adv-header-id-meta":"","stick-header-meta":"","header-above-stick-meta":"","header-main-stick-meta":"","header-below-stick-meta":"","astra-migrate-meta-layouts":"set","ast-page-background-enabled":"default","ast-page-background-meta":{"desktop":{"background-color":"","background-image":"","background-repeat":"repeat","background-position":"center center","background-size":"auto","background-attachment":"scroll","background-type":"","background-media":"","overlay-type":"","overlay-color":"","overlay-opacity":"","overlay-gradient":""},"tablet":{"background-color":"","background-image":"","background-repeat":"repeat","background-position":"center center","background-size":"auto","background-attachment":"scroll","background-type":"","background-media":"","overlay-type":"","overlay-color":"","overlay-opacity":"","overlay-gradient":""},"mobile":{"background-color":"","background-image":"","background-repeat":"repeat","background-position":"center center","background-size":"auto","background-attachment":"scroll","background-type":"","background-media":"","overlay-type":"","overlay-color":"","overlay-opacity":"","overlay-gradient":""}},"ast-content-background-meta":{"desktop":{"background-color":"var(--ast-global-color-5)","background-image":"","background-repeat":"repeat","background-position":"center center","background-size":"auto","background-attachment":"scroll","background-type":"","background-media":"","overlay-type":"","overlay-color":"","overlay-opacity":"","overlay-gradient":""},"tablet":{"background-color":"var(--ast-global-color-5)","background-image":"","background-repeat":"repeat","background-position":"center center","background-size":"auto","background-attachment":"scroll","background-type":"","background-media":"","overlay-type":"","overlay-color":"","overlay-opacity":"","overlay-gradient":""},"mobile":{"background-color":"var(--ast-global-color-5)","background-image":"","background-repeat":"repeat","background-position":"center center","background-size":"auto","background-attachment":"scroll","background-type":"","background-media":"","overlay-type":"","overlay-color":"","overlay-opacity":"","overlay-gradient":""}},"_tribe_events_status":"","_tribe_events_status_reason":"","footnotes":""},"tags":[],"tribe_events_cat":[53,67,24,52],"class_list":["post-261043","tribe_events","type-tribe_events","status-publish","has-post-thumbnail","hentry","tribe_events_cat-vtc","tribe_events_cat-loisir","tribe_events_cat-familliale","tribe_events_cat-adultes","cat_vtc","cat_loisir","cat_familliale","cat_adultes"],"yoast_head":"<!-- This site is optimized with the Yoast SEO plugin v27.2 - https:\/\/yoast.com\/product\/yoast-seo-wordpress\/ -->\n<title>Activit\u00e9 vin et v\u00e9lo, balade et d\u00e9gustation week end en bourgogne<\/title>\n<meta name=\"description\" content=\"Activit\u00e9 Beaune. Balade v\u00e9lo au c\u0153ur du vignoble et d\u00e9gustation vins. Votre guide vous accompagne au fil des villages de vignerons...Original, une 1\/2 journ\u00e9e unique...\" \/>\n<meta name=\"robots\" content=\"index, follow, max-snippet:-1, max-image-preview:large, max-video-preview:-1\" \/>\n<link rel=\"canonical\" href=\"https:\/\/velovitamine.fr\/event\/velo-et-vin-balade-oenologique-cote-de-beaune-1er-cru-grand-cru-1-2-journee-2\/\" \/>\n<meta property=\"og:locale\" content=\"pt_PT\" \/>\n<meta property=\"og:type\" content=\"article\" \/>\n<meta property=\"og:title\" content=\"Activit\u00e9 vin et v\u00e9lo, balade et d\u00e9gustation week end en bourgogne\" \/>\n<meta property=\"og:description\" content=\"Activit\u00e9 Beaune. Balade v\u00e9lo au c\u0153ur du vignoble et d\u00e9gustation vins. Votre guide vous accompagne au fil des villages de vignerons...Original, une 1\/2 journ\u00e9e unique...\" \/>\n<meta property=\"og:url\" content=\"https:\/\/velovitamine.fr\/event\/velo-et-vin-balade-oenologique-cote-de-beaune-1er-cru-grand-cru-1-2-journee-2\/\" \/>\n<meta property=\"og:site_name\" content=\"Velovitamine.fr\" \/>\n<meta property=\"article:modified_time\" content=\"2026-02-25T14:59:58+00:00\" \/>\n<meta property=\"og:image\" content=\"https:\/\/velovitamine.fr\/wp-content\/uploads\/2026\/02\/Balade-Grand-Cru-Groupe-Bourgogne-sept-2024-3.jpg\" \/>\n\t<meta property=\"og:image:width\" content=\"640\" \/>\n\t<meta property=\"og:image:height\" content=\"424\" \/>\n\t<meta property=\"og:image:type\" content=\"image\/jpeg\" \/>\n<meta name=\"twitter:card\" content=\"summary_large_image\" \/>\n<meta name=\"twitter:label1\" content=\"Tempo estimado de leitura\" \/>\n\t<meta name=\"twitter:data1\" content=\"3 minutos\" \/>\n<script type=\"application\/ld+json\" class=\"yoast-schema-graph\">{\"@context\":\"https:\/\/schema.org\",\"@graph\":[{\"@type\":\"WebPage\",\"@id\":\"https:\/\/velovitamine.fr\/event\/velo-et-vin-balade-oenologique-cote-de-beaune-1er-cru-grand-cru-1-2-journee-2\/\",\"url\":\"https:\/\/velovitamine.fr\/event\/velo-et-vin-balade-oenologique-cote-de-beaune-1er-cru-grand-cru-1-2-journee-2\/\",\"name\":\"Activit\u00e9 vin et v\u00e9lo, balade et d\u00e9gustation week end en bourgogne\",\"isPartOf\":{\"@id\":\"https:\/\/velovitamine.fr\/#website\"},\"primaryImageOfPage\":{\"@id\":\"https:\/\/velovitamine.fr\/event\/velo-et-vin-balade-oenologique-cote-de-beaune-1er-cru-grand-cru-1-2-journee-2\/#primaryimage\"},\"image\":{\"@id\":\"https:\/\/velovitamine.fr\/event\/velo-et-vin-balade-oenologique-cote-de-beaune-1er-cru-grand-cru-1-2-journee-2\/#primaryimage\"},\"thumbnailUrl\":\"https:\/\/velovitamine.fr\/wp-content\/uploads\/2026\/02\/Balade-Grand-Cru-Groupe-Bourgogne-sept-2024-3.jpg\",\"datePublished\":\"2026-02-25T14:15:18+00:00\",\"dateModified\":\"2026-02-25T14:59:58+00:00\",\"description\":\"Activit\u00e9 Beaune. Balade v\u00e9lo au c\u0153ur du vignoble et d\u00e9gustation vins. Votre guide vous accompagne au fil des villages de vignerons...Original, une 1\/2 journ\u00e9e unique...\",\"breadcrumb\":{\"@id\":\"https:\/\/velovitamine.fr\/event\/velo-et-vin-balade-oenologique-cote-de-beaune-1er-cru-grand-cru-1-2-journee-2\/#breadcrumb\"},\"inLanguage\":\"pt-PT\",\"potentialAction\":[{\"@type\":\"ReadAction\",\"target\":[\"https:\/\/velovitamine.fr\/event\/velo-et-vin-balade-oenologique-cote-de-beaune-1er-cru-grand-cru-1-2-journee-2\/\"]}]},{\"@type\":\"ImageObject\",\"inLanguage\":\"pt-PT\",\"@id\":\"https:\/\/velovitamine.fr\/event\/velo-et-vin-balade-oenologique-cote-de-beaune-1er-cru-grand-cru-1-2-journee-2\/#primaryimage\",\"url\":\"https:\/\/velovitamine.fr\/wp-content\/uploads\/2026\/02\/Balade-Grand-Cru-Groupe-Bourgogne-sept-2024-3.jpg\",\"contentUrl\":\"https:\/\/velovitamine.fr\/wp-content\/uploads\/2026\/02\/Balade-Grand-Cru-Groupe-Bourgogne-sept-2024-3.jpg\",\"width\":640,\"height\":424},{\"@type\":\"BreadcrumbList\",\"@id\":\"https:\/\/velovitamine.fr\/event\/velo-et-vin-balade-oenologique-cote-de-beaune-1er-cru-grand-cru-1-2-journee-2\/#breadcrumb\",\"itemListElement\":[{\"@type\":\"ListItem\",\"position\":1,\"name\":\"Accueil\",\"item\":\"https:\/\/velovitamine.fr\/\"},{\"@type\":\"ListItem\",\"position\":2,\"name\":\"\u00c9v\u00e8nements\",\"item\":\"https:\/\/velovitamine.fr\/events\/\"},{\"@type\":\"ListItem\",\"position\":3,\"name\":\"V\u00e9lo et vin &#8211; Balade Oenologique C\u00f4te de Beaune Grand cru &#8211; 1\/2 journ\u00e9e &#8211;\"}]},{\"@type\":\"WebSite\",\"@id\":\"https:\/\/velovitamine.fr\/#website\",\"url\":\"https:\/\/velovitamine.fr\/\",\"name\":\"Velovitamine.fr\",\"description\":\"(FR) Un site qui roule...\",\"publisher\":{\"@id\":\"https:\/\/velovitamine.fr\/#organization\"},\"potentialAction\":[{\"@type\":\"SearchAction\",\"target\":{\"@type\":\"EntryPoint\",\"urlTemplate\":\"https:\/\/velovitamine.fr\/?s={search_term_string}\"},\"query-input\":{\"@type\":\"PropertyValueSpecification\",\"valueRequired\":true,\"valueName\":\"search_term_string\"}}],\"inLanguage\":\"pt-PT\"},{\"@type\":\"Organization\",\"@id\":\"https:\/\/velovitamine.fr\/#organization\",\"name\":\"Velovitamine\",\"url\":\"https:\/\/velovitamine.fr\/\",\"logo\":{\"@type\":\"ImageObject\",\"inLanguage\":\"pt-PT\",\"@id\":\"https:\/\/velovitamine.fr\/#\/schema\/logo\/image\/\",\"url\":\"https:\/\/velovitamine.fr\/wp-content\/uploads\/2014\/10\/cropped-logo1-e1444671967804.jpg\",\"contentUrl\":\"https:\/\/velovitamine.fr\/wp-content\/uploads\/2014\/10\/cropped-logo1-e1444671967804.jpg\",\"width\":512,\"height\":512,\"caption\":\"Velovitamine\"},\"image\":{\"@id\":\"https:\/\/velovitamine.fr\/#\/schema\/logo\/image\/\"}}]}<\/script>\n<!-- \/ Yoast SEO plugin. -->","yoast_head_json":{"title":"Activit\u00e9 vin et v\u00e9lo, balade et d\u00e9gustation week end en bourgogne","description":"Activit\u00e9 Beaune. Balade v\u00e9lo au c\u0153ur du vignoble et d\u00e9gustation vins. Votre guide vous accompagne au fil des villages de vignerons...Original, une 1\/2 journ\u00e9e unique...","robots":{"index":"index","follow":"follow","max-snippet":"max-snippet:-1","max-image-preview":"max-image-preview:large","max-video-preview":"max-video-preview:-1"},"canonical":"https:\/\/velovitamine.fr\/event\/velo-et-vin-balade-oenologique-cote-de-beaune-1er-cru-grand-cru-1-2-journee-2\/","og_locale":"pt_PT","og_type":"article","og_title":"Activit\u00e9 vin et v\u00e9lo, balade et d\u00e9gustation week end en bourgogne","og_description":"Activit\u00e9 Beaune. Balade v\u00e9lo au c\u0153ur du vignoble et d\u00e9gustation vins. Votre guide vous accompagne au fil des villages de vignerons...Original, une 1\/2 journ\u00e9e unique...","og_url":"https:\/\/velovitamine.fr\/event\/velo-et-vin-balade-oenologique-cote-de-beaune-1er-cru-grand-cru-1-2-journee-2\/","og_site_name":"Velovitamine.fr","article_modified_time":"2026-02-25T14:59:58+00:00","og_image":[{"width":640,"height":424,"url":"https:\/\/velovitamine.fr\/wp-content\/uploads\/2026\/02\/Balade-Grand-Cru-Groupe-Bourgogne-sept-2024-3.jpg","type":"image\/jpeg"}],"twitter_card":"summary_large_image","twitter_misc":{"Tempo estimado de leitura":"3 minutos"},"schema":{"@context":"https:\/\/schema.org","@graph":[{"@type":"WebPage","@id":"https:\/\/velovitamine.fr\/event\/velo-et-vin-balade-oenologique-cote-de-beaune-1er-cru-grand-cru-1-2-journee-2\/","url":"https:\/\/velovitamine.fr\/event\/velo-et-vin-balade-oenologique-cote-de-beaune-1er-cru-grand-cru-1-2-journee-2\/","name":"Activit\u00e9 vin et v\u00e9lo, balade et d\u00e9gustation week end en bourgogne","isPartOf":{"@id":"https:\/\/velovitamine.fr\/#website"},"primaryImageOfPage":{"@id":"https:\/\/velovitamine.fr\/event\/velo-et-vin-balade-oenologique-cote-de-beaune-1er-cru-grand-cru-1-2-journee-2\/#primaryimage"},"image":{"@id":"https:\/\/velovitamine.fr\/event\/velo-et-vin-balade-oenologique-cote-de-beaune-1er-cru-grand-cru-1-2-journee-2\/#primaryimage"},"thumbnailUrl":"https:\/\/velovitamine.fr\/wp-content\/uploads\/2026\/02\/Balade-Grand-Cru-Groupe-Bourgogne-sept-2024-3.jpg","datePublished":"2026-02-25T14:15:18+00:00","dateModified":"2026-02-25T14:59:58+00:00","description":"Activit\u00e9 Beaune. Balade v\u00e9lo au c\u0153ur du vignoble et d\u00e9gustation vins. Votre guide vous accompagne au fil des villages de vignerons...Original, une 1\/2 journ\u00e9e unique...","breadcrumb":{"@id":"https:\/\/velovitamine.fr\/event\/velo-et-vin-balade-oenologique-cote-de-beaune-1er-cru-grand-cru-1-2-journee-2\/#breadcrumb"},"inLanguage":"pt-PT","potentialAction":[{"@type":"ReadAction","target":["https:\/\/velovitamine.fr\/event\/velo-et-vin-balade-oenologique-cote-de-beaune-1er-cru-grand-cru-1-2-journee-2\/"]}]},{"@type":"ImageObject","inLanguage":"pt-PT","@id":"https:\/\/velovitamine.fr\/event\/velo-et-vin-balade-oenologique-cote-de-beaune-1er-cru-grand-cru-1-2-journee-2\/#primaryimage","url":"https:\/\/velovitamine.fr\/wp-content\/uploads\/2026\/02\/Balade-Grand-Cru-Groupe-Bourgogne-sept-2024-3.jpg","contentUrl":"https:\/\/velovitamine.fr\/wp-content\/uploads\/2026\/02\/Balade-Grand-Cru-Groupe-Bourgogne-sept-2024-3.jpg","width":640,"height":424},{"@type":"BreadcrumbList","@id":"https:\/\/velovitamine.fr\/event\/velo-et-vin-balade-oenologique-cote-de-beaune-1er-cru-grand-cru-1-2-journee-2\/#breadcrumb","itemListElement":[{"@type":"ListItem","position":1,"name":"Accueil","item":"https:\/\/velovitamine.fr\/"},{"@type":"ListItem","position":2,"name":"\u00c9v\u00e8nements","item":"https:\/\/velovitamine.fr\/events\/"},{"@type":"ListItem","position":3,"name":"V\u00e9lo et vin &#8211; Balade Oenologique C\u00f4te de Beaune Grand cru &#8211; 1\/2 journ\u00e9e &#8211;"}]},{"@type":"WebSite","@id":"https:\/\/velovitamine.fr\/#website","url":"https:\/\/velovitamine.fr\/","name":"Velovitamine.fr","description":"(FR) Un site qui roule...","publisher":{"@id":"https:\/\/velovitamine.fr\/#organization"},"potentialAction":[{"@type":"SearchAction","target":{"@type":"EntryPoint","urlTemplate":"https:\/\/velovitamine.fr\/?s={search_term_string}"},"query-input":{"@type":"PropertyValueSpecification","valueRequired":true,"valueName":"search_term_string"}}],"inLanguage":"pt-PT"},{"@type":"Organization","@id":"https:\/\/velovitamine.fr\/#organization","name":"Velovitamine","url":"https:\/\/velovitamine.fr\/","logo":{"@type":"ImageObject","inLanguage":"pt-PT","@id":"https:\/\/velovitamine.fr\/#\/schema\/logo\/image\/","url":"https:\/\/velovitamine.fr\/wp-content\/uploads\/2014\/10\/cropped-logo1-e1444671967804.jpg","contentUrl":"https:\/\/velovitamine.fr\/wp-content\/uploads\/2014\/10\/cropped-logo1-e1444671967804.jpg","width":512,"height":512,"caption":"Velovitamine"},"image":{"@id":"https:\/\/velovitamine.fr\/#\/schema\/logo\/image\/"}}]}},"_links":{"self":[{"href":"https:\/\/velovitamine.fr\/pt\/wp-json\/wp\/v2\/tribe_events\/261043","targetHints":{"allow":["GET"]}}],"collection":[{"href":"https:\/\/velovitamine.fr\/pt\/wp-json\/wp\/v2\/tribe_events"}],"about":[{"href":"https:\/\/velovitamine.fr\/pt\/wp-json\/wp\/v2\/types\/tribe_events"}],"author":[{"embeddable":true,"href":"https:\/\/velovitamine.fr\/pt\/wp-json\/wp\/v2\/users\/2"}],"version-history":[{"count":15,"href":"https:\/\/velovitamine.fr\/pt\/wp-json\/wp\/v2\/tribe_events\/261043\/revisions"}],"predecessor-version":[{"id":261064,"href":"https:\/\/velovitamine.fr\/pt\/wp-json\/wp\/v2\/tribe_events\/261043\/revisions\/261064"}],"wp:featuredmedia":[{"embeddable":true,"href":"https:\/\/velovitamine.fr\/pt\/wp-json\/wp\/v2\/media\/260984"}],"wp:attachment":[{"href":"https:\/\/velovitamine.fr\/pt\/wp-json\/wp\/v2\/media?parent=261043"}],"wp:term":[{"taxonomy":"post_tag","embeddable":true,"href":"https:\/\/velovitamine.fr\/pt\/wp-json\/wp\/v2\/tags?post=261043"},{"taxonomy":"tribe_events_cat","embeddable":true,"href":"https:\/\/velovitamine.fr\/pt\/wp-json\/wp\/v2\/tribe_events_cat?post=261043"}],"curies":[{"name":"wp","href":"https:\/\/api.w.org\/{rel}","templated":true}]}}