{"id":260876,"date":"2026-01-22T14:03:39","date_gmt":"2026-01-22T12:03:39","guid":{"rendered":"https:\/\/velovitamine.fr\/?post_type=tribe_events&#038;p=260876"},"modified":"2026-01-30T17:22:19","modified_gmt":"2026-01-30T15:22:19","slug":"velo-et-vin-balade-oenologique-cote-de-beaune-1er-cru-grand-cru-1-2-journee","status":"publish","type":"tribe_events","link":"https:\/\/velovitamine.fr\/pt\/event\/velo-et-vin-balade-oenologique-cote-de-beaune-1er-cru-grand-cru-1-2-journee\/","title":{"rendered":"(FR) <br>V\u00e9lo et vin &#8211; Balade Oenologique C\u00f4te de Beaune Grand cru &#8211; 1\/2 journ\u00e9e -"},"content":{"rendered":"<p class=\"qtranxs-available-languages-message qtranxs-available-languages-message-pt\">Lamentamos, este artigo est\u00e1 dispon\u00edvel apenas em <a href=\"https:\/\/velovitamine.fr\/fr\/wp-json\/wp\/v2\/tribe_events\/260876\" class=\"qtranxs-available-language-link qtranxs-available-language-link-fr\" title=\"FR\">FR<\/a> and <a href=\"https:\/\/velovitamine.fr\/en\/wp-json\/wp\/v2\/tribe_events\/260876\" class=\"qtranxs-available-language-link qtranxs-available-language-link-en\" title=\"EN\">EN<\/a>. Por uma quest\u00e3o de conveni\u00eancia para o utilizador, o conte\u00fado \u00e9 mostrado abaixo no idioma por omiss\u00e3o para este site. Pode clicar numa das liga\u00e7\u00f5es para mudar o site para outro idioma dispon\u00edvel.<\/p><p><\/p>\n<h3>Activit\u00e9 v\u00e9lo sur la C\u00f4te de Beaune Grand cru au d\u00e9part de Pommard\/Beaune.<\/h3>\n<p><img fetchpriority=\"high\" decoding=\"async\" class=\" wp-image-2262 alignleft\" src=\"http:\/\/velovitamine.fr\/wp-content\/uploads\/2018\/04\/Balade-oenologique-pause-goumet-velovitamine-300x175.jpg\" alt=\"Balade-oenologique-pause-goumet-velovitamine\" width=\"298\" height=\"174\" srcset=\"https:\/\/velovitamine.fr\/wp-content\/uploads\/2018\/04\/Balade-oenologique-pause-goumet-velovitamine-300x175.jpg 300w, https:\/\/velovitamine.fr\/wp-content\/uploads\/2018\/04\/Balade-oenologique-pause-goumet-velovitamine-768x449.jpg 768w, https:\/\/velovitamine.fr\/wp-content\/uploads\/2018\/04\/Balade-oenologique-pause-goumet-velovitamine-1024x599.jpg 1024w, https:\/\/velovitamine.fr\/wp-content\/uploads\/2018\/04\/Balade-oenologique-pause-goumet-velovitamine.jpg 1165w\" sizes=\"(max-width: 298px) 100vw, 298px\" \/>Immersion en Bourgogne : v\u00e9lo, paysages &amp; d\u00e9gustation. Encadr\u00e9 par votre moniteur, vous traverserez les clos, parcelles et villages de vignerons depuis Pommard pour rejoindre Puligny Montrachet. Au menu villages de Volnay, Meursault et ses ruelles mur\u00e9es de pierres de Bourgogne, Clos Santenots, les Charmes dessus, Clos des Meix, les Perri\u00e8res,\u00a0 Blagny &#8230; les grands crus de Batard-Montrachet&#8230;. et une d\u00e9gustation dans les vignes en milieu de parcours !<br \/>\n<strong style=\"font-size: 16px;\">Compris, cl\u00e9 en main : Votre moniteur, guide + la balade + le v\u00e9lo + la d\u00e9gustation<\/strong><\/p>\n<p><strong>D\u00e9gustation\u00a0<\/strong><strong>&#8220;Prestige&#8221;<\/strong> 3 vins de propri\u00e9t\u00e9 s\u00e9lectionn\u00e9s par mes soins (<strong><em>AOC R\u00e9gionale, AOC Village&#8230; dont un 1er Cru<\/em>)<\/strong> ou<strong> d\u00e9gustation &#8220;D\u00e9couverte&#8221; <\/strong><strong>:<\/strong>\u00a0 2 vins de Bourgogne.<\/p>\n<h4><strong><span style=\"text-decoration: underline;\">Tarif activit\u00e9 + d\u00e9gustation au choix :<\/span><\/strong><strong>\u00a0 \u00a059\u20ac\/pers (2 vins) 65 \u20ac\/pers (3 vins)<\/strong><\/h4>\n<p><strong>\u00a0<\/strong>soit\u00a0 49\u20ac\/pers\u00a0 + prix \u20ac\/pers avec d\u00e9gustation (3 vins).<br \/>\n<span style=\"text-decoration: underline;\">Tarif activit\u00e9 sans d\u00e9gustation :<\/span>\u00a0 \u00a049 \u20ac\/pers<\/p>\n<p><strong><br \/>\nDur\u00e9e :<\/strong> 2 h \u00e0 3 h pauses, explications vins &amp; terroirs,\u00a0 d\u00e9gustation vins de Bourgogne incluse.<\/p>\n<p><strong>Parcours :<\/strong> plat sur une boucle adapt\u00e9e \u00e0 tout public.<\/p>\n<p><strong>Equipement fourni :<\/strong> V\u00e9lo confort, casque, bouteille d&#8217;eau.<\/p>\n<p><strong>Option v\u00e9lo \u00e9lectrique (haute saison) :<\/strong> + 17 \u20ac<\/p>\n<p><strong>RDV :<\/strong> A 14 h30 &#8211; Au parking de l&#8217;\u00e9glise de Pommard.<\/p>\n<p><strong>PS :<\/strong> Au choix avec ou sans d\u00e9gustation de vin, possibilit\u00e9 de balade simple accompagn\u00e9e dans le vignoble.<\/p>\n<p><strong>M\u00e9t\u00e9o pr\u00e9vue, annonc\u00e9e :<\/strong> &#8220;Bourgeon en Avril, Met peu de vin en baril&#8221; &#8211; &#8220;P\u00e2ques t\u00f4t, P\u00e2ques tard La bourre y part.&#8221; Les beaux jours ensoleill\u00e9s sont de retour, mais gardez un foulard pr\u00e8s de vous, un vent frais est parfois pr\u00e9visible en fin d&#8217;apr\u00e8s midi. La p\u00e9riode des 5 glaces n&#8217;est pas encore pass\u00e9e !<\/p>\n<p><strong>Equipements\/habits \u00e0 pr\u00e9voir :<\/strong> Tenue d\u00e9contract\u00e9e, lunettes de soleil, sweet, foulard\/\u00e9charpe.<\/p>\n<p><strong>Information &#8211; R\u00e9servation &#8211; Inscription : <\/strong><\/p>\n<p><strong>&#8211; par t\u00e9l\u00e9phone au 06 74 59 70 64 <\/strong>ou<\/p>\n<p><strong>&#8211; par mail\u00a0<\/strong><strong>sur lien suivant :<\/strong>\u00a0<span style=\"color: #993300;\"><a style=\"color: #993300;\" href=\"\/contact-2\/\" rel=\"noopener noreferrer\"><span class=\"littel_space\">Demande en ligne<\/span><\/a>\u00a0<\/span> (indiquez vos tailles pour les v\u00e9los ; exemple : F 1,63m\/H1,78m )<strong>\u00a0<\/strong><\/p>\n<p>&nbsp;<\/p>\n<p><strong>Aper\u00e7u Vid\u00e9o<\/strong> d&#8217;une balade Oenologique :\u00a0 \u00a0<a href=\"https:\/\/www.youtube.com\/watch?v=pKuVakRvksM&amp;ab_channel=VELOVITAMINE\" target=\"_blank\" rel=\"noopener\"> Cliquez ici<\/a><\/p>\n<p><img decoding=\"async\" class=\"wp-image-2544 alignleft\" src=\"https:\/\/velovitamine.fr\/wp-content\/uploads\/2019\/02\/balade-oeno-grand-cru-activite-velo-gevrey-chambertin-velovitamine-2018-300x200.png\" alt=\"\" width=\"249\" height=\"166\" srcset=\"https:\/\/velovitamine.fr\/wp-content\/uploads\/2019\/02\/balade-oeno-grand-cru-activite-velo-gevrey-chambertin-velovitamine-2018-300x200.png 300w, https:\/\/velovitamine.fr\/wp-content\/uploads\/2019\/02\/balade-oeno-grand-cru-activite-velo-gevrey-chambertin-velovitamine-2018.png 600w\" sizes=\"(max-width: 249px) 100vw, 249px\" \/>\u00a0<img decoding=\"async\" class=\"wp-image-75 alignleft\" src=\"https:\/\/velovitamine.fr\/wp-content\/uploads\/2014\/10\/P80720612-300x225.jpg\" alt=\"balade oenologique \u00e0 v\u00e9lo\" width=\"225\" height=\"169\" srcset=\"https:\/\/velovitamine.fr\/wp-content\/uploads\/2014\/10\/P80720612-300x225.jpg 300w, https:\/\/velovitamine.fr\/wp-content\/uploads\/2014\/10\/P80720612.jpg 1000w\" sizes=\"(max-width: 225px) 100vw, 225px\" \/><\/p>\n<h3><\/h3>\n<h5>Entre amis, copains, familles, individuels. Venez partager l&#8217;exploration et la d\u00e9couverte du vignoble en toute convivialit\u00e9 et bonne humeur. Que vous partagiez en groupe ou restiez contempler personnellement le paysage en fin de file, tout n&#8217;est qu&#8217;un choix de prendre son temps de vivre.<\/h5>\n<p><\/p>","protected":false},"excerpt":{"rendered":"<p>Lamentamos, este artigo est\u00e1 dispon\u00edvel apenas em FR and EN. Por uma quest\u00e3o de conveni\u00eancia para o utilizador, o conte\u00fado \u00e9 mostrado abaixo no idioma por omiss\u00e3o para este site. [&hellip;]<\/p>\n","protected":false},"author":2,"featured_media":260224,"template":"","meta":{"_monsterinsights_skip_tracking":false,"_monsterinsights_sitenote_active":false,"_monsterinsights_sitenote_note":"","_monsterinsights_sitenote_category":0,"site-sidebar-layout":"default","site-content-layout":"","ast-site-content-layout":"default","site-content-style":"default","site-sidebar-style":"default","ast-global-header-display":"","ast-banner-title-visibility":"","ast-main-header-display":"","ast-hfb-above-header-display":"","ast-hfb-below-header-display":"","ast-hfb-mobile-header-display":"","site-post-title":"","ast-breadcrumbs-content":"","ast-featured-img":"","footer-sml-layout":"","ast-disable-related-posts":"","theme-transparent-header-meta":"default","adv-header-id-meta":"","stick-header-meta":"","header-above-stick-meta":"","header-main-stick-meta":"","header-below-stick-meta":"","astra-migrate-meta-layouts":"set","ast-page-background-enabled":"default","ast-page-background-meta":{"desktop":{"background-color":"","background-image":"","background-repeat":"repeat","background-position":"center center","background-size":"auto","background-attachment":"scroll","background-type":"","background-media":"","overlay-type":"","overlay-color":"","overlay-opacity":"","overlay-gradient":""},"tablet":{"background-color":"","background-image":"","background-repeat":"repeat","background-position":"center center","background-size":"auto","background-attachment":"scroll","background-type":"","background-media":"","overlay-type":"","overlay-color":"","overlay-opacity":"","overlay-gradient":""},"mobile":{"background-color":"","background-image":"","background-repeat":"repeat","background-position":"center center","background-size":"auto","background-attachment":"scroll","background-type":"","background-media":"","overlay-type":"","overlay-color":"","overlay-opacity":"","overlay-gradient":""}},"ast-content-background-meta":{"desktop":{"background-color":"var(--ast-global-color-5)","background-image":"","background-repeat":"repeat","background-position":"center center","background-size":"auto","background-attachment":"scroll","background-type":"","background-media":"","overlay-type":"","overlay-color":"","overlay-opacity":"","overlay-gradient":""},"tablet":{"background-color":"var(--ast-global-color-5)","background-image":"","background-repeat":"repeat","background-position":"center center","background-size":"auto","background-attachment":"scroll","background-type":"","background-media":"","overlay-type":"","overlay-color":"","overlay-opacity":"","overlay-gradient":""},"mobile":{"background-color":"var(--ast-global-color-5)","background-image":"","background-repeat":"repeat","background-position":"center center","background-size":"auto","background-attachment":"scroll","background-type":"","background-media":"","overlay-type":"","overlay-color":"","overlay-opacity":"","overlay-gradient":""}},"_tribe_events_status":"","_tribe_events_status_reason":"","footnotes":""},"tags":[],"tribe_events_cat":[53,67,68,24,52],"class_list":["post-260876","tribe_events","type-tribe_events","status-publish","has-post-thumbnail","hentry","tribe_events_cat-vtc","tribe_events_cat-loisir","tribe_events_cat-detente","tribe_events_cat-familliale","tribe_events_cat-adultes","cat_vtc","cat_loisir","cat_detente","cat_familliale","cat_adultes"],"yoast_head":"<!-- This site is optimized with the Yoast SEO plugin v27.2 - https:\/\/yoast.com\/product\/yoast-seo-wordpress\/ -->\n<title>Activit\u00e9 vin et v\u00e9lo, balade et d\u00e9gustation week end en bourgogne<\/title>\n<meta name=\"description\" content=\"Activit\u00e9, Dijon, Nuits, Beaune. Balade v\u00e9lo ou \u00e9lectrique et d\u00e9gustation vins. Un guide pour vous accompagner au fil des villages de vignerons...\" \/>\n<meta name=\"robots\" content=\"index, follow, max-snippet:-1, max-image-preview:large, max-video-preview:-1\" \/>\n<link rel=\"canonical\" href=\"https:\/\/velovitamine.fr\/event\/velo-et-vin-balade-oenologique-cote-de-beaune-1er-cru-grand-cru-1-2-journee\/\" \/>\n<meta property=\"og:locale\" content=\"pt_PT\" \/>\n<meta property=\"og:type\" content=\"article\" \/>\n<meta property=\"og:title\" content=\"Activit\u00e9 vin et v\u00e9lo, balade et d\u00e9gustation week end en bourgogne\" \/>\n<meta property=\"og:description\" content=\"Activit\u00e9, Dijon, Nuits, Beaune. Balade v\u00e9lo ou \u00e9lectrique et d\u00e9gustation vins. Un guide pour vous accompagner au fil des villages de vignerons...\" \/>\n<meta property=\"og:url\" content=\"https:\/\/velovitamine.fr\/event\/velo-et-vin-balade-oenologique-cote-de-beaune-1er-cru-grand-cru-1-2-journee\/\" \/>\n<meta property=\"og:site_name\" content=\"Velovitamine.fr\" \/>\n<meta property=\"article:modified_time\" content=\"2026-01-30T15:22:19+00:00\" \/>\n<meta property=\"og:image\" content=\"https:\/\/velovitamine.fr\/wp-content\/uploads\/2025\/02\/Jura-degustation-et-decouverte-a-velo-du-vignoble-ses-payasges-ses-vins-naturels-et-son-Vin-Jaune-velovitamine-44-scaled.jpg\" \/>\n\t<meta property=\"og:image:width\" content=\"2560\" \/>\n\t<meta property=\"og:image:height\" content=\"1920\" \/>\n\t<meta property=\"og:image:type\" content=\"image\/jpeg\" \/>\n<meta name=\"twitter:card\" content=\"summary_large_image\" \/>\n<meta name=\"twitter:label1\" content=\"Tempo estimado de leitura\" \/>\n\t<meta name=\"twitter:data1\" content=\"3 minutos\" \/>\n<script type=\"application\/ld+json\" class=\"yoast-schema-graph\">{\"@context\":\"https:\/\/schema.org\",\"@graph\":[{\"@type\":\"WebPage\",\"@id\":\"https:\/\/velovitamine.fr\/event\/velo-et-vin-balade-oenologique-cote-de-beaune-1er-cru-grand-cru-1-2-journee\/\",\"url\":\"https:\/\/velovitamine.fr\/event\/velo-et-vin-balade-oenologique-cote-de-beaune-1er-cru-grand-cru-1-2-journee\/\",\"name\":\"Activit\u00e9 vin et v\u00e9lo, balade et d\u00e9gustation week end en bourgogne\",\"isPartOf\":{\"@id\":\"https:\/\/velovitamine.fr\/#website\"},\"primaryImageOfPage\":{\"@id\":\"https:\/\/velovitamine.fr\/event\/velo-et-vin-balade-oenologique-cote-de-beaune-1er-cru-grand-cru-1-2-journee\/#primaryimage\"},\"image\":{\"@id\":\"https:\/\/velovitamine.fr\/event\/velo-et-vin-balade-oenologique-cote-de-beaune-1er-cru-grand-cru-1-2-journee\/#primaryimage\"},\"thumbnailUrl\":\"https:\/\/velovitamine.fr\/wp-content\/uploads\/2025\/02\/Jura-degustation-et-decouverte-a-velo-du-vignoble-ses-payasges-ses-vins-naturels-et-son-Vin-Jaune-velovitamine-44-scaled.jpg\",\"datePublished\":\"2026-01-22T12:03:39+00:00\",\"dateModified\":\"2026-01-30T15:22:19+00:00\",\"description\":\"Activit\u00e9, Dijon, Nuits, Beaune. Balade v\u00e9lo ou \u00e9lectrique et d\u00e9gustation vins. Un guide pour vous accompagner au fil des villages de vignerons...\",\"breadcrumb\":{\"@id\":\"https:\/\/velovitamine.fr\/event\/velo-et-vin-balade-oenologique-cote-de-beaune-1er-cru-grand-cru-1-2-journee\/#breadcrumb\"},\"inLanguage\":\"pt-PT\",\"potentialAction\":[{\"@type\":\"ReadAction\",\"target\":[\"https:\/\/velovitamine.fr\/event\/velo-et-vin-balade-oenologique-cote-de-beaune-1er-cru-grand-cru-1-2-journee\/\"]}]},{\"@type\":\"ImageObject\",\"inLanguage\":\"pt-PT\",\"@id\":\"https:\/\/velovitamine.fr\/event\/velo-et-vin-balade-oenologique-cote-de-beaune-1er-cru-grand-cru-1-2-journee\/#primaryimage\",\"url\":\"https:\/\/velovitamine.fr\/wp-content\/uploads\/2025\/02\/Jura-degustation-et-decouverte-a-velo-du-vignoble-ses-payasges-ses-vins-naturels-et-son-Vin-Jaune-velovitamine-44-scaled.jpg\",\"contentUrl\":\"https:\/\/velovitamine.fr\/wp-content\/uploads\/2025\/02\/Jura-degustation-et-decouverte-a-velo-du-vignoble-ses-payasges-ses-vins-naturels-et-son-Vin-Jaune-velovitamine-44-scaled.jpg\",\"width\":2560,\"height\":1920},{\"@type\":\"BreadcrumbList\",\"@id\":\"https:\/\/velovitamine.fr\/event\/velo-et-vin-balade-oenologique-cote-de-beaune-1er-cru-grand-cru-1-2-journee\/#breadcrumb\",\"itemListElement\":[{\"@type\":\"ListItem\",\"position\":1,\"name\":\"Accueil\",\"item\":\"https:\/\/velovitamine.fr\/\"},{\"@type\":\"ListItem\",\"position\":2,\"name\":\"\u00c9v\u00e8nements\",\"item\":\"https:\/\/velovitamine.fr\/events\/\"},{\"@type\":\"ListItem\",\"position\":3,\"name\":\"V\u00e9lo et vin &#8211; Balade Oenologique C\u00f4te de Beaune Grand cru &#8211; 1\/2 journ\u00e9e &#8211;\"}]},{\"@type\":\"WebSite\",\"@id\":\"https:\/\/velovitamine.fr\/#website\",\"url\":\"https:\/\/velovitamine.fr\/\",\"name\":\"Velovitamine.fr\",\"description\":\"(FR) Un site qui roule...\",\"publisher\":{\"@id\":\"https:\/\/velovitamine.fr\/#organization\"},\"potentialAction\":[{\"@type\":\"SearchAction\",\"target\":{\"@type\":\"EntryPoint\",\"urlTemplate\":\"https:\/\/velovitamine.fr\/?s={search_term_string}\"},\"query-input\":{\"@type\":\"PropertyValueSpecification\",\"valueRequired\":true,\"valueName\":\"search_term_string\"}}],\"inLanguage\":\"pt-PT\"},{\"@type\":\"Organization\",\"@id\":\"https:\/\/velovitamine.fr\/#organization\",\"name\":\"Velovitamine\",\"url\":\"https:\/\/velovitamine.fr\/\",\"logo\":{\"@type\":\"ImageObject\",\"inLanguage\":\"pt-PT\",\"@id\":\"https:\/\/velovitamine.fr\/#\/schema\/logo\/image\/\",\"url\":\"https:\/\/velovitamine.fr\/wp-content\/uploads\/2014\/10\/cropped-logo1-e1444671967804.jpg\",\"contentUrl\":\"https:\/\/velovitamine.fr\/wp-content\/uploads\/2014\/10\/cropped-logo1-e1444671967804.jpg\",\"width\":512,\"height\":512,\"caption\":\"Velovitamine\"},\"image\":{\"@id\":\"https:\/\/velovitamine.fr\/#\/schema\/logo\/image\/\"}}]}<\/script>\n<!-- \/ Yoast SEO plugin. -->","yoast_head_json":{"title":"Activit\u00e9 vin et v\u00e9lo, balade et d\u00e9gustation week end en bourgogne","description":"Activit\u00e9, Dijon, Nuits, Beaune. Balade v\u00e9lo ou \u00e9lectrique et d\u00e9gustation vins. Un guide pour vous accompagner au fil des villages de vignerons...","robots":{"index":"index","follow":"follow","max-snippet":"max-snippet:-1","max-image-preview":"max-image-preview:large","max-video-preview":"max-video-preview:-1"},"canonical":"https:\/\/velovitamine.fr\/event\/velo-et-vin-balade-oenologique-cote-de-beaune-1er-cru-grand-cru-1-2-journee\/","og_locale":"pt_PT","og_type":"article","og_title":"Activit\u00e9 vin et v\u00e9lo, balade et d\u00e9gustation week end en bourgogne","og_description":"Activit\u00e9, Dijon, Nuits, Beaune. Balade v\u00e9lo ou \u00e9lectrique et d\u00e9gustation vins. Un guide pour vous accompagner au fil des villages de vignerons...","og_url":"https:\/\/velovitamine.fr\/event\/velo-et-vin-balade-oenologique-cote-de-beaune-1er-cru-grand-cru-1-2-journee\/","og_site_name":"Velovitamine.fr","article_modified_time":"2026-01-30T15:22:19+00:00","og_image":[{"width":2560,"height":1920,"url":"https:\/\/velovitamine.fr\/wp-content\/uploads\/2025\/02\/Jura-degustation-et-decouverte-a-velo-du-vignoble-ses-payasges-ses-vins-naturels-et-son-Vin-Jaune-velovitamine-44-scaled.jpg","type":"image\/jpeg"}],"twitter_card":"summary_large_image","twitter_misc":{"Tempo estimado de leitura":"3 minutos"},"schema":{"@context":"https:\/\/schema.org","@graph":[{"@type":"WebPage","@id":"https:\/\/velovitamine.fr\/event\/velo-et-vin-balade-oenologique-cote-de-beaune-1er-cru-grand-cru-1-2-journee\/","url":"https:\/\/velovitamine.fr\/event\/velo-et-vin-balade-oenologique-cote-de-beaune-1er-cru-grand-cru-1-2-journee\/","name":"Activit\u00e9 vin et v\u00e9lo, balade et d\u00e9gustation week end en bourgogne","isPartOf":{"@id":"https:\/\/velovitamine.fr\/#website"},"primaryImageOfPage":{"@id":"https:\/\/velovitamine.fr\/event\/velo-et-vin-balade-oenologique-cote-de-beaune-1er-cru-grand-cru-1-2-journee\/#primaryimage"},"image":{"@id":"https:\/\/velovitamine.fr\/event\/velo-et-vin-balade-oenologique-cote-de-beaune-1er-cru-grand-cru-1-2-journee\/#primaryimage"},"thumbnailUrl":"https:\/\/velovitamine.fr\/wp-content\/uploads\/2025\/02\/Jura-degustation-et-decouverte-a-velo-du-vignoble-ses-payasges-ses-vins-naturels-et-son-Vin-Jaune-velovitamine-44-scaled.jpg","datePublished":"2026-01-22T12:03:39+00:00","dateModified":"2026-01-30T15:22:19+00:00","description":"Activit\u00e9, Dijon, Nuits, Beaune. Balade v\u00e9lo ou \u00e9lectrique et d\u00e9gustation vins. Un guide pour vous accompagner au fil des villages de vignerons...","breadcrumb":{"@id":"https:\/\/velovitamine.fr\/event\/velo-et-vin-balade-oenologique-cote-de-beaune-1er-cru-grand-cru-1-2-journee\/#breadcrumb"},"inLanguage":"pt-PT","potentialAction":[{"@type":"ReadAction","target":["https:\/\/velovitamine.fr\/event\/velo-et-vin-balade-oenologique-cote-de-beaune-1er-cru-grand-cru-1-2-journee\/"]}]},{"@type":"ImageObject","inLanguage":"pt-PT","@id":"https:\/\/velovitamine.fr\/event\/velo-et-vin-balade-oenologique-cote-de-beaune-1er-cru-grand-cru-1-2-journee\/#primaryimage","url":"https:\/\/velovitamine.fr\/wp-content\/uploads\/2025\/02\/Jura-degustation-et-decouverte-a-velo-du-vignoble-ses-payasges-ses-vins-naturels-et-son-Vin-Jaune-velovitamine-44-scaled.jpg","contentUrl":"https:\/\/velovitamine.fr\/wp-content\/uploads\/2025\/02\/Jura-degustation-et-decouverte-a-velo-du-vignoble-ses-payasges-ses-vins-naturels-et-son-Vin-Jaune-velovitamine-44-scaled.jpg","width":2560,"height":1920},{"@type":"BreadcrumbList","@id":"https:\/\/velovitamine.fr\/event\/velo-et-vin-balade-oenologique-cote-de-beaune-1er-cru-grand-cru-1-2-journee\/#breadcrumb","itemListElement":[{"@type":"ListItem","position":1,"name":"Accueil","item":"https:\/\/velovitamine.fr\/"},{"@type":"ListItem","position":2,"name":"\u00c9v\u00e8nements","item":"https:\/\/velovitamine.fr\/events\/"},{"@type":"ListItem","position":3,"name":"V\u00e9lo et vin &#8211; Balade Oenologique C\u00f4te de Beaune Grand cru &#8211; 1\/2 journ\u00e9e &#8211;"}]},{"@type":"WebSite","@id":"https:\/\/velovitamine.fr\/#website","url":"https:\/\/velovitamine.fr\/","name":"Velovitamine.fr","description":"(FR) Un site qui roule...","publisher":{"@id":"https:\/\/velovitamine.fr\/#organization"},"potentialAction":[{"@type":"SearchAction","target":{"@type":"EntryPoint","urlTemplate":"https:\/\/velovitamine.fr\/?s={search_term_string}"},"query-input":{"@type":"PropertyValueSpecification","valueRequired":true,"valueName":"search_term_string"}}],"inLanguage":"pt-PT"},{"@type":"Organization","@id":"https:\/\/velovitamine.fr\/#organization","name":"Velovitamine","url":"https:\/\/velovitamine.fr\/","logo":{"@type":"ImageObject","inLanguage":"pt-PT","@id":"https:\/\/velovitamine.fr\/#\/schema\/logo\/image\/","url":"https:\/\/velovitamine.fr\/wp-content\/uploads\/2014\/10\/cropped-logo1-e1444671967804.jpg","contentUrl":"https:\/\/velovitamine.fr\/wp-content\/uploads\/2014\/10\/cropped-logo1-e1444671967804.jpg","width":512,"height":512,"caption":"Velovitamine"},"image":{"@id":"https:\/\/velovitamine.fr\/#\/schema\/logo\/image\/"}}]}},"_links":{"self":[{"href":"https:\/\/velovitamine.fr\/pt\/wp-json\/wp\/v2\/tribe_events\/260876","targetHints":{"allow":["GET"]}}],"collection":[{"href":"https:\/\/velovitamine.fr\/pt\/wp-json\/wp\/v2\/tribe_events"}],"about":[{"href":"https:\/\/velovitamine.fr\/pt\/wp-json\/wp\/v2\/types\/tribe_events"}],"author":[{"embeddable":true,"href":"https:\/\/velovitamine.fr\/pt\/wp-json\/wp\/v2\/users\/2"}],"version-history":[{"count":6,"href":"https:\/\/velovitamine.fr\/pt\/wp-json\/wp\/v2\/tribe_events\/260876\/revisions"}],"predecessor-version":[{"id":260921,"href":"https:\/\/velovitamine.fr\/pt\/wp-json\/wp\/v2\/tribe_events\/260876\/revisions\/260921"}],"wp:featuredmedia":[{"embeddable":true,"href":"https:\/\/velovitamine.fr\/pt\/wp-json\/wp\/v2\/media\/260224"}],"wp:attachment":[{"href":"https:\/\/velovitamine.fr\/pt\/wp-json\/wp\/v2\/media?parent=260876"}],"wp:term":[{"taxonomy":"post_tag","embeddable":true,"href":"https:\/\/velovitamine.fr\/pt\/wp-json\/wp\/v2\/tags?post=260876"},{"taxonomy":"tribe_events_cat","embeddable":true,"href":"https:\/\/velovitamine.fr\/pt\/wp-json\/wp\/v2\/tribe_events_cat?post=260876"}],"curies":[{"name":"wp","href":"https:\/\/api.w.org\/{rel}","templated":true}]}}