{"id":307,"date":"2015-11-18T12:25:06","date_gmt":"2015-11-18T10:25:06","guid":{"rendered":"http:\/\/velovitamine.fr\/?page_id=307"},"modified":"2026-01-09T20:32:24","modified_gmt":"2026-01-09T18:32:24","slug":"qui-sommes-nous-velovitamine","status":"publish","type":"page","link":"https:\/\/velovitamine.fr\/es\/qui-sommes-nous-velovitamine\/","title":{"rendered":"(FR) Qui suis-je ?"},"content":{"rendered":"<p class=\"qtranxs-available-languages-message qtranxs-available-languages-message-es\">Disculpa, pero esta entrada est\u00e1 disponible s\u00f3lo en <a href=\"https:\/\/velovitamine.fr\/fr\/wp-json\/wp\/v2\/pages\/307\" class=\"qtranxs-available-language-link qtranxs-available-language-link-fr\" title=\"FR\">FR<\/a> y <a href=\"https:\/\/velovitamine.fr\/en\/wp-json\/wp\/v2\/pages\/307\" class=\"qtranxs-available-language-link qtranxs-available-language-link-en\" title=\"EN\">EN<\/a>. For the sake of viewer convenience, the content is shown below in this site default language. You may click one of the links to switch the site language to another available language.<\/p><h2>\u00a0<\/h2>\r\n<p>&nbsp;<\/p>\r\n<h2 style=\"color: #339966;\"><span style=\"color: #538ab0;\">Ludwig Dagoreau,<\/span><\/h2>\r\n<h3>Moniteur sportif et fondateur de V\u00e9lovitamine.<\/h3>\r\n<p><span style=\"color: #808080;\"><strong>Sp\u00e9cialiste des activit\u00e9s du cyclisme,<\/strong><\/span><br \/><span style=\"color: #808080;\"><strong>Moniteur sportif activit\u00e9s de pleine nature,<\/strong><\/span><br \/><span style=\"color: #808080;\"><strong>Technicien, r\u00e9parateur cycle,<br \/><\/strong><\/span><strong style=\"font-size: 16px; font-style: normal; color: #808080;\">Et ma deuxi\u00e8me casquette : Guide Oenologique.<\/strong><\/p>\r\n<p><img fetchpriority=\"high\" decoding=\"async\" class=\"alignnone size-medium wp-image-2736\" src=\"https:\/\/velovitamine.fr\/wp-content\/uploads\/2019\/05\/VTT-descente-Autun-2018-velovitamine-300x168.jpg\" alt=\"vtt de descente\" width=\"300\" height=\"168\" srcset=\"https:\/\/velovitamine.fr\/wp-content\/uploads\/2019\/05\/VTT-descente-Autun-2018-velovitamine-300x168.jpg 300w, https:\/\/velovitamine.fr\/wp-content\/uploads\/2019\/05\/VTT-descente-Autun-2018-velovitamine-768x431.jpg 768w, https:\/\/velovitamine.fr\/wp-content\/uploads\/2019\/05\/VTT-descente-Autun-2018-velovitamine-1024x575.jpg 1024w\" sizes=\"(max-width: 300px) 100vw, 300px\" \/>\u00a0 \u00a0 \u00a0 \u00a0 \u00a0 \u00a0\u00a0<img decoding=\"async\" class=\"alignnone  wp-image-260825\" style=\"font-style: inherit; font-weight: inherit;\" src=\"https:\/\/velovitamine.fr\/wp-content\/uploads\/2026\/01\/Dijon-city-Tour-2017-3-300x200.jpg\" alt=\"\" width=\"257\" height=\"171\" srcset=\"https:\/\/velovitamine.fr\/wp-content\/uploads\/2026\/01\/Dijon-city-Tour-2017-3-300x200.jpg 300w, https:\/\/velovitamine.fr\/wp-content\/uploads\/2026\/01\/Dijon-city-Tour-2017-3-1024x683.jpg 1024w, https:\/\/velovitamine.fr\/wp-content\/uploads\/2026\/01\/Dijon-city-Tour-2017-3-768x512.jpg 768w, https:\/\/velovitamine.fr\/wp-content\/uploads\/2026\/01\/Dijon-city-Tour-2017-3-1536x1024.jpg 1536w, https:\/\/velovitamine.fr\/wp-content\/uploads\/2026\/01\/Dijon-city-Tour-2017-3-2048x1365.jpg 2048w\" sizes=\"(max-width: 257px) 100vw, 257px\" \/><\/p>\r\n<p style=\"text-align: justify;\">Passionn\u00e9 des sports de plein air, chevronn\u00e9 dans le v\u00e9lo et l\u2019escalade, je pratique aussi la randonn\u00e9e. <br \/>Sensible \u00e0 la nature j\u2019aime la parcourir pour y voir toutes ses richesses cach\u00e9es.<br \/>Fin gourmet mais bon vivant aussi, je vous r\u00e9gale avec tous ces produits de mes artisans locaux.<br \/>Dynamique et motiv\u00e9, je m\u2019engage pleinement dans chaque activit\u00e9 que je propose.<br \/>Mes objectifs : donner envie de se d\u00e9penser, se d\u00e9tendre, tout en apportant mes atouts sportifs.<br \/>Je m\u2019engage \u00e0 vous transmettre des m\u00e9thodes simples et efficaces pour \u00e9voluer dans les activit\u00e9s, ensemble.<br \/>Du d\u00e9but \u00e0 la fin, passer un moment convivial afin que chaque journ\u00e9e soit un vrai plaisir d&#8217;\u00e9vasion.<\/p>\r\n<p>A vos p\u00e9dales, allons-y !<\/p>\r\n<p><img decoding=\"async\" class=\"alignnone wp-image-1578\" src=\"http:\/\/velovitamine.fr\/wp-content\/uploads\/2016\/05\/Votre-Moniteur-Ludwig-1-300x211.jpg\" alt=\"Votre-Moniteur-Ludwig\" width=\"263\" height=\"185\" srcset=\"https:\/\/velovitamine.fr\/wp-content\/uploads\/2016\/05\/Votre-Moniteur-Ludwig-1-300x211.jpg 300w, https:\/\/velovitamine.fr\/wp-content\/uploads\/2016\/05\/Votre-Moniteur-Ludwig-1-640x453.jpg 640w, https:\/\/velovitamine.fr\/wp-content\/uploads\/2016\/05\/Votre-Moniteur-Ludwig-1.jpg 643w\" sizes=\"(max-width: 263px) 100vw, 263px\" \/>\u00a0 \u00a0 \u00a0 \u00a0 \u00a0 \u00a0 \u00a0\u00a0<img loading=\"lazy\" decoding=\"async\" class=\"alignnone  wp-image-260826\" style=\"font-weight: inherit;\" src=\"https:\/\/velovitamine.fr\/wp-content\/uploads\/2026\/01\/photo-loud-MCF-portrait-18-225x300.jpg\" alt=\"\" width=\"155\" height=\"207\" srcset=\"https:\/\/velovitamine.fr\/wp-content\/uploads\/2026\/01\/photo-loud-MCF-portrait-18-225x300.jpg 225w, https:\/\/velovitamine.fr\/wp-content\/uploads\/2026\/01\/photo-loud-MCF-portrait-18-768x1024.jpg 768w, https:\/\/velovitamine.fr\/wp-content\/uploads\/2026\/01\/photo-loud-MCF-portrait-18-1152x1536.jpg 1152w, https:\/\/velovitamine.fr\/wp-content\/uploads\/2026\/01\/photo-loud-MCF-portrait-18-1536x2048.jpg 1536w, https:\/\/velovitamine.fr\/wp-content\/uploads\/2026\/01\/photo-loud-MCF-portrait-18-scaled.jpg 1920w\" sizes=\"(max-width: 155px) 100vw, 155px\" \/><\/p>\r\n<p><strong>Dipl\u00f4mes sportifs :<\/strong><\/p>\r\n<p>BEES Activit\u00e9s du cyclisme,<br \/>BF 3 Entra\u00eeneur<br \/>CQP Technicien cycle + Certification VAE Bosh<br \/>BPJEPS Activit\u00e9s physiques pour tous<br \/>CS Activit\u00e9s de l&#8217;Escalade + Ouvreur r\u00e9gional<br \/>CQP ALS\u00a0 Orientation<br \/>CQ Handisport niv A<\/p>\r\n<p><strong><em><br \/>Autres comp\u00e9tences \u00abfin gourmet &amp; \u00e9picurien\u00bb : <\/em><\/strong><em>Connaissance du territoire pour ces artisans, producteurs&#8230;\u00a0<\/em><strong><em><br \/><\/em><\/strong><em>Produits vinicoles, fromages, boulangers, mara\u00eechers&#8230;\u00a0 <\/em><strong><em><span style=\"color: #993366;\"><a style=\"color: #993366;\" href=\"https:\/\/www.linkedin.com\/in\/ludwig-dagoreau-571272100?\" target=\"_blank\" rel=\"noopener\">\u00a0voir lien LinkedIn ici\u00a0<\/a><\/span><\/em><\/strong><\/p>\r\n<p><strong><em><br \/>Lien articles , interviews, presse, actualit\u00e9 :<span style=\"color: #993366;\"> <a style=\"color: #993366;\" href=\"https:\/\/velovitamine.fr\/article-blog-interview\/\" target=\"_blank\" rel=\"noopener\">voir lien, page\u00a0 ici\u00a0<\/a><\/span><\/em><br \/><br \/>Coordonn\u00e9es :<\/strong><\/p>\r\n<p><span style=\"color: #538ab0;\"><strong>06 74 59 70 64<\/strong><\/span><\/p>\r\n<p><span style=\"color: #339966;\"><a style=\"color: #339966;\" href=\"http:\/\/velovitamine.fr\/contact\/\" target=\"_blank\" rel=\"noopener noreferrer\"><strong><span style=\"color: #008000;\"><span style=\"color: #538ab0;\">velovitamine@gmail.com<\/span><\/span><\/strong><\/a><\/span><\/p>\r\n<p><strong>Velovitamine \u2013 4 rue Clerc \u2013 21350 AVOSNES<\/strong><\/p>\r\n<p>&nbsp;<\/p>\r\n<p>&nbsp;<\/p>","protected":false},"excerpt":{"rendered":"<p>Disculpa, pero esta entrada est\u00e1 disponible s\u00f3lo en FR y EN. For the sake of viewer convenience, the content is shown below in this site default language. You may click [&hellip;]<\/p>\n","protected":false},"author":1,"featured_media":0,"parent":0,"menu_order":0,"comment_status":"closed","ping_status":"closed","template":"","meta":{"_monsterinsights_skip_tracking":false,"_monsterinsights_sitenote_active":false,"_monsterinsights_sitenote_note":"","_monsterinsights_sitenote_category":0,"site-sidebar-layout":"default","site-content-layout":"default","ast-site-content-layout":"default","site-content-style":"default","site-sidebar-style":"default","ast-global-header-display":"","ast-banner-title-visibility":"","ast-main-header-display":"","ast-hfb-above-header-display":"","ast-hfb-below-header-display":"","ast-hfb-mobile-header-display":"","site-post-title":"","ast-breadcrumbs-content":"","ast-featured-img":"","footer-sml-layout":"","ast-disable-related-posts":"","theme-transparent-header-meta":"default","adv-header-id-meta":"","stick-header-meta":"","header-above-stick-meta":"","header-main-stick-meta":"","header-below-stick-meta":"","astra-migrate-meta-layouts":"set","ast-page-background-enabled":"default","ast-page-background-meta":{"desktop":{"background-color":"","background-image":"","background-repeat":"repeat","background-position":"center center","background-size":"auto","background-attachment":"scroll","background-type":"","background-media":"","overlay-type":"","overlay-color":"","overlay-opacity":"","overlay-gradient":""},"tablet":{"background-color":"","background-image":"","background-repeat":"repeat","background-position":"center center","background-size":"auto","background-attachment":"scroll","background-type":"","background-media":"","overlay-type":"","overlay-color":"","overlay-opacity":"","overlay-gradient":""},"mobile":{"background-color":"","background-image":"","background-repeat":"repeat","background-position":"center center","background-size":"auto","background-attachment":"scroll","background-type":"","background-media":"","overlay-type":"","overlay-color":"","overlay-opacity":"","overlay-gradient":""}},"ast-content-background-meta":{"desktop":{"background-color":"var(--ast-global-color-5)","background-image":"","background-repeat":"repeat","background-position":"center center","background-size":"auto","background-attachment":"scroll","background-type":"","background-media":"","overlay-type":"","overlay-color":"","overlay-opacity":"","overlay-gradient":""},"tablet":{"background-color":"var(--ast-global-color-5)","background-image":"","background-repeat":"repeat","background-position":"center center","background-size":"auto","background-attachment":"scroll","background-type":"","background-media":"","overlay-type":"","overlay-color":"","overlay-opacity":"","overlay-gradient":""},"mobile":{"background-color":"var(--ast-global-color-5)","background-image":"","background-repeat":"repeat","background-position":"center center","background-size":"auto","background-attachment":"scroll","background-type":"","background-media":"","overlay-type":"","overlay-color":"","overlay-opacity":"","overlay-gradient":""}},"footnotes":""},"class_list":["post-307","page","type-page","status-publish","hentry"],"yoast_head":"<!-- This site is optimized with the Yoast SEO plugin v27.2 - https:\/\/yoast.com\/product\/yoast-seo-wordpress\/ -->\n<title>Ludwig Dagoreau, Moniteur sportif et fondateur de V\u00e9lovitamine.<\/title>\n<meta name=\"description\" content=\"Ludwig Dagoreau, Moniteur sportif et fondateur de V\u00e9lovitamine. Sp\u00e9cialiste des activit\u00e9s du cyclisme et des activit\u00e9s de pleine nature.\" \/>\n<meta name=\"robots\" content=\"index, follow, max-snippet:-1, max-image-preview:large, max-video-preview:-1\" \/>\n<link rel=\"canonical\" href=\"https:\/\/velovitamine.fr\/qui-sommes-nous-velovitamine\/\" \/>\n<meta property=\"og:locale\" content=\"es_ES\" \/>\n<meta property=\"og:type\" content=\"article\" \/>\n<meta property=\"og:title\" content=\"Ludwig Dagoreau, Moniteur sportif et fondateur de V\u00e9lovitamine.\" \/>\n<meta property=\"og:description\" content=\"Ludwig Dagoreau, Moniteur sportif et fondateur de V\u00e9lovitamine. Sp\u00e9cialiste des activit\u00e9s du cyclisme et des activit\u00e9s de pleine nature.\" \/>\n<meta property=\"og:url\" content=\"https:\/\/velovitamine.fr\/qui-sommes-nous-velovitamine\/\" \/>\n<meta property=\"og:site_name\" content=\"Velovitamine.fr\" \/>\n<meta property=\"article:modified_time\" content=\"2026-01-09T18:32:24+00:00\" \/>\n<meta property=\"og:image\" content=\"https:\/\/velovitamine.fr\/wp-content\/uploads\/2019\/05\/VTT-descente-Autun-2018-velovitamine.jpg\" \/>\n\t<meta property=\"og:image:width\" content=\"4327\" \/>\n\t<meta property=\"og:image:height\" content=\"2430\" \/>\n\t<meta property=\"og:image:type\" content=\"image\/jpeg\" \/>\n<meta name=\"twitter:card\" content=\"summary_large_image\" \/>\n<meta name=\"twitter:label1\" content=\"Tiempo de lectura\" \/>\n\t<meta name=\"twitter:data1\" content=\"2 minutos\" \/>\n<script type=\"application\/ld+json\" class=\"yoast-schema-graph\">{\"@context\":\"https:\/\/schema.org\",\"@graph\":[{\"@type\":\"WebPage\",\"@id\":\"https:\/\/velovitamine.fr\/qui-sommes-nous-velovitamine\/\",\"url\":\"https:\/\/velovitamine.fr\/qui-sommes-nous-velovitamine\/\",\"name\":\"Ludwig Dagoreau, Moniteur sportif et fondateur de V\u00e9lovitamine.\",\"isPartOf\":{\"@id\":\"https:\/\/velovitamine.fr\/#website\"},\"primaryImageOfPage\":{\"@id\":\"https:\/\/velovitamine.fr\/qui-sommes-nous-velovitamine\/#primaryimage\"},\"image\":{\"@id\":\"https:\/\/velovitamine.fr\/qui-sommes-nous-velovitamine\/#primaryimage\"},\"thumbnailUrl\":\"https:\/\/velovitamine.fr\/wp-content\/uploads\/2019\/05\/VTT-descente-Autun-2018-velovitamine-300x168.jpg\",\"datePublished\":\"2015-11-18T10:25:06+00:00\",\"dateModified\":\"2026-01-09T18:32:24+00:00\",\"description\":\"Ludwig Dagoreau, Moniteur sportif et fondateur de V\u00e9lovitamine. Sp\u00e9cialiste des activit\u00e9s du cyclisme et des activit\u00e9s de pleine nature.\",\"breadcrumb\":{\"@id\":\"https:\/\/velovitamine.fr\/qui-sommes-nous-velovitamine\/#breadcrumb\"},\"inLanguage\":\"es\",\"potentialAction\":[{\"@type\":\"ReadAction\",\"target\":[\"https:\/\/velovitamine.fr\/qui-sommes-nous-velovitamine\/\"]}]},{\"@type\":\"ImageObject\",\"inLanguage\":\"es\",\"@id\":\"https:\/\/velovitamine.fr\/qui-sommes-nous-velovitamine\/#primaryimage\",\"url\":\"https:\/\/velovitamine.fr\/wp-content\/uploads\/2019\/05\/VTT-descente-Autun-2018-velovitamine-300x168.jpg\",\"contentUrl\":\"https:\/\/velovitamine.fr\/wp-content\/uploads\/2019\/05\/VTT-descente-Autun-2018-velovitamine-300x168.jpg\"},{\"@type\":\"BreadcrumbList\",\"@id\":\"https:\/\/velovitamine.fr\/qui-sommes-nous-velovitamine\/#breadcrumb\",\"itemListElement\":[{\"@type\":\"ListItem\",\"position\":1,\"name\":\"Accueil\",\"item\":\"https:\/\/velovitamine.fr\/\"},{\"@type\":\"ListItem\",\"position\":2,\"name\":\"Qui suis-je ?\"}]},{\"@type\":\"WebSite\",\"@id\":\"https:\/\/velovitamine.fr\/#website\",\"url\":\"https:\/\/velovitamine.fr\/\",\"name\":\"Velovitamine.fr\",\"description\":\"(FR) Un site qui roule...\",\"publisher\":{\"@id\":\"https:\/\/velovitamine.fr\/#organization\"},\"potentialAction\":[{\"@type\":\"SearchAction\",\"target\":{\"@type\":\"EntryPoint\",\"urlTemplate\":\"https:\/\/velovitamine.fr\/?s={search_term_string}\"},\"query-input\":{\"@type\":\"PropertyValueSpecification\",\"valueRequired\":true,\"valueName\":\"search_term_string\"}}],\"inLanguage\":\"es\"},{\"@type\":\"Organization\",\"@id\":\"https:\/\/velovitamine.fr\/#organization\",\"name\":\"Velovitamine\",\"url\":\"https:\/\/velovitamine.fr\/\",\"logo\":{\"@type\":\"ImageObject\",\"inLanguage\":\"es\",\"@id\":\"https:\/\/velovitamine.fr\/#\/schema\/logo\/image\/\",\"url\":\"https:\/\/velovitamine.fr\/wp-content\/uploads\/2014\/10\/cropped-logo1-e1444671967804.jpg\",\"contentUrl\":\"https:\/\/velovitamine.fr\/wp-content\/uploads\/2014\/10\/cropped-logo1-e1444671967804.jpg\",\"width\":512,\"height\":512,\"caption\":\"Velovitamine\"},\"image\":{\"@id\":\"https:\/\/velovitamine.fr\/#\/schema\/logo\/image\/\"}}]}<\/script>\n<!-- \/ Yoast SEO plugin. -->","yoast_head_json":{"title":"Ludwig Dagoreau, Moniteur sportif et fondateur de V\u00e9lovitamine.","description":"Ludwig Dagoreau, Moniteur sportif et fondateur de V\u00e9lovitamine. Sp\u00e9cialiste des activit\u00e9s du cyclisme et des activit\u00e9s de pleine nature.","robots":{"index":"index","follow":"follow","max-snippet":"max-snippet:-1","max-image-preview":"max-image-preview:large","max-video-preview":"max-video-preview:-1"},"canonical":"https:\/\/velovitamine.fr\/qui-sommes-nous-velovitamine\/","og_locale":"es_ES","og_type":"article","og_title":"Ludwig Dagoreau, Moniteur sportif et fondateur de V\u00e9lovitamine.","og_description":"Ludwig Dagoreau, Moniteur sportif et fondateur de V\u00e9lovitamine. Sp\u00e9cialiste des activit\u00e9s du cyclisme et des activit\u00e9s de pleine nature.","og_url":"https:\/\/velovitamine.fr\/qui-sommes-nous-velovitamine\/","og_site_name":"Velovitamine.fr","article_modified_time":"2026-01-09T18:32:24+00:00","og_image":[{"width":4327,"height":2430,"url":"https:\/\/velovitamine.fr\/wp-content\/uploads\/2019\/05\/VTT-descente-Autun-2018-velovitamine.jpg","type":"image\/jpeg"}],"twitter_card":"summary_large_image","twitter_misc":{"Tiempo de lectura":"2 minutos"},"schema":{"@context":"https:\/\/schema.org","@graph":[{"@type":"WebPage","@id":"https:\/\/velovitamine.fr\/qui-sommes-nous-velovitamine\/","url":"https:\/\/velovitamine.fr\/qui-sommes-nous-velovitamine\/","name":"Ludwig Dagoreau, Moniteur sportif et fondateur de V\u00e9lovitamine.","isPartOf":{"@id":"https:\/\/velovitamine.fr\/#website"},"primaryImageOfPage":{"@id":"https:\/\/velovitamine.fr\/qui-sommes-nous-velovitamine\/#primaryimage"},"image":{"@id":"https:\/\/velovitamine.fr\/qui-sommes-nous-velovitamine\/#primaryimage"},"thumbnailUrl":"https:\/\/velovitamine.fr\/wp-content\/uploads\/2019\/05\/VTT-descente-Autun-2018-velovitamine-300x168.jpg","datePublished":"2015-11-18T10:25:06+00:00","dateModified":"2026-01-09T18:32:24+00:00","description":"Ludwig Dagoreau, Moniteur sportif et fondateur de V\u00e9lovitamine. Sp\u00e9cialiste des activit\u00e9s du cyclisme et des activit\u00e9s de pleine nature.","breadcrumb":{"@id":"https:\/\/velovitamine.fr\/qui-sommes-nous-velovitamine\/#breadcrumb"},"inLanguage":"es","potentialAction":[{"@type":"ReadAction","target":["https:\/\/velovitamine.fr\/qui-sommes-nous-velovitamine\/"]}]},{"@type":"ImageObject","inLanguage":"es","@id":"https:\/\/velovitamine.fr\/qui-sommes-nous-velovitamine\/#primaryimage","url":"https:\/\/velovitamine.fr\/wp-content\/uploads\/2019\/05\/VTT-descente-Autun-2018-velovitamine-300x168.jpg","contentUrl":"https:\/\/velovitamine.fr\/wp-content\/uploads\/2019\/05\/VTT-descente-Autun-2018-velovitamine-300x168.jpg"},{"@type":"BreadcrumbList","@id":"https:\/\/velovitamine.fr\/qui-sommes-nous-velovitamine\/#breadcrumb","itemListElement":[{"@type":"ListItem","position":1,"name":"Accueil","item":"https:\/\/velovitamine.fr\/"},{"@type":"ListItem","position":2,"name":"Qui suis-je ?"}]},{"@type":"WebSite","@id":"https:\/\/velovitamine.fr\/#website","url":"https:\/\/velovitamine.fr\/","name":"Velovitamine.fr","description":"(FR) Un site qui roule...","publisher":{"@id":"https:\/\/velovitamine.fr\/#organization"},"potentialAction":[{"@type":"SearchAction","target":{"@type":"EntryPoint","urlTemplate":"https:\/\/velovitamine.fr\/?s={search_term_string}"},"query-input":{"@type":"PropertyValueSpecification","valueRequired":true,"valueName":"search_term_string"}}],"inLanguage":"es"},{"@type":"Organization","@id":"https:\/\/velovitamine.fr\/#organization","name":"Velovitamine","url":"https:\/\/velovitamine.fr\/","logo":{"@type":"ImageObject","inLanguage":"es","@id":"https:\/\/velovitamine.fr\/#\/schema\/logo\/image\/","url":"https:\/\/velovitamine.fr\/wp-content\/uploads\/2014\/10\/cropped-logo1-e1444671967804.jpg","contentUrl":"https:\/\/velovitamine.fr\/wp-content\/uploads\/2014\/10\/cropped-logo1-e1444671967804.jpg","width":512,"height":512,"caption":"Velovitamine"},"image":{"@id":"https:\/\/velovitamine.fr\/#\/schema\/logo\/image\/"}}]}},"_links":{"self":[{"href":"https:\/\/velovitamine.fr\/es\/wp-json\/wp\/v2\/pages\/307","targetHints":{"allow":["GET"]}}],"collection":[{"href":"https:\/\/velovitamine.fr\/es\/wp-json\/wp\/v2\/pages"}],"about":[{"href":"https:\/\/velovitamine.fr\/es\/wp-json\/wp\/v2\/types\/page"}],"author":[{"embeddable":true,"href":"https:\/\/velovitamine.fr\/es\/wp-json\/wp\/v2\/users\/1"}],"replies":[{"embeddable":true,"href":"https:\/\/velovitamine.fr\/es\/wp-json\/wp\/v2\/comments?post=307"}],"version-history":[{"count":77,"href":"https:\/\/velovitamine.fr\/es\/wp-json\/wp\/v2\/pages\/307\/revisions"}],"predecessor-version":[{"id":260830,"href":"https:\/\/velovitamine.fr\/es\/wp-json\/wp\/v2\/pages\/307\/revisions\/260830"}],"wp:attachment":[{"href":"https:\/\/velovitamine.fr\/es\/wp-json\/wp\/v2\/media?parent=307"}],"curies":[{"name":"wp","href":"https:\/\/api.w.org\/{rel}","templated":true}]}}