{"id":257997,"date":"2021-04-20T18:48:28","date_gmt":"2021-04-20T16:48:28","guid":{"rendered":"https:\/\/velovitamine.fr\/clone\/?page_id=257997"},"modified":"2026-01-11T21:08:26","modified_gmt":"2026-01-11T19:08:26","slug":"activites-groupe","status":"publish","type":"page","link":"https:\/\/velovitamine.fr\/es\/activites-2\/activites-groupe\/","title":{"rendered":"Activit\u00e9s groupe"},"content":{"rendered":"<p class=\"qtranxs-available-languages-message qtranxs-available-languages-message-es\">Disculpa, pero esta entrada est\u00e1 disponible s\u00f3lo en <a href=\"https:\/\/velovitamine.fr\/fr\/wp-json\/wp\/v2\/pages\/257997\" class=\"qtranxs-available-language-link qtranxs-available-language-link-fr\" title=\"FR\">FR<\/a> y <a href=\"https:\/\/velovitamine.fr\/en\/wp-json\/wp\/v2\/pages\/257997\" class=\"qtranxs-available-language-link qtranxs-available-language-link-en\" title=\"EN\">EN<\/a>. For the sake of viewer convenience, the content is shown below in this site default language. You may click one of the links to switch the site language to another available language.<\/p><p>&nbsp;<\/p>\r\n\r\n\r\n<h2 class=\"wp-block-heading\">Activit\u00e9s groupe<\/h2>\r\n\r\n<div class=\"responsive-tabs\">\n<h2 class=\"tabtitle\">Nos activit\u00e9s<\/h2>\n<div class=\"tabcontent\">\n\r\n<h3><strong>TEAM BUILDING &#8211; S\u00c9MINAIRE &#8211; TOURISME D&#8217;AFFAIRES &#8211; COMITE D&#8217;ENTREPRISE &#8211; ENTERREMENT de VIE G\/F<\/strong><\/h3>\r\n<p>Vous voulez organiser un apr\u00e8s-midi ou une journ\u00e9e originale, vous balader, d\u00e9couvrir une r\u00e9gion, vous d\u00e9tendre ou au contraire vous d\u00e9penser tout en cr\u00e9ant un esprit de groupe, d&#8217;\u00e9quipe ou individuel ?\u00a0 Nous cr\u00e9ons des moments qui rassemblent avec des activit\u00e9s encadr\u00e9es ou autonomes pour faire ressortir le meilleur de soi-m\u00eame !\u00a0 <br \/>De 10 \u00e0 50 personnes et +, parcours am\u00e9nag\u00e9s pour tous, simples ou mod\u00e9r\u00e9s, des d\u00e9gustations de vins&#8230;\u00a0<\/p>\r\n<hr \/>\r\n<h3>\u00a0<\/h3>\r\n<h3><strong>Balades \u0153nologiques<br \/><\/strong><\/h3>\r\n<h4><strong>Excursion \u00e0 v\u00e9lo avec votre guide \u0153nologique<\/strong><\/h4>\r\n<p><img fetchpriority=\"high\" decoding=\"async\" class=\"alignleft wp-image-2725 size-medium\" src=\"https:\/\/velovitamine.fr\/wp-content\/uploads\/2017\/01\/seminaire-oeno-2017-velovitamine-1-300x200.jpg\" alt=\"Activit\u00e9s groupe balade v\u00e9lo dans les vignes, d\u00e9gustation vin innovante et authentique\" width=\"300\" height=\"200\" srcset=\"https:\/\/velovitamine.fr\/wp-content\/uploads\/2017\/01\/seminaire-oeno-2017-velovitamine-1-300x200.jpg 300w, https:\/\/velovitamine.fr\/wp-content\/uploads\/2017\/01\/seminaire-oeno-2017-velovitamine-1-768x511.jpg 768w, https:\/\/velovitamine.fr\/wp-content\/uploads\/2017\/01\/seminaire-oeno-2017-velovitamine-1-1024x682.jpg 1024w, https:\/\/velovitamine.fr\/wp-content\/uploads\/2017\/01\/seminaire-oeno-2017-velovitamine-1.jpg 1218w\" sizes=\"(max-width: 300px) 100vw, 300px\" \/><\/p>\r\n<p>\u00c0 la d\u00e9couverte des c\u00e9l\u00e8bres vignobles de Bourgogne, immersion au c\u0153ur des parcelles de grands crus et villages typiques de la <strong>C\u00f4te de Nuits<\/strong>. Cette balade comment\u00e9e \u00e9merveillera vos papilles comme votre curiosit\u00e9. <em>(D\u00e9gustation de vins en option)<\/em>.<br \/><strong>\u00ab La C\u00f4te de Nuits 1<sup>er<\/sup> Cru \u00bb : <\/strong>Marsannay, Couchey, Fixin, Gevrey-Chambertin&#8230; <strong><br \/><\/strong><strong>\u00ab La C\u00f4te de Nuits Grand Cru \u00bb : <\/strong>Nuits-Saint-Georges, Vougeot&#8230;<br \/><strong>\u00ab La C\u00f4te de Beaune \u00bb : <\/strong>Aloxe-Corton, Pommard, Puligny-Montrachet, Santenay&#8230;<br \/><strong>\u00ab L<\/strong><strong style=\"font-size: 16px; font-style: normal;\">es vins du Jura ..<\/strong><strong style=\"font-size: 16px; font-style: normal;\">\u00a0<\/strong><strong style=\"font-size: 16px;\"> \u00bb :\u00a0 <\/strong><span style=\"font-size: 16px;\">Arbois, Ch\u00e2teau-Chalon&#8230;\u00a0<\/span><\/p>\r\n<p><strong>Niveau : <\/strong>tout public \/<strong> Parcours : <\/strong>facile et plat<strong> \/ Dur\u00e9e :<\/strong> 1\/2 journ\u00e9e ou journ\u00e9e<strong><br \/><\/strong><strong>D\u00e9parts direct du vignoble <\/strong>: Chen\u00f4ve (Dijon Sud) &#8211; Fixin &#8211; Nuits-Saint-Georges &#8211; Morey St Denis et autres selon ..<strong>.<\/strong><\/p>\r\n<hr \/>\r\n<h3><strong>Rallye dans le vignoble \u00abVinoquizz\u00bb<\/strong><\/h3>\r\n<h4><strong>Parcours \u00e0 v\u00e9lo orient\u00e9 \u00abLa route des Grands Crus\u00bb<br \/><\/strong><\/h4>\r\n<p><strong><img decoding=\"async\" class=\"alignleft wp-image-2726 size-medium\" src=\"https:\/\/velovitamine.fr\/wp-content\/uploads\/2017\/01\/Se\u0301minaire-cuisine-ve\u0301los-juin-2017-Velovitamine.fr-3-300x197.jpg\" alt=\"Activit\u00e9s groupe balade v\u00e9lo et jeux de quizz dans les vignes\" width=\"300\" height=\"197\" srcset=\"https:\/\/velovitamine.fr\/wp-content\/uploads\/2017\/01\/Se\u0301minaire-cuisine-ve\u0301los-juin-2017-Velovitamine.fr-3-300x197.jpg 300w, https:\/\/velovitamine.fr\/wp-content\/uploads\/2017\/01\/Se\u0301minaire-cuisine-ve\u0301los-juin-2017-Velovitamine.fr-3-768x505.jpg 768w, https:\/\/velovitamine.fr\/wp-content\/uploads\/2017\/01\/Se\u0301minaire-cuisine-ve\u0301los-juin-2017-Velovitamine.fr-3-1024x673.jpg 1024w, https:\/\/velovitamine.fr\/wp-content\/uploads\/2017\/01\/Se\u0301minaire-cuisine-ve\u0301los-juin-2017-Velovitamine.fr-3-320x210.jpg 320w, https:\/\/velovitamine.fr\/wp-content\/uploads\/2017\/01\/Se\u0301minaire-cuisine-ve\u0301los-juin-2017-Velovitamine.fr-3-460x300.jpg 460w, https:\/\/velovitamine.fr\/wp-content\/uploads\/2017\/01\/Se\u0301minaire-cuisine-ve\u0301los-juin-2017-Velovitamine.fr-3.jpg 1440w\" sizes=\"(max-width: 300px) 100vw, 300px\" \/><\/strong>Un d\u00e9fi original qui m\u00eale sport, culture et orientation. Par \u00e9quipe de 2, 3, 6&#8230;, \u00e0 l&#8217;aide d&#8217;une carte au parcours trac\u00e9, les participants doivent retrouver les questions cach\u00e9es et y r\u00e9pondre. \u00c0 vous de questionner ceux qui vous entourent ! (A l&#8217;arriv\u00e9e : r\u00e9sultat autour d&#8217;un d\u00e9gustation vin, jus de fruit..).<\/p>\r\n<p><strong>Quizz :<\/strong> QCM attractif sur les vins de bourgogne ou autre sur demande.<br \/><strong>Encadrement :<\/strong> \u00e9quipe en autonomie mais avec logistique d&#8217;assistance m\u00e9canique.<br \/><strong>Dur\u00e9e :<\/strong> 1\/2 journ\u00e9e ou journ\u00e9e \/ <strong>Niveau : <\/strong>tout public\u00a0<br \/><strong>D\u00e9parts direct du vignoble <\/strong>: Fixin &#8211; Morey St Denis &#8211; Nuits ST Georges &#8211; Santenay&#8230;<\/p>\r\n<hr \/>\r\n<h3><strong>Les Bols d&#8217;air \u00e0 v\u00e9lo\u00a0\u00a0<\/strong><\/h3>\r\n<h4><strong>Des escapades loisirs \u00e0 la demande<\/strong><\/h4>\r\n<p><img decoding=\"async\" class=\"alignleft wp-image-266\" src=\"http:\/\/velovitamine.fr\/wp-content\/uploads\/2015\/10\/Rando-groupe-lac-des-settons-300x225.jpg\" alt=\"Activit\u00e9s groupe balade v\u00e9lo en bourgogne Saulieu, Parc du Morvan, Vall\u00e9e de l'Ouche, Auxois\" width=\"265\" height=\"199\" srcset=\"https:\/\/velovitamine.fr\/wp-content\/uploads\/2015\/10\/Rando-groupe-lac-des-settons-300x225.jpg 300w, https:\/\/velovitamine.fr\/wp-content\/uploads\/2015\/10\/Rando-groupe-lac-des-settons.jpg 963w\" sizes=\"(max-width: 265px) 100vw, 265px\" \/><\/p>\r\n<p>Des vignobles du Beaujolais jusqu&#8217;\u00e0 Dijon, des Terres de l&#8217;Auxois \u00e0 Saulieu et le parc du Morvan aux nombreux lacs, nous proposons des parcours simples et faciles pour s&#8217;\u00e9vader. Des points de ravitaillements sont pr\u00e9vus pour des pauses conviviales et gourmandes.<br \/>Un d\u00e9paysement total, tous ensemble sur des itin\u00e9raires confectionn\u00e9s avec le moins de circulation possible.<\/p>\r\n<p><strong>Niveau : <\/strong>pour tous, tr\u00e8s grands groupes possibles<strong><br \/>Dur\u00e9e : <\/strong>\u00e0 la demande.\u00a0 <strong>Parcours :<\/strong> \u00e0 VTC ou VTT ou V\u00e9lo \u00e9lectrique.<strong><br \/>Encadrement sp\u00e9cifique : <\/strong>2 \u00e0 3 encadrants et + , navette assistance en option&#8230;<br \/><strong>Aux d\u00e9parts <\/strong>:\u00a0 de vos lieux de s\u00e9minaires ou tout proche&#8230;\u00a0<\/p>\r\n<hr \/>\r\n<h3><strong>Challenge Orient&#8217;Bike<\/strong><\/h3>\r\n<h4><strong>Course d\u2019orientation \u00e0 VTT ou p\u00e9destre entre for\u00eats domaniales, vignobles et cit\u00e9s m\u00e9di\u00e9vales&#8230;<\/strong><\/h4>\r\n<p><img loading=\"lazy\" decoding=\"async\" class=\"alignleft wp-image-2356\" src=\"https:\/\/velovitamine.fr\/wp-content\/uploads\/2018\/04\/Rando-des-vignes-Gevrey-chambertin-vtt-2017-velovitamine-3-300x200.jpg\" alt=\"Activit\u00e9s groupe challenge VTT en for\u00eat ou dans les vignes\" width=\"258\" height=\"172\" srcset=\"https:\/\/velovitamine.fr\/wp-content\/uploads\/2018\/04\/Rando-des-vignes-Gevrey-chambertin-vtt-2017-velovitamine-3-300x200.jpg 300w, https:\/\/velovitamine.fr\/wp-content\/uploads\/2018\/04\/Rando-des-vignes-Gevrey-chambertin-vtt-2017-velovitamine-3-768x511.jpg 768w, https:\/\/velovitamine.fr\/wp-content\/uploads\/2018\/04\/Rando-des-vignes-Gevrey-chambertin-vtt-2017-velovitamine-3.jpg 1000w\" sizes=\"(max-width: 258px) 100vw, 258px\" \/>Un challenge sportif qui m\u00e8nera vos \u00e9quipes dans diverses p\u00e9rip\u00e9ties. \u00c0 eux de trouver le meilleur itin\u00e9raire pour poin\u00e7onner les balises tout en optimisant le temps imparti. Et pour rassembler, \u00e0 l&#8217;arriv\u00e9e d\u00e9briefing avec collation de pays et d\u00e9gustation de vins, jus de fruits&#8230;\u00a0<\/p>\r\n<p><strong>\u00c9quipement, niveau :<\/strong> \u00e0 VTT, parcours loisir ou sport&#8230; \u00e0 pied&#8230;<br \/><strong>Encadrement :<\/strong> en autonomie avec logistique de d\u00e9pannage m\u00e9canique<br \/><strong>Dur\u00e9e :<\/strong> 2 \u00e0\u00a0 3h<br \/><strong>Lieux :<\/strong> Vignoble de la c\u00f4te de Nuits, For\u00eat domaniale d&#8217;Autun, Cit\u00e9 m\u00e9di\u00e9vale de Chateauneuf en Auxois&#8230;<\/p>\r\n<hr \/>\r\n<h3><strong>D\u00e9couverte \u00e0 v\u00e9lo, VTT<\/strong><\/h3>\r\n<h4><strong>Voyage en contr\u00e9es sauvages dans l&#8217;Auxois ou dans le vignoble bourguignon&#8230;<\/strong><\/h4>\r\n<p><strong><img loading=\"lazy\" decoding=\"async\" class=\"alignleft wp-image-1569\" src=\"http:\/\/velovitamine.fr\/wp-content\/uploads\/2016\/05\/EVG-Rando-Tout-Shuss-300x169.jpg\" alt=\"Activit\u00e9s groupe  v\u00e9lo dans les vignes, enterrement de vie de gar\u00e7on, challenge, animation, d\u00e9gustation vin \" width=\"310\" height=\"174\" srcset=\"https:\/\/velovitamine.fr\/wp-content\/uploads\/2016\/05\/EVG-Rando-Tout-Shuss-300x169.jpg 300w, https:\/\/velovitamine.fr\/wp-content\/uploads\/2016\/05\/EVG-Rando-Tout-Shuss.jpg 672w\" sizes=\"(max-width: 310px) 100vw, 310px\" \/><\/strong><\/p>\r\n<p>Une randonn\u00e9e en pleine nature, p\u00e2turages, for\u00eats ou vignoble avec des panoramas splendides :\u00a0 des vall\u00e9es aux combes aux chemins de nos crus de Bourgogne, les villages typiques aux pierres s\u00e8ches&#8230; Des singles et des trac\u00e9s d\u00e9couvertes pour tous les niveaux.<\/p>\r\n<p><strong style=\"font-size: 16px; font-style: normal;\">Niveau :\u00a0<\/strong><span style=\"font-size: 16px; font-style: normal; font-weight: 400;\">facile \u00e0 mod\u00e9r\u00e9\u00a0 \u00a0 \u00a0<\/span><strong>Dur\u00e9e : <\/strong>\u00a02 \u00e0 3h\u00a0 \u00a0<br \/><strong>\u00c9quipement fourni :<\/strong> VTT semi rigide, VTT \u00e9lectrique<br \/><strong>Lieu de d\u00e9part des diff\u00e9rents tours :<\/strong> De mon local au village d&#8217;Avosnes. Du fief du Charollais : Saulieu. Des for\u00eats et villages perch\u00e9s : Chateauneuf en auxois, Mont ST Jean. Du vignoble : Dijon Sud, Fixin, Meursault, Gevrey Chambertin&#8230;<\/p>\r\n<hr \/>\r\n<h3><strong>Dijon \u00e0 v\u00e9lo<\/strong><\/h3>\r\n<h4><strong>D\u00e9part direct en plein c\u0153ur de la capitale des ducs de Bourgogne<\/strong><\/h4>\r\n<p><img loading=\"lazy\" decoding=\"async\" class=\"wp-image-187568 alignleft\" src=\"https:\/\/velovitamine.fr\/wp-content\/uploads\/2014\/10\/balade-dijon-a-velo-300x197.jpg\" alt=\"Balade \u00e0 Dijon \u00e0 v\u00e9lo culture gastronomie\" width=\"288\" height=\"189\" srcset=\"https:\/\/velovitamine.fr\/wp-content\/uploads\/2014\/10\/balade-dijon-a-velo-300x197.jpg 300w, https:\/\/velovitamine.fr\/wp-content\/uploads\/2014\/10\/balade-dijon-a-velo-1024x673.jpg 1024w, https:\/\/velovitamine.fr\/wp-content\/uploads\/2014\/10\/balade-dijon-a-velo-768x505.jpg 768w, https:\/\/velovitamine.fr\/wp-content\/uploads\/2014\/10\/balade-dijon-a-velo-1536x1009.jpg 1536w, https:\/\/velovitamine.fr\/wp-content\/uploads\/2014\/10\/balade-dijon-a-velo-2048x1346.jpg 2048w, https:\/\/velovitamine.fr\/wp-content\/uploads\/2014\/10\/balade-dijon-a-velo-320x210.jpg 320w, https:\/\/velovitamine.fr\/wp-content\/uploads\/2014\/10\/balade-dijon-a-velo-460x300.jpg 460w\" sizes=\"(max-width: 288px) 100vw, 288px\" \/><\/p>\r\n<p>Un moment d\u00e9tente, une autre vision de Dijon, ville candidate capitale verte europ\u00e9enne. Entre ruelles, voies cyclables, parcs arbor\u00e9s, je vous ai am\u00e9nag\u00e9 un parcours sp\u00e9cifique pour les groupes entre verdure, au fil de l&#8217;eau et les places historiques aux monuments haussmanniens&#8230;<br \/>Et pour le Final : D\u00e9gustation dans un lieu original, exceptionnel, unique \u00e0 Dijon.<\/p>\r\n<p><strong>Lieu de d\u00e9part : <\/strong>Dijon centre et tout \u00e9tablissement M\u00e9tropole Dijon.\u00a0<span style=\"font-size: 16px; font-style: normal; font-weight: 400;\"><br \/><\/span><strong>Dur\u00e9e : <\/strong>1h \u00e0 2h\u00a0 \/ <strong>Niveau : <\/strong>facile sur voies am\u00e9nag\u00e9es avec un maximum voies\/pistes cyclables<br \/><strong>Nombre participants :\u00a0<\/strong> jusqu&#8217;\u00e0 25 maximum\u00a0<br \/><strong>\u00c9quipement fourni :<\/strong> V\u00e9lo type VTC ou \u00e9lectriques<\/p>\r\n<hr \/>\r\n<h3><strong>Escalade en site naturel<\/strong><\/h3>\r\n<h4><strong>D\u00e9couverte et ascension rocheuse<\/strong><\/h4>\r\n<p><strong><img loading=\"lazy\" decoding=\"async\" class=\"alignleft wp-image-741\" src=\"http:\/\/velovitamine.fr\/wp-content\/uploads\/2016\/02\/Escalade-jeune-saffres-2015-9-225x300.jpg\" alt=\"Escalade en Bourgogne avec moniteur sur sites naturels, Falaises\" width=\"172\" height=\"230\" srcset=\"https:\/\/velovitamine.fr\/wp-content\/uploads\/2016\/02\/Escalade-jeune-saffres-2015-9-225x300.jpg 225w, https:\/\/velovitamine.fr\/wp-content\/uploads\/2016\/02\/Escalade-jeune-saffres-2015-9.jpg 709w\" sizes=\"(max-width: 172px) 100vw, 172px\" \/><\/strong><\/p>\r\n<p>Dans un environnement de pleine nature, accompagn\u00e9 d\u2019un moniteur dipl\u00f4m\u00e9, venez d\u00e9couvrir les falaises de Bourgogne. Initiation, grimpe, varappe ou apprentissage des techniques de s\u00e9curit\u00e9 de base.<br \/>Venez vivre vos premi\u00e8res ascensions sur des sites pr\u00e9serv\u00e9s et sublimes !<\/p>\r\n<p><strong>Niveau : <\/strong>tout public pour une initiation d\u00e9couverte<br \/><strong>Mat\u00e9riel :<\/strong> \u00e9quipement de protection individuelle : casque, harnais, syst\u00e8me d&#8217;assurage, cordes&#8230;<br \/><strong>Lieux : <\/strong>aux alentours de Dijon, Beaune.<br \/><strong>Dur\u00e9e :<\/strong> 2h \u00e0 3h<br \/><strong>Extra :<\/strong> possibilit\u00e9 de coupler avec une autre activit\u00e9 sur une journ\u00e9e (ex: balade \u0153no + escalade)<\/p>\r\n<hr \/>\r\n<h3><strong>Pack multi-activit\u00e9s\u00a0<\/strong><\/h3>\r\n<h4><strong>Olympiades ou activit\u00e9s mix\u00e9es\u00a0<br \/><\/strong><\/h4>\r\n<p>Challenge Quizz dans les vignes, Bike skill, Water skill,\u00a0 Orient&#8217;bike, Tir \u00e0 l&#8217;arc, Slack-line, Enigmes, Escalade en falaise, Dutch ball&#8230;<\/p>\r\n<p><strong>Lieux \u00e0 int\u00e9r\u00eat naturel &amp; floristique ou sur votre domaine : <\/strong>Dijon, Nuits st Georges, Morey-St-Denis, Ch\u00e2teauneuf en Auxois, Autun, Beaune, Santenay, Ch\u00e2teau de Ste Sabine, Ch\u00e2teau d&#8217;Arcelot, Saulon La Rue&#8230; et tous lieux \u00e0 la demande.<\/p>\r\n<p><img loading=\"lazy\" decoding=\"async\" class=\"alignleft wp-image-749\" src=\"https:\/\/velovitamine.fr\/wp-content\/uploads\/2015\/12\/images-v\u00e9lo-route.jpg\" alt=\"V\u00e9lo, VTT, V\u00e9lo \u00e9lectrique\" width=\"74\" height=\"74\" srcset=\"https:\/\/velovitamine.fr\/wp-content\/uploads\/2015\/12\/images-v\u00e9lo-route.jpg 225w, https:\/\/velovitamine.fr\/wp-content\/uploads\/2015\/12\/images-v\u00e9lo-route-150x150.jpg 150w, https:\/\/velovitamine.fr\/wp-content\/uploads\/2015\/12\/images-v\u00e9lo-route-60x60.jpg 60w, https:\/\/velovitamine.fr\/wp-content\/uploads\/2015\/12\/images-v\u00e9lo-route-180x180.jpg 180w\" sizes=\"(max-width: 74px) 100vw, 74px\" \/><img loading=\"lazy\" decoding=\"async\" class=\"alignleft wp-image-754\" src=\"https:\/\/velovitamine.fr\/wp-content\/uploads\/2015\/12\/images-escalade.png\" alt=\"Escalade\" width=\"58\" height=\"58\" srcset=\"https:\/\/velovitamine.fr\/wp-content\/uploads\/2015\/12\/images-escalade.png 225w, https:\/\/velovitamine.fr\/wp-content\/uploads\/2015\/12\/images-escalade-150x150.png 150w, https:\/\/velovitamine.fr\/wp-content\/uploads\/2015\/12\/images-escalade-60x60.png 60w, https:\/\/velovitamine.fr\/wp-content\/uploads\/2015\/12\/images-escalade-180x180.png 180w\" sizes=\"(max-width: 58px) 100vw, 58px\" \/><\/p>\r\n<p><img loading=\"lazy\" decoding=\"async\" class=\"alignleft wp-image-753\" src=\"https:\/\/velovitamine.fr\/wp-content\/uploads\/2015\/12\/image-slackline.jpg\" alt=\"Slack line\" width=\"72\" height=\"72\" srcset=\"https:\/\/velovitamine.fr\/wp-content\/uploads\/2015\/12\/image-slackline.jpg 200w, https:\/\/velovitamine.fr\/wp-content\/uploads\/2015\/12\/image-slackline-150x150.jpg 150w, https:\/\/velovitamine.fr\/wp-content\/uploads\/2015\/12\/image-slackline-60x60.jpg 60w, https:\/\/velovitamine.fr\/wp-content\/uploads\/2015\/12\/image-slackline-180x180.jpg 180w\" sizes=\"(max-width: 72px) 100vw, 72px\" \/><img loading=\"lazy\" decoding=\"async\" class=\"alignleft wp-image-751\" src=\"https:\/\/velovitamine.fr\/wp-content\/uploads\/2015\/12\/Photo-logo-marche-NKet-v\u00e9lo-dirt-1.jpg\" alt=\"Excursion, balade, d\u00e9couverte\" width=\"80\" height=\"62\" \/><img loading=\"lazy\" decoding=\"async\" class=\"alignleft wp-image-748\" src=\"https:\/\/velovitamine.fr\/wp-content\/uploads\/2015\/12\/index.png\" alt=\"Orientation\" width=\"62\" height=\"62\" srcset=\"https:\/\/velovitamine.fr\/wp-content\/uploads\/2015\/12\/index.png 225w, https:\/\/velovitamine.fr\/wp-content\/uploads\/2015\/12\/index-150x150.png 150w, https:\/\/velovitamine.fr\/wp-content\/uploads\/2015\/12\/index-60x60.png 60w, https:\/\/velovitamine.fr\/wp-content\/uploads\/2015\/12\/index-180x180.png 180w\" sizes=\"(max-width: 62px) 100vw, 62px\" \/><\/p>\r\n<p>&nbsp;<\/p>\r\n<p>&nbsp;<\/p>\r\n<p>&nbsp;<\/p>\r\n<hr \/>\r\n<h3>\u00a0<\/h3>\r\n<h5 style=\"text-align: center;\"><span style=\"color: #008080;\"><strong><span style=\"color: #538ab0;\">Contact direct au tel : 0674597064<\/span><br \/><a href=\"tel:+33674597064\" target=\"_blank\" rel=\"noopener\">tel:+33674597064<\/a>\u00a0<\/strong><\/span><\/h5>\r\n<h5 style=\"text-align: center;\"><strong><span style=\"color: #008080;\"><br \/><a href=\"https:\/\/velovitamine.fr\/contact-2\/\" target=\"_blank\" rel=\"noopener\">Contact et R\u00e9servation par email &#8211; cliquez ici <br \/>demande de devis\u00a0 \u00a0<\/a><\/span><\/strong><\/h5>\r\n<h5>\u00a0<\/h5>\r\n<h5 style=\"text-align: center;\"><span style=\"font-size: 16px;\">Nous nous adaptons et vous concoctons une escapade originale : lieu de l&#8217;activit\u00e9, de d\u00e9part et d&#8217;arriv\u00e9e, d\u00e9gustation vins sublim\u00e9e, arr\u00eat pique nique-buffet ou collation : produits artisanaux &amp; r\u00e9gionaux&#8230; navette assistance&#8230;\u00a0<\/span><\/h5>\r\n<p><strong style=\"font-size: 16px; font-style: normal;\"><br \/>Tarifs de base groupe : <\/strong>de 45\u20ac \u00e0 145\u20ac\/ pers&#8230;<br \/><br \/><strong>D\u00e9part des activit\u00e9s, des balades :<br \/><br \/><\/strong><strong>De votre lieu d&#8217;h\u00e9bergement<\/strong> : ch\u00e2teau de Chailly-sur-Arman\u00e7on, abbaye de Gilly-les-C\u00eeteaux, ch\u00e2teau de Saulon-la-Rue, d&#8217;Arcelot, Hot\u00eals de Bellevigne, le Richebourg, L&#8217;Or\u00e9e des Vignes, abbaye de la Buissi\u00e8re s\/ouche, ch\u00e2teau de Barbirey s\/Ouche, ch\u00e2teau de Sainte Sabine, ch\u00e2teau de Sainte-Colombe, h\u00f4tels de Saulieu, Dijon centre\/gare&#8230;<\/p>\r\n<p><strong>Dans le vignoble \u00abRoute des Grands Crus\u00bb :<\/strong> Dijon, Nuits ST Georges, Gevrey-Chambertin, Vougeot, Fixin&#8230; Beaune, Santenay&#8230;<\/p>\r\n<p><strong>D&#8217;<\/strong><strong>un site touristique<\/strong> : C\u00f4te viticole \u00abClimats de Bourgogne\u00bb, ch\u00e2teau de Meursault, Panoramique de Pernand-Vergelesses,\u00a0 Place centrale de Saulieu, cit\u00e9s m\u00e9di\u00e9vales de Ch\u00e2teauneuf-en-Auxois, Semur-en-Auxois, Port du canal de Pouilly en Auxois, Dijon centre (Cit\u00e9 internationale de la gastronomie, Port du canal, Lac Kir), Cit\u00e9 et th\u00e9\u00e2tre antique d&#8217;Autun, Parc naturel du Morvan, Zone Natura 2000 de Fixin&#8230;<\/p>\r\n<h4 style=\"text-align: center;\"><strong>Nos propositions sont \u00e9labor\u00e9es sur mesure.<\/strong><\/h4>\r\n<h4 style=\"text-align: center;\"><strong>Venez passer un bon moment \u00e0 v\u00e9lo ou autrement ! <\/strong><strong><br \/><\/strong><\/h4>\r\n<h4 style=\"text-align: center;\"><strong>\u00a0<\/strong><\/h4>\r\n<h4 style=\"text-align: center;\"><strong>Tout est envisageable, n\u2019h\u00e9sitez pas \u00e0 nous contacter pour en discuter.<br \/><\/strong><\/h4>\r\n<h5 style=\"text-align: center;\"><strong><span style=\"color: #008080;\">\u00a0<\/span><\/strong><\/h5>\r\n<h5 style=\"text-align: center;\"><strong><span style=\"color: #008080;\"><a href=\"https:\/\/velovitamine.fr\/contact-2\/\" target=\"_blank\" rel=\"noopener\">Contact et R\u00e9servation par email &#8211; cliquez ici <br \/>demande de devis\u00a0 \u00a0<\/a><\/span><\/strong><\/h5>\r\n<h5 style=\"text-align: center;\"><strong><span style=\"color: #008080;\">\u00a0<\/span><\/strong><\/h5>\r\n<h4><strong>\u00a0<\/strong><\/h4>\r\n<hr \/>\r\n\n<\/div><h2 class=\"tabtitle\">D\u00e9tails et tarifs<\/h2>\n<div class=\"tabcontent\">\n\r\n<h3>Nous adaptons nos propositions et nous vous concoctons une escapade originale.<\/h3>\r\n<p>De 10 \u00e0 50 personnes et +, nous r\u00e9pondons \u00e0 vos demandes : lieu de l&#8217;activit\u00e9, de d\u00e9part et d&#8217;arriv\u00e9e, d\u00e9gustation de produits r\u00e9gionaux, de vins&#8230;, navette d&#8217;assistance, des collations aux produits authentiques et artisanaux de notre r\u00e9gion (s\u00e9lection personnelle)&#8230;\u00a0<\/p>\r\n<p>D\u00e9part des activit\u00e9s, des balades :<br \/><strong>De votre lieu d&#8217;h\u00e9bergement<\/strong> : ch\u00e2teau de Chailly-sur-Arman\u00e7on, abbaye de Gilly-les-C\u00eeteaux, ch\u00e2teau de Saulon-la-Rue, H\u00f4tel spa le Richebourg, abbaye de la Buissi\u00e8re s\/ouche, ch\u00e2teau de Barbirey s\/Ouche, ch\u00e2teau de Sainte Sabine, ch\u00e2teau de Sainte-Colombe, h\u00f4tels de Saulieu, Dijon centre\/gare&#8230;<\/p>\r\n<p><strong>Dans le vignoble \u00abRoute des Grands Crus\u00bb :<\/strong> Dijon, Nuits ST Georges, Gevrey-Chambertin, Vougeot, Fixin&#8230; Beaune, Santenay&#8230;<\/p>\r\n<p><strong>D&#8217;<\/strong><strong>un site touristique<\/strong> : C\u00f4te viticole \u00abClimats de Bourgogne\u00bb, ch\u00e2teau de Meursault, ch\u00e2teau de Pommard, village typique de Saulieu, cit\u00e9s m\u00e9di\u00e9vales de Ch\u00e2teauneuf-en-Auxois, Semur-en-Auxois, Port du canal de Pouilly en Auxois, Dijon centre (Cit\u00e9 internationale de la gastronomie, Port du canal, Lac Kir), cit\u00e9 et th\u00e9\u00e2tre antique d&#8217;Autun, Parc naturel du Morvan.<\/p>\r\n<h4><strong>Nos propositions sont \u00e9labor\u00e9es sur mesure.<\/strong><\/h4>\r\n<h4><strong>Venez passer un bon moment \u00e0 v\u00e9lo ou autrement ! <\/strong><strong><br \/><\/strong><\/h4>\r\n<h4><strong>Tarifs de base groupe : de 45\u20ac \u00e0 89\u20ac\/ pers<br \/>Options : collation de pays, d\u00e9gustations vins&#8230;<\/strong><\/h4>\r\n<h4><strong>Tout est envisageable, n\u2019h\u00e9sitez pas \u00e0 nous contacter pour en discuter.<\/strong><\/h4>\r\n<h5 style=\"text-align: center;\"><span style=\"color: #008080;\"><strong><br \/><span style=\"color: #538ab0;\">Contact direct\u00a0 au :\u00a0 \u00a0 0674597064\u00a0 \u00a0 \u00a0<\/span><br \/><span style=\"color: #538ab0;\">\u00a0 \u00a0+ 33674597064\u00a0\u00a0<\/span><br \/><br \/><\/strong><\/span><\/h5>\r\n<h5 style=\"text-align: center;\"><strong><span style=\"color: #008080;\"><a style=\"color: #008080;\" href=\"https:\/\/velovitamine.fr\/contact-2\/\" rel=\"noopener noreferrer\"><span style=\"color: #538ab0;\">Contact et R\u00e9servation par email<\/span><\/a><\/span><\/strong><\/h5>\r\n<\/div><\/div>\r\n<p>&nbsp;<\/p>\r\n<p>&nbsp;<\/p>\r\n<p>&nbsp;<\/p>\r\n<p>&nbsp;<\/p>","protected":false},"excerpt":{"rendered":"<p>Disculpa, pero esta entrada est\u00e1 disponible s\u00f3lo en FR y EN. For the sake of viewer convenience, the content is shown below in this site default language. You may click [&hellip;]<\/p>\n","protected":false},"author":2,"featured_media":0,"parent":257875,"menu_order":0,"comment_status":"closed","ping_status":"closed","template":"","meta":{"_monsterinsights_skip_tracking":false,"_monsterinsights_sitenote_active":false,"_monsterinsights_sitenote_note":"","_monsterinsights_sitenote_category":0,"site-sidebar-layout":"default","site-content-layout":"default","ast-site-content-layout":"default","site-content-style":"default","site-sidebar-style":"default","ast-global-header-display":"","ast-banner-title-visibility":"","ast-main-header-display":"","ast-hfb-above-header-display":"","ast-hfb-below-header-display":"","ast-hfb-mobile-header-display":"","site-post-title":"","ast-breadcrumbs-content":"","ast-featured-img":"","footer-sml-layout":"","ast-disable-related-posts":"","theme-transparent-header-meta":"default","adv-header-id-meta":"","stick-header-meta":"","header-above-stick-meta":"","header-main-stick-meta":"","header-below-stick-meta":"","astra-migrate-meta-layouts":"set","ast-page-background-enabled":"default","ast-page-background-meta":{"desktop":{"background-color":"","background-image":"","background-repeat":"repeat","background-position":"center center","background-size":"auto","background-attachment":"scroll","background-type":"","background-media":"","overlay-type":"","overlay-color":"","overlay-opacity":"","overlay-gradient":""},"tablet":{"background-color":"","background-image":"","background-repeat":"repeat","background-position":"center center","background-size":"auto","background-attachment":"scroll","background-type":"","background-media":"","overlay-type":"","overlay-color":"","overlay-opacity":"","overlay-gradient":""},"mobile":{"background-color":"","background-image":"","background-repeat":"repeat","background-position":"center center","background-size":"auto","background-attachment":"scroll","background-type":"","background-media":"","overlay-type":"","overlay-color":"","overlay-opacity":"","overlay-gradient":""}},"ast-content-background-meta":{"desktop":{"background-color":"var(--ast-global-color-5)","background-image":"","background-repeat":"repeat","background-position":"center center","background-size":"auto","background-attachment":"scroll","background-type":"","background-media":"","overlay-type":"","overlay-color":"","overlay-opacity":"","overlay-gradient":""},"tablet":{"background-color":"var(--ast-global-color-5)","background-image":"","background-repeat":"repeat","background-position":"center center","background-size":"auto","background-attachment":"scroll","background-type":"","background-media":"","overlay-type":"","overlay-color":"","overlay-opacity":"","overlay-gradient":""},"mobile":{"background-color":"var(--ast-global-color-5)","background-image":"","background-repeat":"repeat","background-position":"center center","background-size":"auto","background-attachment":"scroll","background-type":"","background-media":"","overlay-type":"","overlay-color":"","overlay-opacity":"","overlay-gradient":""}},"footnotes":""},"class_list":["post-257997","page","type-page","status-publish","hentry"],"yoast_head":"<!-- This site is optimized with the Yoast SEO plugin v27.2 - https:\/\/yoast.com\/product\/yoast-seo-wordpress\/ -->\n<title>Activit\u00e9s groupe originales - Velovitamine.fr<\/title>\n<meta name=\"description\" content=\"Activit\u00e9s groupe excursion en bourgogne : balade v\u00e9lo, d\u00e9gustations vins, jeu quizz, encadrement, guide. Dijon, Beaune, Autun, Saulieu...Route des Grands crus..\" \/>\n<meta name=\"robots\" content=\"index, follow, max-snippet:-1, max-image-preview:large, max-video-preview:-1\" \/>\n<link rel=\"canonical\" href=\"https:\/\/velovitamine.fr\/activites-2\/activites-groupe\/\" \/>\n<meta property=\"og:locale\" content=\"es_ES\" \/>\n<meta property=\"og:type\" content=\"article\" \/>\n<meta property=\"og:title\" content=\"Activit\u00e9s groupe originales - Velovitamine.fr\" \/>\n<meta property=\"og:description\" content=\"Activit\u00e9s groupe excursion en bourgogne : balade v\u00e9lo, d\u00e9gustations vins, jeu quizz, encadrement, guide. Dijon, Beaune, Autun, Saulieu...Route des Grands crus..\" \/>\n<meta property=\"og:url\" content=\"https:\/\/velovitamine.fr\/activites-2\/activites-groupe\/\" \/>\n<meta property=\"og:site_name\" content=\"Velovitamine.fr\" \/>\n<meta property=\"article:modified_time\" content=\"2026-01-11T19:08:26+00:00\" \/>\n<meta property=\"og:image\" content=\"https:\/\/velovitamine.fr\/wp-content\/uploads\/2017\/01\/seminaire-oeno-2017-velovitamine-1-300x200.jpg\" \/>\n<meta name=\"twitter:card\" content=\"summary_large_image\" \/>\n<meta name=\"twitter:label1\" content=\"Tiempo de lectura\" \/>\n\t<meta name=\"twitter:data1\" content=\"10 minutos\" \/>\n<script type=\"application\/ld+json\" class=\"yoast-schema-graph\">{\"@context\":\"https:\/\/schema.org\",\"@graph\":[{\"@type\":\"WebPage\",\"@id\":\"https:\/\/velovitamine.fr\/activites-2\/activites-groupe\/\",\"url\":\"https:\/\/velovitamine.fr\/activites-2\/activites-groupe\/\",\"name\":\"Activit\u00e9s groupe originales - Velovitamine.fr\",\"isPartOf\":{\"@id\":\"https:\/\/velovitamine.fr\/#website\"},\"primaryImageOfPage\":{\"@id\":\"https:\/\/velovitamine.fr\/activites-2\/activites-groupe\/#primaryimage\"},\"image\":{\"@id\":\"https:\/\/velovitamine.fr\/activites-2\/activites-groupe\/#primaryimage\"},\"thumbnailUrl\":\"https:\/\/velovitamine.fr\/wp-content\/uploads\/2017\/01\/seminaire-oeno-2017-velovitamine-1-300x200.jpg\",\"datePublished\":\"2021-04-20T16:48:28+00:00\",\"dateModified\":\"2026-01-11T19:08:26+00:00\",\"description\":\"Activit\u00e9s groupe excursion en bourgogne : balade v\u00e9lo, d\u00e9gustations vins, jeu quizz, encadrement, guide. Dijon, Beaune, Autun, Saulieu...Route des Grands crus..\",\"breadcrumb\":{\"@id\":\"https:\/\/velovitamine.fr\/activites-2\/activites-groupe\/#breadcrumb\"},\"inLanguage\":\"es\",\"potentialAction\":[{\"@type\":\"ReadAction\",\"target\":[\"https:\/\/velovitamine.fr\/activites-2\/activites-groupe\/\"]}]},{\"@type\":\"ImageObject\",\"inLanguage\":\"es\",\"@id\":\"https:\/\/velovitamine.fr\/activites-2\/activites-groupe\/#primaryimage\",\"url\":\"https:\/\/velovitamine.fr\/wp-content\/uploads\/2017\/01\/seminaire-oeno-2017-velovitamine-1-300x200.jpg\",\"contentUrl\":\"https:\/\/velovitamine.fr\/wp-content\/uploads\/2017\/01\/seminaire-oeno-2017-velovitamine-1-300x200.jpg\"},{\"@type\":\"BreadcrumbList\",\"@id\":\"https:\/\/velovitamine.fr\/activites-2\/activites-groupe\/#breadcrumb\",\"itemListElement\":[{\"@type\":\"ListItem\",\"position\":1,\"name\":\"Accueil\",\"item\":\"https:\/\/velovitamine.fr\/\"},{\"@type\":\"ListItem\",\"position\":2,\"name\":\"Activit\u00e9s\",\"item\":\"https:\/\/velovitamine.fr\/activites-2\/\"},{\"@type\":\"ListItem\",\"position\":3,\"name\":\"Activit\u00e9s groupe\"}]},{\"@type\":\"WebSite\",\"@id\":\"https:\/\/velovitamine.fr\/#website\",\"url\":\"https:\/\/velovitamine.fr\/\",\"name\":\"Velovitamine.fr\",\"description\":\"(FR) Un site qui roule...\",\"publisher\":{\"@id\":\"https:\/\/velovitamine.fr\/#organization\"},\"potentialAction\":[{\"@type\":\"SearchAction\",\"target\":{\"@type\":\"EntryPoint\",\"urlTemplate\":\"https:\/\/velovitamine.fr\/?s={search_term_string}\"},\"query-input\":{\"@type\":\"PropertyValueSpecification\",\"valueRequired\":true,\"valueName\":\"search_term_string\"}}],\"inLanguage\":\"es\"},{\"@type\":\"Organization\",\"@id\":\"https:\/\/velovitamine.fr\/#organization\",\"name\":\"Velovitamine\",\"url\":\"https:\/\/velovitamine.fr\/\",\"logo\":{\"@type\":\"ImageObject\",\"inLanguage\":\"es\",\"@id\":\"https:\/\/velovitamine.fr\/#\/schema\/logo\/image\/\",\"url\":\"https:\/\/velovitamine.fr\/wp-content\/uploads\/2014\/10\/cropped-logo1-e1444671967804.jpg\",\"contentUrl\":\"https:\/\/velovitamine.fr\/wp-content\/uploads\/2014\/10\/cropped-logo1-e1444671967804.jpg\",\"width\":512,\"height\":512,\"caption\":\"Velovitamine\"},\"image\":{\"@id\":\"https:\/\/velovitamine.fr\/#\/schema\/logo\/image\/\"}}]}<\/script>\n<!-- \/ Yoast SEO plugin. -->","yoast_head_json":{"title":"Activit\u00e9s groupe originales - Velovitamine.fr","description":"Activit\u00e9s groupe excursion en bourgogne : balade v\u00e9lo, d\u00e9gustations vins, jeu quizz, encadrement, guide. Dijon, Beaune, Autun, Saulieu...Route des Grands crus..","robots":{"index":"index","follow":"follow","max-snippet":"max-snippet:-1","max-image-preview":"max-image-preview:large","max-video-preview":"max-video-preview:-1"},"canonical":"https:\/\/velovitamine.fr\/activites-2\/activites-groupe\/","og_locale":"es_ES","og_type":"article","og_title":"Activit\u00e9s groupe originales - Velovitamine.fr","og_description":"Activit\u00e9s groupe excursion en bourgogne : balade v\u00e9lo, d\u00e9gustations vins, jeu quizz, encadrement, guide. Dijon, Beaune, Autun, Saulieu...Route des Grands crus..","og_url":"https:\/\/velovitamine.fr\/activites-2\/activites-groupe\/","og_site_name":"Velovitamine.fr","article_modified_time":"2026-01-11T19:08:26+00:00","og_image":[{"url":"https:\/\/velovitamine.fr\/wp-content\/uploads\/2017\/01\/seminaire-oeno-2017-velovitamine-1-300x200.jpg","type":"","width":"","height":""}],"twitter_card":"summary_large_image","twitter_misc":{"Tiempo de lectura":"10 minutos"},"schema":{"@context":"https:\/\/schema.org","@graph":[{"@type":"WebPage","@id":"https:\/\/velovitamine.fr\/activites-2\/activites-groupe\/","url":"https:\/\/velovitamine.fr\/activites-2\/activites-groupe\/","name":"Activit\u00e9s groupe originales - Velovitamine.fr","isPartOf":{"@id":"https:\/\/velovitamine.fr\/#website"},"primaryImageOfPage":{"@id":"https:\/\/velovitamine.fr\/activites-2\/activites-groupe\/#primaryimage"},"image":{"@id":"https:\/\/velovitamine.fr\/activites-2\/activites-groupe\/#primaryimage"},"thumbnailUrl":"https:\/\/velovitamine.fr\/wp-content\/uploads\/2017\/01\/seminaire-oeno-2017-velovitamine-1-300x200.jpg","datePublished":"2021-04-20T16:48:28+00:00","dateModified":"2026-01-11T19:08:26+00:00","description":"Activit\u00e9s groupe excursion en bourgogne : balade v\u00e9lo, d\u00e9gustations vins, jeu quizz, encadrement, guide. Dijon, Beaune, Autun, Saulieu...Route des Grands crus..","breadcrumb":{"@id":"https:\/\/velovitamine.fr\/activites-2\/activites-groupe\/#breadcrumb"},"inLanguage":"es","potentialAction":[{"@type":"ReadAction","target":["https:\/\/velovitamine.fr\/activites-2\/activites-groupe\/"]}]},{"@type":"ImageObject","inLanguage":"es","@id":"https:\/\/velovitamine.fr\/activites-2\/activites-groupe\/#primaryimage","url":"https:\/\/velovitamine.fr\/wp-content\/uploads\/2017\/01\/seminaire-oeno-2017-velovitamine-1-300x200.jpg","contentUrl":"https:\/\/velovitamine.fr\/wp-content\/uploads\/2017\/01\/seminaire-oeno-2017-velovitamine-1-300x200.jpg"},{"@type":"BreadcrumbList","@id":"https:\/\/velovitamine.fr\/activites-2\/activites-groupe\/#breadcrumb","itemListElement":[{"@type":"ListItem","position":1,"name":"Accueil","item":"https:\/\/velovitamine.fr\/"},{"@type":"ListItem","position":2,"name":"Activit\u00e9s","item":"https:\/\/velovitamine.fr\/activites-2\/"},{"@type":"ListItem","position":3,"name":"Activit\u00e9s groupe"}]},{"@type":"WebSite","@id":"https:\/\/velovitamine.fr\/#website","url":"https:\/\/velovitamine.fr\/","name":"Velovitamine.fr","description":"(FR) Un site qui roule...","publisher":{"@id":"https:\/\/velovitamine.fr\/#organization"},"potentialAction":[{"@type":"SearchAction","target":{"@type":"EntryPoint","urlTemplate":"https:\/\/velovitamine.fr\/?s={search_term_string}"},"query-input":{"@type":"PropertyValueSpecification","valueRequired":true,"valueName":"search_term_string"}}],"inLanguage":"es"},{"@type":"Organization","@id":"https:\/\/velovitamine.fr\/#organization","name":"Velovitamine","url":"https:\/\/velovitamine.fr\/","logo":{"@type":"ImageObject","inLanguage":"es","@id":"https:\/\/velovitamine.fr\/#\/schema\/logo\/image\/","url":"https:\/\/velovitamine.fr\/wp-content\/uploads\/2014\/10\/cropped-logo1-e1444671967804.jpg","contentUrl":"https:\/\/velovitamine.fr\/wp-content\/uploads\/2014\/10\/cropped-logo1-e1444671967804.jpg","width":512,"height":512,"caption":"Velovitamine"},"image":{"@id":"https:\/\/velovitamine.fr\/#\/schema\/logo\/image\/"}}]}},"_links":{"self":[{"href":"https:\/\/velovitamine.fr\/es\/wp-json\/wp\/v2\/pages\/257997","targetHints":{"allow":["GET"]}}],"collection":[{"href":"https:\/\/velovitamine.fr\/es\/wp-json\/wp\/v2\/pages"}],"about":[{"href":"https:\/\/velovitamine.fr\/es\/wp-json\/wp\/v2\/types\/page"}],"author":[{"embeddable":true,"href":"https:\/\/velovitamine.fr\/es\/wp-json\/wp\/v2\/users\/2"}],"replies":[{"embeddable":true,"href":"https:\/\/velovitamine.fr\/es\/wp-json\/wp\/v2\/comments?post=257997"}],"version-history":[{"count":67,"href":"https:\/\/velovitamine.fr\/es\/wp-json\/wp\/v2\/pages\/257997\/revisions"}],"predecessor-version":[{"id":260855,"href":"https:\/\/velovitamine.fr\/es\/wp-json\/wp\/v2\/pages\/257997\/revisions\/260855"}],"up":[{"embeddable":true,"href":"https:\/\/velovitamine.fr\/es\/wp-json\/wp\/v2\/pages\/257875"}],"wp:attachment":[{"href":"https:\/\/velovitamine.fr\/es\/wp-json\/wp\/v2\/media?parent=257997"}],"curies":[{"name":"wp","href":"https:\/\/api.w.org\/{rel}","templated":true}]}}