{"id":2659,"date":"2019-04-25T16:12:39","date_gmt":"2019-04-25T14:12:39","guid":{"rendered":"http:\/\/velovitamine.fr\/wp-content\/uploads\/2019\/04\/Balade-oeno4.jpg"},"modified":"2024-03-31T14:51:42","modified_gmt":"2024-03-31T12:51:42","slug":"balade-oeno4","status":"inherit","type":"attachment","link":"https:\/\/velovitamine.fr\/es\/article-blog-interview\/balade-oeno4\/","title":{"rendered":"Balade oeno d\u00e9gustative er cRu Gevrey Chambertin"},"author":2,"featured_media":0,"comment_status":"open","ping_status":"closed","template":"","meta":{"_monsterinsights_skip_tracking":false,"_monsterinsights_sitenote_active":false,"_monsterinsights_sitenote_note":"","_monsterinsights_sitenote_category":0,"site-sidebar-layout":"default","site-content-layout":"","ast-site-content-layout":"default","site-content-style":"default","site-sidebar-style":"default","ast-global-header-display":"","ast-banner-title-visibility":"","ast-main-header-display":"","ast-hfb-above-header-display":"","ast-hfb-below-header-display":"","ast-hfb-mobile-header-display":"","site-post-title":"","ast-breadcrumbs-content":"","ast-featured-img":"","footer-sml-layout":"","ast-disable-related-posts":"","theme-transparent-header-meta":"","adv-header-id-meta":"","stick-header-meta":"","header-above-stick-meta":"","header-main-stick-meta":"","header-below-stick-meta":"","astra-migrate-meta-layouts":"default","ast-page-background-enabled":"default","ast-page-background-meta":{"desktop":{"background-color":"","background-image":"","background-repeat":"repeat","background-position":"center center","background-size":"auto","background-attachment":"scroll","background-type":"","background-media":"","overlay-type":"","overlay-color":"","overlay-opacity":"","overlay-gradient":""},"tablet":{"background-color":"","background-image":"","background-repeat":"repeat","background-position":"center center","background-size":"auto","background-attachment":"scroll","background-type":"","background-media":"","overlay-type":"","overlay-color":"","overlay-opacity":"","overlay-gradient":""},"mobile":{"background-color":"","background-image":"","background-repeat":"repeat","background-position":"center center","background-size":"auto","background-attachment":"scroll","background-type":"","background-media":"","overlay-type":"","overlay-color":"","overlay-opacity":"","overlay-gradient":""}},"ast-content-background-meta":{"desktop":{"background-color":"var(--ast-global-color-5)","background-image":"","background-repeat":"repeat","background-position":"center center","background-size":"auto","background-attachment":"scroll","background-type":"","background-media":"","overlay-type":"","overlay-color":"","overlay-opacity":"","overlay-gradient":""},"tablet":{"background-color":"var(--ast-global-color-5)","background-image":"","background-repeat":"repeat","background-position":"center center","background-size":"auto","background-attachment":"scroll","background-type":"","background-media":"","overlay-type":"","overlay-color":"","overlay-opacity":"","overlay-gradient":""},"mobile":{"background-color":"var(--ast-global-color-5)","background-image":"","background-repeat":"repeat","background-position":"center center","background-size":"auto","background-attachment":"scroll","background-type":"","background-media":"","overlay-type":"","overlay-color":"","overlay-opacity":"","overlay-gradient":""}}},"class_list":["post-2659","attachment","type-attachment","status-inherit","hentry"],"yoast_head":"<!-- This site is optimized with the Yoast SEO plugin v27.2 - https:\/\/yoast.com\/product\/yoast-seo-wordpress\/ -->\n<title>Balade oeno d\u00e9gustative er cRu Gevrey Chambertin - Velovitamine.fr<\/title>\n<meta name=\"robots\" content=\"index, follow, max-snippet:-1, max-image-preview:large, max-video-preview:-1\" \/>\n<link rel=\"canonical\" href=\"https:\/\/velovitamine.fr\/wp-content\/uploads\/2019\/04\/Balade-oeno4.jpg\" \/>\n<meta property=\"og:locale\" content=\"es_ES\" \/>\n<meta property=\"og:type\" content=\"article\" \/>\n<meta property=\"og:title\" content=\"Balade oeno d\u00e9gustative er cRu Gevrey Chambertin - Velovitamine.fr\" \/>\n<meta property=\"og:description\" content=\"activit\u00e9 vin et v\u00e9lo en Bourgogne\" \/>\n<meta property=\"og:url\" content=\"https:\/\/velovitamine.fr\/wp-content\/uploads\/2019\/04\/Balade-oeno4.jpg\" \/>\n<meta property=\"og:site_name\" content=\"Velovitamine.fr\" \/>\n<meta property=\"article:modified_time\" content=\"2024-03-31T12:51:42+00:00\" \/>\n<meta property=\"og:image\" content=\"https:\/\/velovitamine.fr\/wp-content\/uploads\/2019\/04\/Balade-oeno4.jpg\" \/>\n\t<meta property=\"og:image:width\" content=\"4000\" \/>\n\t<meta property=\"og:image:height\" content=\"2247\" \/>\n\t<meta property=\"og:image:type\" content=\"image\/jpeg\" \/>\n<meta name=\"twitter:card\" content=\"summary_large_image\" \/>\n<script type=\"application\/ld+json\" class=\"yoast-schema-graph\">{\"@context\":\"https:\/\/schema.org\",\"@graph\":[{\"@type\":\"WebPage\",\"@id\":\"https:\/\/velovitamine.fr\/wp-content\/uploads\/2019\/04\/Balade-oeno4.jpg\",\"url\":\"https:\/\/velovitamine.fr\/wp-content\/uploads\/2019\/04\/Balade-oeno4.jpg\",\"name\":\"Balade oeno d\u00e9gustative er cRu Gevrey Chambertin - Velovitamine.fr\",\"isPartOf\":{\"@id\":\"https:\/\/velovitamine.fr\/#website\"},\"datePublished\":\"2019-04-25T14:12:39+00:00\",\"dateModified\":\"2024-03-31T12:51:42+00:00\",\"breadcrumb\":{\"@id\":\"https:\/\/velovitamine.fr\/wp-content\/uploads\/2019\/04\/Balade-oeno4.jpg#breadcrumb\"},\"inLanguage\":\"es\",\"potentialAction\":[{\"@type\":\"ReadAction\",\"target\":[\"https:\/\/velovitamine.fr\/wp-content\/uploads\/2019\/04\/Balade-oeno4.jpg\"]}]},{\"@type\":\"BreadcrumbList\",\"@id\":\"https:\/\/velovitamine.fr\/wp-content\/uploads\/2019\/04\/Balade-oeno4.jpg#breadcrumb\",\"itemListElement\":[{\"@type\":\"ListItem\",\"position\":1,\"name\":\"Accueil\",\"item\":\"https:\/\/velovitamine.fr\/\"},{\"@type\":\"ListItem\",\"position\":2,\"name\":\"Articles, Blog, interview, presse &#8230;\",\"item\":\"https:\/\/velovitamine.fr\/article-blog-interview\/\"},{\"@type\":\"ListItem\",\"position\":3,\"name\":\"Balade oeno d\u00e9gustative er cRu Gevrey Chambertin\"}]},{\"@type\":\"WebSite\",\"@id\":\"https:\/\/velovitamine.fr\/#website\",\"url\":\"https:\/\/velovitamine.fr\/\",\"name\":\"Velovitamine.fr\",\"description\":\"(FR) Un site qui roule...\",\"publisher\":{\"@id\":\"https:\/\/velovitamine.fr\/#organization\"},\"potentialAction\":[{\"@type\":\"SearchAction\",\"target\":{\"@type\":\"EntryPoint\",\"urlTemplate\":\"https:\/\/velovitamine.fr\/?s={search_term_string}\"},\"query-input\":{\"@type\":\"PropertyValueSpecification\",\"valueRequired\":true,\"valueName\":\"search_term_string\"}}],\"inLanguage\":\"es\"},{\"@type\":\"Organization\",\"@id\":\"https:\/\/velovitamine.fr\/#organization\",\"name\":\"Velovitamine\",\"url\":\"https:\/\/velovitamine.fr\/\",\"logo\":{\"@type\":\"ImageObject\",\"inLanguage\":\"es\",\"@id\":\"https:\/\/velovitamine.fr\/#\/schema\/logo\/image\/\",\"url\":\"https:\/\/velovitamine.fr\/wp-content\/uploads\/2014\/10\/cropped-logo1-e1444671967804.jpg\",\"contentUrl\":\"https:\/\/velovitamine.fr\/wp-content\/uploads\/2014\/10\/cropped-logo1-e1444671967804.jpg\",\"width\":512,\"height\":512,\"caption\":\"Velovitamine\"},\"image\":{\"@id\":\"https:\/\/velovitamine.fr\/#\/schema\/logo\/image\/\"}}]}<\/script>\n<!-- \/ Yoast SEO plugin. -->","yoast_head_json":{"title":"Balade oeno d\u00e9gustative er cRu Gevrey Chambertin - Velovitamine.fr","robots":{"index":"index","follow":"follow","max-snippet":"max-snippet:-1","max-image-preview":"max-image-preview:large","max-video-preview":"max-video-preview:-1"},"canonical":"https:\/\/velovitamine.fr\/wp-content\/uploads\/2019\/04\/Balade-oeno4.jpg","og_locale":"es_ES","og_type":"article","og_title":"Balade oeno d\u00e9gustative er cRu Gevrey Chambertin - Velovitamine.fr","og_description":"activit\u00e9 vin et v\u00e9lo en Bourgogne","og_url":"https:\/\/velovitamine.fr\/wp-content\/uploads\/2019\/04\/Balade-oeno4.jpg","og_site_name":"Velovitamine.fr","article_modified_time":"2024-03-31T12:51:42+00:00","og_image":[{"width":4000,"height":2247,"url":"https:\/\/velovitamine.fr\/wp-content\/uploads\/2019\/04\/Balade-oeno4.jpg","type":"image\/jpeg"}],"twitter_card":"summary_large_image","schema":{"@context":"https:\/\/schema.org","@graph":[{"@type":"WebPage","@id":"https:\/\/velovitamine.fr\/wp-content\/uploads\/2019\/04\/Balade-oeno4.jpg","url":"https:\/\/velovitamine.fr\/wp-content\/uploads\/2019\/04\/Balade-oeno4.jpg","name":"Balade oeno d\u00e9gustative er cRu Gevrey Chambertin - Velovitamine.fr","isPartOf":{"@id":"https:\/\/velovitamine.fr\/#website"},"datePublished":"2019-04-25T14:12:39+00:00","dateModified":"2024-03-31T12:51:42+00:00","breadcrumb":{"@id":"https:\/\/velovitamine.fr\/wp-content\/uploads\/2019\/04\/Balade-oeno4.jpg#breadcrumb"},"inLanguage":"es","potentialAction":[{"@type":"ReadAction","target":["https:\/\/velovitamine.fr\/wp-content\/uploads\/2019\/04\/Balade-oeno4.jpg"]}]},{"@type":"BreadcrumbList","@id":"https:\/\/velovitamine.fr\/wp-content\/uploads\/2019\/04\/Balade-oeno4.jpg#breadcrumb","itemListElement":[{"@type":"ListItem","position":1,"name":"Accueil","item":"https:\/\/velovitamine.fr\/"},{"@type":"ListItem","position":2,"name":"Articles, Blog, interview, presse &#8230;","item":"https:\/\/velovitamine.fr\/article-blog-interview\/"},{"@type":"ListItem","position":3,"name":"Balade oeno d\u00e9gustative er cRu Gevrey Chambertin"}]},{"@type":"WebSite","@id":"https:\/\/velovitamine.fr\/#website","url":"https:\/\/velovitamine.fr\/","name":"Velovitamine.fr","description":"(FR) Un site qui roule...","publisher":{"@id":"https:\/\/velovitamine.fr\/#organization"},"potentialAction":[{"@type":"SearchAction","target":{"@type":"EntryPoint","urlTemplate":"https:\/\/velovitamine.fr\/?s={search_term_string}"},"query-input":{"@type":"PropertyValueSpecification","valueRequired":true,"valueName":"search_term_string"}}],"inLanguage":"es"},{"@type":"Organization","@id":"https:\/\/velovitamine.fr\/#organization","name":"Velovitamine","url":"https:\/\/velovitamine.fr\/","logo":{"@type":"ImageObject","inLanguage":"es","@id":"https:\/\/velovitamine.fr\/#\/schema\/logo\/image\/","url":"https:\/\/velovitamine.fr\/wp-content\/uploads\/2014\/10\/cropped-logo1-e1444671967804.jpg","contentUrl":"https:\/\/velovitamine.fr\/wp-content\/uploads\/2014\/10\/cropped-logo1-e1444671967804.jpg","width":512,"height":512,"caption":"Velovitamine"},"image":{"@id":"https:\/\/velovitamine.fr\/#\/schema\/logo\/image\/"}}]}},"description":{"rendered":"<p class=\"attachment\"><a href='https:\/\/velovitamine.fr\/wp-content\/uploads\/2019\/04\/Balade-oeno4.jpg'><img fetchpriority=\"high\" decoding=\"async\" width=\"300\" height=\"169\" src=\"https:\/\/velovitamine.fr\/wp-content\/uploads\/2019\/04\/Balade-oeno4-300x169.jpg\" class=\"attachment-medium size-medium\" alt=\"Balade v\u00e9lo\" srcset=\"https:\/\/velovitamine.fr\/wp-content\/uploads\/2019\/04\/Balade-oeno4-300x169.jpg 300w, https:\/\/velovitamine.fr\/wp-content\/uploads\/2019\/04\/Balade-oeno4-768x431.jpg 768w, https:\/\/velovitamine.fr\/wp-content\/uploads\/2019\/04\/Balade-oeno4-1024x575.jpg 1024w\" sizes=\"(max-width: 300px) 100vw, 300px\" \/><\/a><\/p>\n<p>balade guid\u00e9e \u00e0 v\u00e9lo dans le vignoble de bourgogne, d\u00e9gustation de vins, explications des climats<\/p>\n"},"caption":{"rendered":"<p>activit\u00e9 vin et v\u00e9lo en Bourgogne<\/p>\n"},"alt_text":"Balade v\u00e9lo","media_type":"image","mime_type":"image\/jpeg","media_details":{"width":4000,"height":2247,"file":"2019\/04\/Balade-oeno4.jpg","sizes":{"thumbnail":{"file":"Balade-oeno4-150x150.jpg","width":150,"height":150,"mime_type":"image\/jpeg","source_url":"https:\/\/velovitamine.fr\/wp-content\/uploads\/2019\/04\/Balade-oeno4-150x150.jpg"},"medium":{"file":"Balade-oeno4-300x169.jpg","width":300,"height":169,"mime_type":"image\/jpeg","source_url":"https:\/\/velovitamine.fr\/wp-content\/uploads\/2019\/04\/Balade-oeno4-300x169.jpg"},"medium_large":{"file":"Balade-oeno4-768x431.jpg","width":768,"height":431,"mime_type":"image\/jpeg","source_url":"https:\/\/velovitamine.fr\/wp-content\/uploads\/2019\/04\/Balade-oeno4-768x431.jpg"},"large":{"file":"Balade-oeno4-1024x575.jpg","width":1024,"height":575,"mime_type":"image\/jpeg","source_url":"https:\/\/velovitamine.fr\/wp-content\/uploads\/2019\/04\/Balade-oeno4-1024x575.jpg"},"standard":{"file":"Balade-oeno4-700x300.jpg","width":700,"height":300,"mime_type":"image\/jpeg","source_url":"https:\/\/velovitamine.fr\/wp-content\/uploads\/2019\/04\/Balade-oeno4-700x300.jpg"},"blog-medium":{"file":"Balade-oeno4-320x210.jpg","width":320,"height":210,"mime_type":"image\/jpeg","source_url":"https:\/\/velovitamine.fr\/wp-content\/uploads\/2019\/04\/Balade-oeno4-320x210.jpg"},"sixteen-columns":{"file":"Balade-oeno4-940x475.jpg","width":940,"height":475,"mime_type":"image\/jpeg","source_url":"https:\/\/velovitamine.fr\/wp-content\/uploads\/2019\/04\/Balade-oeno4-940x475.jpg"},"ten-columns":{"file":"Balade-oeno4-640x500.jpg","width":640,"height":500,"mime_type":"image\/jpeg","source_url":"https:\/\/velovitamine.fr\/wp-content\/uploads\/2019\/04\/Balade-oeno4-640x500.jpg"},"eight-columns":{"file":"Balade-oeno4-460x300.jpg","width":460,"height":300,"mime_type":"image\/jpeg","source_url":"https:\/\/velovitamine.fr\/wp-content\/uploads\/2019\/04\/Balade-oeno4-460x300.jpg"},"eight-columns-thin":{"file":"Balade-oeno4-460x250.jpg","width":460,"height":250,"mime_type":"image\/jpeg","source_url":"https:\/\/velovitamine.fr\/wp-content\/uploads\/2019\/04\/Balade-oeno4-460x250.jpg"},"mini":{"file":"Balade-oeno4-60x60.jpg","width":60,"height":60,"mime_type":"image\/jpeg","source_url":"https:\/\/velovitamine.fr\/wp-content\/uploads\/2019\/04\/Balade-oeno4-60x60.jpg"},"full":{"file":"Balade-oeno4.jpg","width":4000,"height":2247,"mime_type":"image\/jpeg","source_url":"https:\/\/velovitamine.fr\/wp-content\/uploads\/2019\/04\/Balade-oeno4.jpg"}},"image_meta":{"aperture":"0","credit":"","camera":"","caption":"","created_timestamp":"0","copyright":"","focal_length":"0","iso":"0","shutter_speed":"0","title":"","orientation":"0","keywords":[]}},"post":2202,"source_url":"https:\/\/velovitamine.fr\/wp-content\/uploads\/2019\/04\/Balade-oeno4.jpg","_links":{"self":[{"href":"https:\/\/velovitamine.fr\/es\/wp-json\/wp\/v2\/media\/2659","targetHints":{"allow":["GET"]}}],"collection":[{"href":"https:\/\/velovitamine.fr\/es\/wp-json\/wp\/v2\/media"}],"about":[{"href":"https:\/\/velovitamine.fr\/es\/wp-json\/wp\/v2\/types\/attachment"}],"author":[{"embeddable":true,"href":"https:\/\/velovitamine.fr\/es\/wp-json\/wp\/v2\/users\/2"}],"replies":[{"embeddable":true,"href":"https:\/\/velovitamine.fr\/es\/wp-json\/wp\/v2\/comments?post=2659"}],"wp:attached-to":[{"embeddable":true,"post_type":"page","id":2202,"href":"https:\/\/velovitamine.fr\/es\/wp-json\/wp\/v2\/pages\/2202"}],"curies":[{"name":"wp","href":"https:\/\/api.w.org\/{rel}","templated":true}]}}