{"id":307,"date":"2015-11-18T12:25:06","date_gmt":"2015-11-18T10:25:06","guid":{"rendered":"http:\/\/velovitamine.fr\/?page_id=307"},"modified":"2026-01-09T20:32:24","modified_gmt":"2026-01-09T18:32:24","slug":"qui-sommes-nous-velovitamine","status":"publish","type":"page","link":"https:\/\/velovitamine.fr\/en\/qui-sommes-nous-velovitamine\/","title":{"rendered":"Who am I ?"},"content":{"rendered":"<div style=\"height:100px\" aria-hidden=\"true\" class=\"wp-block-spacer\"><\/div>\r\n\r\n\r\n<p><\/strong><\/p>\r\n<p><\/p>\r\n<h3><strong>WHO IS YOUR INSTRUCTOR ?<\/strong><\/h3>\r\n<p>Ludwig Dagoreau<\/p>\r\n<p>I am a qualified sport instructor, specialized in open air activities and biking activities (including bike fixing). I am also specialized in wine.<br \/>I love open air sports, cycling, climbing and hiking. I love discovering all the hidden treasures which are provided by nature.<br \/>I am totally involved in any activity I offer.<br \/>My aims : share simple and efficient methods with you to help you in our activities and to encourage you to spend your energy and to relax in a friendly atmosphere so that every day is a source of joy and well being!<\/p>\r\n<p>And now, let\u2019s pedal!<\/p>\r\n<p><img decoding=\"async\" class=\"alignnone wp-image-1578\" src=\"http:\/\/velovitamine.fr\/wp-content\/uploads\/2016\/05\/Votre-Moniteur-Ludwig-1-300x211.jpg\" alt=\"Votre-Moniteur-Ludwig\" width=\"263\" height=\"185\" srcset=\"https:\/\/velovitamine.fr\/wp-content\/uploads\/2016\/05\/Votre-Moniteur-Ludwig-1-300x211.jpg 300w, https:\/\/velovitamine.fr\/wp-content\/uploads\/2016\/05\/Votre-Moniteur-Ludwig-1-640x453.jpg 640w, https:\/\/velovitamine.fr\/wp-content\/uploads\/2016\/05\/Votre-Moniteur-Ludwig-1.jpg 643w\" sizes=\"(max-width: 263px) 100vw, 263px\" \/><\/p>\r\n<p><strong>Contact information :<\/strong><\/p>\r\n<p><strong>06 74 59 70 64<\/strong><\/p>\r\n<p><a href=\"http:\/\/velovitamine.fr\/contact\/\" target=\"_blank\" rel=\"noopener noreferrer\"><strong>velovitamine@gmail.com<\/strong><\/a><\/p>\r\n<p><strong>Velovitamine \u2013 4 rue Clerc \u2013 21350 AVOSNES<\/strong><\/p>\r\n<p>\u00a0<\/p>","protected":false},"excerpt":{"rendered":"<p>WHO IS YOUR INSTRUCTOR ? Ludwig Dagoreau I am a qualified sport instructor, specialized in open air activities and biking activities (including bike fixing). I am also specialized in wine.I [&hellip;]<\/p>\n","protected":false},"author":1,"featured_media":0,"parent":0,"menu_order":0,"comment_status":"closed","ping_status":"closed","template":"","meta":{"_monsterinsights_skip_tracking":false,"_monsterinsights_sitenote_active":false,"_monsterinsights_sitenote_note":"","_monsterinsights_sitenote_category":0,"site-sidebar-layout":"default","site-content-layout":"default","ast-site-content-layout":"default","site-content-style":"default","site-sidebar-style":"default","ast-global-header-display":"","ast-banner-title-visibility":"","ast-main-header-display":"","ast-hfb-above-header-display":"","ast-hfb-below-header-display":"","ast-hfb-mobile-header-display":"","site-post-title":"","ast-breadcrumbs-content":"","ast-featured-img":"","footer-sml-layout":"","ast-disable-related-posts":"","theme-transparent-header-meta":"default","adv-header-id-meta":"","stick-header-meta":"","header-above-stick-meta":"","header-main-stick-meta":"","header-below-stick-meta":"","astra-migrate-meta-layouts":"set","ast-page-background-enabled":"default","ast-page-background-meta":{"desktop":{"background-color":"","background-image":"","background-repeat":"repeat","background-position":"center center","background-size":"auto","background-attachment":"scroll","background-type":"","background-media":"","overlay-type":"","overlay-color":"","overlay-opacity":"","overlay-gradient":""},"tablet":{"background-color":"","background-image":"","background-repeat":"repeat","background-position":"center center","background-size":"auto","background-attachment":"scroll","background-type":"","background-media":"","overlay-type":"","overlay-color":"","overlay-opacity":"","overlay-gradient":""},"mobile":{"background-color":"","background-image":"","background-repeat":"repeat","background-position":"center center","background-size":"auto","background-attachment":"scroll","background-type":"","background-media":"","overlay-type":"","overlay-color":"","overlay-opacity":"","overlay-gradient":""}},"ast-content-background-meta":{"desktop":{"background-color":"var(--ast-global-color-5)","background-image":"","background-repeat":"repeat","background-position":"center center","background-size":"auto","background-attachment":"scroll","background-type":"","background-media":"","overlay-type":"","overlay-color":"","overlay-opacity":"","overlay-gradient":""},"tablet":{"background-color":"var(--ast-global-color-5)","background-image":"","background-repeat":"repeat","background-position":"center center","background-size":"auto","background-attachment":"scroll","background-type":"","background-media":"","overlay-type":"","overlay-color":"","overlay-opacity":"","overlay-gradient":""},"mobile":{"background-color":"var(--ast-global-color-5)","background-image":"","background-repeat":"repeat","background-position":"center center","background-size":"auto","background-attachment":"scroll","background-type":"","background-media":"","overlay-type":"","overlay-color":"","overlay-opacity":"","overlay-gradient":""}},"footnotes":""},"class_list":["post-307","page","type-page","status-publish","hentry"],"yoast_head":"<!-- This site is optimized with the Yoast SEO plugin v27.2 - https:\/\/yoast.com\/product\/yoast-seo-wordpress\/ -->\n<title>Ludwig Dagoreau, Moniteur sportif et fondateur de V\u00e9lovitamine.<\/title>\n<meta name=\"description\" content=\"Ludwig Dagoreau, Moniteur sportif et fondateur de V\u00e9lovitamine. Sp\u00e9cialiste des activit\u00e9s du cyclisme et des activit\u00e9s de pleine nature.\" \/>\n<meta name=\"robots\" content=\"index, follow, max-snippet:-1, max-image-preview:large, max-video-preview:-1\" \/>\n<link rel=\"canonical\" href=\"https:\/\/velovitamine.fr\/qui-sommes-nous-velovitamine\/\" \/>\n<meta property=\"og:locale\" content=\"en_US\" \/>\n<meta property=\"og:type\" content=\"article\" \/>\n<meta property=\"og:title\" content=\"Ludwig Dagoreau, Moniteur sportif et fondateur de V\u00e9lovitamine.\" \/>\n<meta property=\"og:description\" content=\"Ludwig Dagoreau, Moniteur sportif et fondateur de V\u00e9lovitamine. Sp\u00e9cialiste des activit\u00e9s du cyclisme et des activit\u00e9s de pleine nature.\" \/>\n<meta property=\"og:url\" content=\"https:\/\/velovitamine.fr\/qui-sommes-nous-velovitamine\/\" \/>\n<meta property=\"og:site_name\" content=\"Velovitamine.fr\" \/>\n<meta property=\"article:modified_time\" content=\"2026-01-09T18:32:24+00:00\" \/>\n<meta property=\"og:image\" content=\"https:\/\/velovitamine.fr\/wp-content\/uploads\/2019\/05\/VTT-descente-Autun-2018-velovitamine.jpg\" \/>\n\t<meta property=\"og:image:width\" content=\"4327\" \/>\n\t<meta property=\"og:image:height\" content=\"2430\" \/>\n\t<meta property=\"og:image:type\" content=\"image\/jpeg\" \/>\n<meta name=\"twitter:card\" content=\"summary_large_image\" \/>\n<meta name=\"twitter:label1\" content=\"Est. reading time\" \/>\n\t<meta name=\"twitter:data1\" content=\"2 minutes\" \/>\n<script type=\"application\/ld+json\" class=\"yoast-schema-graph\">{\"@context\":\"https:\/\/schema.org\",\"@graph\":[{\"@type\":\"WebPage\",\"@id\":\"https:\/\/velovitamine.fr\/qui-sommes-nous-velovitamine\/\",\"url\":\"https:\/\/velovitamine.fr\/qui-sommes-nous-velovitamine\/\",\"name\":\"Ludwig Dagoreau, Moniteur sportif et fondateur de V\u00e9lovitamine.\",\"isPartOf\":{\"@id\":\"https:\/\/velovitamine.fr\/#website\"},\"primaryImageOfPage\":{\"@id\":\"https:\/\/velovitamine.fr\/qui-sommes-nous-velovitamine\/#primaryimage\"},\"image\":{\"@id\":\"https:\/\/velovitamine.fr\/qui-sommes-nous-velovitamine\/#primaryimage\"},\"thumbnailUrl\":\"https:\/\/velovitamine.fr\/wp-content\/uploads\/2019\/05\/VTT-descente-Autun-2018-velovitamine-300x168.jpg\",\"datePublished\":\"2015-11-18T10:25:06+00:00\",\"dateModified\":\"2026-01-09T18:32:24+00:00\",\"description\":\"Ludwig Dagoreau, Moniteur sportif et fondateur de V\u00e9lovitamine. Sp\u00e9cialiste des activit\u00e9s du cyclisme et des activit\u00e9s de pleine nature.\",\"breadcrumb\":{\"@id\":\"https:\/\/velovitamine.fr\/qui-sommes-nous-velovitamine\/#breadcrumb\"},\"inLanguage\":\"en-US\",\"potentialAction\":[{\"@type\":\"ReadAction\",\"target\":[\"https:\/\/velovitamine.fr\/qui-sommes-nous-velovitamine\/\"]}]},{\"@type\":\"ImageObject\",\"inLanguage\":\"en-US\",\"@id\":\"https:\/\/velovitamine.fr\/qui-sommes-nous-velovitamine\/#primaryimage\",\"url\":\"https:\/\/velovitamine.fr\/wp-content\/uploads\/2019\/05\/VTT-descente-Autun-2018-velovitamine-300x168.jpg\",\"contentUrl\":\"https:\/\/velovitamine.fr\/wp-content\/uploads\/2019\/05\/VTT-descente-Autun-2018-velovitamine-300x168.jpg\"},{\"@type\":\"BreadcrumbList\",\"@id\":\"https:\/\/velovitamine.fr\/qui-sommes-nous-velovitamine\/#breadcrumb\",\"itemListElement\":[{\"@type\":\"ListItem\",\"position\":1,\"name\":\"Accueil\",\"item\":\"https:\/\/velovitamine.fr\/\"},{\"@type\":\"ListItem\",\"position\":2,\"name\":\"Qui suis-je ?\"}]},{\"@type\":\"WebSite\",\"@id\":\"https:\/\/velovitamine.fr\/#website\",\"url\":\"https:\/\/velovitamine.fr\/\",\"name\":\"Velovitamine.fr\",\"description\":\"The rolling web site...\",\"publisher\":{\"@id\":\"https:\/\/velovitamine.fr\/#organization\"},\"potentialAction\":[{\"@type\":\"SearchAction\",\"target\":{\"@type\":\"EntryPoint\",\"urlTemplate\":\"https:\/\/velovitamine.fr\/?s={search_term_string}\"},\"query-input\":{\"@type\":\"PropertyValueSpecification\",\"valueRequired\":true,\"valueName\":\"search_term_string\"}}],\"inLanguage\":\"en-US\"},{\"@type\":\"Organization\",\"@id\":\"https:\/\/velovitamine.fr\/#organization\",\"name\":\"Velovitamine\",\"url\":\"https:\/\/velovitamine.fr\/\",\"logo\":{\"@type\":\"ImageObject\",\"inLanguage\":\"en-US\",\"@id\":\"https:\/\/velovitamine.fr\/#\/schema\/logo\/image\/\",\"url\":\"https:\/\/velovitamine.fr\/wp-content\/uploads\/2014\/10\/cropped-logo1-e1444671967804.jpg\",\"contentUrl\":\"https:\/\/velovitamine.fr\/wp-content\/uploads\/2014\/10\/cropped-logo1-e1444671967804.jpg\",\"width\":512,\"height\":512,\"caption\":\"Velovitamine\"},\"image\":{\"@id\":\"https:\/\/velovitamine.fr\/#\/schema\/logo\/image\/\"}}]}<\/script>\n<!-- \/ Yoast SEO plugin. -->","yoast_head_json":{"title":"Ludwig Dagoreau, Moniteur sportif et fondateur de V\u00e9lovitamine.","description":"Ludwig Dagoreau, Moniteur sportif et fondateur de V\u00e9lovitamine. Sp\u00e9cialiste des activit\u00e9s du cyclisme et des activit\u00e9s de pleine nature.","robots":{"index":"index","follow":"follow","max-snippet":"max-snippet:-1","max-image-preview":"max-image-preview:large","max-video-preview":"max-video-preview:-1"},"canonical":"https:\/\/velovitamine.fr\/qui-sommes-nous-velovitamine\/","og_locale":"en_US","og_type":"article","og_title":"Ludwig Dagoreau, Moniteur sportif et fondateur de V\u00e9lovitamine.","og_description":"Ludwig Dagoreau, Moniteur sportif et fondateur de V\u00e9lovitamine. Sp\u00e9cialiste des activit\u00e9s du cyclisme et des activit\u00e9s de pleine nature.","og_url":"https:\/\/velovitamine.fr\/qui-sommes-nous-velovitamine\/","og_site_name":"Velovitamine.fr","article_modified_time":"2026-01-09T18:32:24+00:00","og_image":[{"width":4327,"height":2430,"url":"https:\/\/velovitamine.fr\/wp-content\/uploads\/2019\/05\/VTT-descente-Autun-2018-velovitamine.jpg","type":"image\/jpeg"}],"twitter_card":"summary_large_image","twitter_misc":{"Est. reading time":"2 minutes"},"schema":{"@context":"https:\/\/schema.org","@graph":[{"@type":"WebPage","@id":"https:\/\/velovitamine.fr\/qui-sommes-nous-velovitamine\/","url":"https:\/\/velovitamine.fr\/qui-sommes-nous-velovitamine\/","name":"Ludwig Dagoreau, Moniteur sportif et fondateur de V\u00e9lovitamine.","isPartOf":{"@id":"https:\/\/velovitamine.fr\/#website"},"primaryImageOfPage":{"@id":"https:\/\/velovitamine.fr\/qui-sommes-nous-velovitamine\/#primaryimage"},"image":{"@id":"https:\/\/velovitamine.fr\/qui-sommes-nous-velovitamine\/#primaryimage"},"thumbnailUrl":"https:\/\/velovitamine.fr\/wp-content\/uploads\/2019\/05\/VTT-descente-Autun-2018-velovitamine-300x168.jpg","datePublished":"2015-11-18T10:25:06+00:00","dateModified":"2026-01-09T18:32:24+00:00","description":"Ludwig Dagoreau, Moniteur sportif et fondateur de V\u00e9lovitamine. Sp\u00e9cialiste des activit\u00e9s du cyclisme et des activit\u00e9s de pleine nature.","breadcrumb":{"@id":"https:\/\/velovitamine.fr\/qui-sommes-nous-velovitamine\/#breadcrumb"},"inLanguage":"en-US","potentialAction":[{"@type":"ReadAction","target":["https:\/\/velovitamine.fr\/qui-sommes-nous-velovitamine\/"]}]},{"@type":"ImageObject","inLanguage":"en-US","@id":"https:\/\/velovitamine.fr\/qui-sommes-nous-velovitamine\/#primaryimage","url":"https:\/\/velovitamine.fr\/wp-content\/uploads\/2019\/05\/VTT-descente-Autun-2018-velovitamine-300x168.jpg","contentUrl":"https:\/\/velovitamine.fr\/wp-content\/uploads\/2019\/05\/VTT-descente-Autun-2018-velovitamine-300x168.jpg"},{"@type":"BreadcrumbList","@id":"https:\/\/velovitamine.fr\/qui-sommes-nous-velovitamine\/#breadcrumb","itemListElement":[{"@type":"ListItem","position":1,"name":"Accueil","item":"https:\/\/velovitamine.fr\/"},{"@type":"ListItem","position":2,"name":"Qui suis-je ?"}]},{"@type":"WebSite","@id":"https:\/\/velovitamine.fr\/#website","url":"https:\/\/velovitamine.fr\/","name":"Velovitamine.fr","description":"The rolling web site...","publisher":{"@id":"https:\/\/velovitamine.fr\/#organization"},"potentialAction":[{"@type":"SearchAction","target":{"@type":"EntryPoint","urlTemplate":"https:\/\/velovitamine.fr\/?s={search_term_string}"},"query-input":{"@type":"PropertyValueSpecification","valueRequired":true,"valueName":"search_term_string"}}],"inLanguage":"en-US"},{"@type":"Organization","@id":"https:\/\/velovitamine.fr\/#organization","name":"Velovitamine","url":"https:\/\/velovitamine.fr\/","logo":{"@type":"ImageObject","inLanguage":"en-US","@id":"https:\/\/velovitamine.fr\/#\/schema\/logo\/image\/","url":"https:\/\/velovitamine.fr\/wp-content\/uploads\/2014\/10\/cropped-logo1-e1444671967804.jpg","contentUrl":"https:\/\/velovitamine.fr\/wp-content\/uploads\/2014\/10\/cropped-logo1-e1444671967804.jpg","width":512,"height":512,"caption":"Velovitamine"},"image":{"@id":"https:\/\/velovitamine.fr\/#\/schema\/logo\/image\/"}}]}},"_links":{"self":[{"href":"https:\/\/velovitamine.fr\/en\/wp-json\/wp\/v2\/pages\/307","targetHints":{"allow":["GET"]}}],"collection":[{"href":"https:\/\/velovitamine.fr\/en\/wp-json\/wp\/v2\/pages"}],"about":[{"href":"https:\/\/velovitamine.fr\/en\/wp-json\/wp\/v2\/types\/page"}],"author":[{"embeddable":true,"href":"https:\/\/velovitamine.fr\/en\/wp-json\/wp\/v2\/users\/1"}],"replies":[{"embeddable":true,"href":"https:\/\/velovitamine.fr\/en\/wp-json\/wp\/v2\/comments?post=307"}],"version-history":[{"count":77,"href":"https:\/\/velovitamine.fr\/en\/wp-json\/wp\/v2\/pages\/307\/revisions"}],"predecessor-version":[{"id":260830,"href":"https:\/\/velovitamine.fr\/en\/wp-json\/wp\/v2\/pages\/307\/revisions\/260830"}],"wp:attachment":[{"href":"https:\/\/velovitamine.fr\/en\/wp-json\/wp\/v2\/media?parent=307"}],"curies":[{"name":"wp","href":"https:\/\/api.w.org\/{rel}","templated":true}]}}