{"id":258033,"date":"2021-04-20T22:28:08","date_gmt":"2021-04-20T20:28:08","guid":{"rendered":"https:\/\/velovitamine.fr\/clone\/?page_id=258033"},"modified":"2025-04-10T00:50:46","modified_gmt":"2025-04-09T22:50:46","slug":"vtt-cours-descentes-randonnees","status":"publish","type":"page","link":"https:\/\/velovitamine.fr\/en\/activites-2\/vtt-cours-descentes-randonnees\/","title":{"rendered":"VTT &#8211; cours, descentes, randonn\u00e9es"},"content":{"rendered":"<p class=\"qtranxs-available-languages-message qtranxs-available-languages-message-en\">Sorry, this entry is only available in <a href=\"https:\/\/velovitamine.fr\/fr\/wp-json\/wp\/v2\/pages\/258033\" class=\"qtranxs-available-language-link qtranxs-available-language-link-fr\" title=\"FR\">FR<\/a>. For the sake of viewer convenience, the content is shown below in the alternative language. You may click the link to switch the active language.<\/p><h2 class=\"wp-block-heading\">Activit\u00e9s VTT<\/h2>\r\n\r\n<div class=\"responsive-tabs\">\n<h2 class=\"tabtitle\">Cours pilotage<\/h2>\n<div class=\"tabcontent\">\n\r\n<h2><strong>Cours pilotage VTT<\/strong><\/h2>\r\n<h3><strong>Tout niveau &#8211; de l&#8217;initiation ou perfectionnement,<br \/>Tout public &#8211; du club au particulier, pour adultes et enfants<br \/><\/strong><\/h3>\r\n<hr \/>\r\n<h3><strong>Club VTT\u00a0 sp\u00e9cial enfants 6\/15 ans d\u00e9couverte, apprentissage VTT\u00a0<\/strong><\/h3>\r\n<p><strong style=\"font-size: 16px; font-style: normal;\">Th\u00e8me :<\/strong><span style=\"font-size: 16px; font-style: normal; font-weight: 400;\"> Cours technique et randonn\u00e9es, et surtout du savoir vivre et \u00eatre. Tous ensemble pour mieux avancer !! Freinage, trajectoire, positionnements, sauts, franchissements, transmission, engagement, orientation, code de la route, conduite en groupe. E du tout terrain (bois, neige, pente, pluie, terre, roche&#8230;.)<br \/><\/span><strong>Rendez-vous \u00e0 Mont-Saint-Jean<\/strong> un mercredi sur deux.<br \/><strong>Sessions 6-8 ans :<\/strong> de 10h \u00e0 12h <br \/><strong>Sessions <\/strong><span style=\"font-size: 16px; font-style: normal; font-weight: 400;\"><strong>9 -12 ans et + : <\/strong>de <\/span><span style=\"font-size: 16px;\">14h \u00e0 16H\u00a0<br \/><strong>Encadrement :<\/strong> Moniteur dipl\u00f4m\u00e9 VTT\/BMX\u00a0<br \/><\/span><strong>Lieu\/terrain :<\/strong> Local de la Grange Vermont, 21320 Mont ST Jean &#8211; Mairey<br \/>Plus de renseignements et inscription <a href=\"https:\/\/lacoudee.fr\/ateliers-enfants\/\" target=\"_blank\" rel=\"noopener\">cliquez ici (association La Coud\u00e9e \u00e0 Mont ST Jean 21320).<\/a><\/p>\r\n<hr \/>\r\n<h3><strong>Cours individuel<\/strong><\/h3>\r\n<p>Reprendre les bases essentielles du VTT jusqu&#8217;au pilotage technique. <br \/><strong><br \/>Th\u00e8me <\/strong>: freinage, trajectoire, positionnements, sauts, franchissements, transmission, engagement, orientation, r\u00e9glage du poste de pilotage + conseils mat\u00e9riels et travail sp\u00e9cifique selon les demandes.<br \/><strong>Lieu\/terrain :<\/strong> au d\u00e9part de la base VTT d&#8217;Avosnes (21350), sur pistes, chemins, singles, descentes de tout niveau, zones caillouteuses, humides, s\u00e8ches&#8230;, en pleine nature dans la vall\u00e9e de l&#8217;Ozerain.<br \/><strong>D\u00e9roulement de base <\/strong><strong>:<br \/><\/strong>Les bases : cours de sensibilisation, v\u00e9rification de niveau, ateliers techniques de mise \u00e0 niveau et +. Techniques de pilotage progressive et mise en pratique sur des ateliers puis parcours\/pistes de diff\u00e9rents niveaux.<br \/><strong>Logistique :<\/strong> votre \u00e9quipement sportif \u00e0 apporter (VTT semi-rigide ou tout suspendu , casque, lunettes, gants, tenue selon la m\u00e9t\u00e9o).<br \/><strong>Horaire \/dur\u00e9e : <\/strong> 2h \u00e0 2h30, toute l&#8217;ann\u00e9e du lundi au vendredi + en wk de novembre \u00e0 mars.<br \/><strong>Lieu : <\/strong>Au d\u00e9part de mon local au village d&#8217;Avosnes \u00e0 10 mn de Sombernon\/Vitteaux<\/p>\r\n<p><strong>Tarif cours personnalis\u00e9 1 \u00e0 2 participants : <\/strong>90\u20ac le cours<\/p>\r\n<p>En direct avec Ludwig sur RDV au 06 74 59 70 64 ou par email :<strong><a href=\"\/contact-2\/\" rel=\"noopener noreferrer\">Contactez nous !<\/a><\/strong>\u00a0 <br \/>Ou si vous d\u00e9sirez offrir un cours :\u00a0<a href=\"https:\/\/velovitamine.fr\/bons-cadeaux-bk\/#!\/e\/1af5982416aac70ca4bd85ba9d5089e9\" target=\"_blank\" rel=\"noopener\"> bon cadeau ici\u00a0<\/a><\/p>\r\n<hr \/>\r\n<h3><strong>\u00a0Apprentissage, Cours pilotage Groupe,\u00a0<\/strong><\/h3>\r\n<p>Caract\u00e9ristiques identiques (voir ci-dessus) et encadrement sp\u00e9cifique selon le niveau des participants.<\/p>\r\n<h4><strong>Tarifs cours club, groupe, VTT\u00a0 ou VTT de descente : <\/strong>sur demande selon le lieu de l&#8217;activit\u00e9.<\/h4>\r\n\n<\/div><h2 class=\"tabtitle\">Rando encadr\u00e9es<\/h2>\n<div class=\"tabcontent\">\n\r\n<h2><strong>Randonn\u00e9es VTT, du Vrai Tout Terrain&#8230;!<\/strong><\/h2>\r\n<h3>\u00e0 VTT ou VTT \u00e9lectrique \u00a0<a href=\"https:\/\/velovitamine.fr\/carte-des-activites-2\/?activity=Randonn\u00e9es VTT \/ VTT \u00e9lec\"> <img decoding=\"async\" title=\"Situer sur carte interactive\" src=\"https:\/\/velovitamine.fr\/wp-content\/uploads\/2022\/03\/icone-carte.png \" alt=\"Situer sur carte interactive\" \/> <\/a><\/h3>\r\n<p>Velovitamine vous propose des <strong>randonn\u00e9es<\/strong> au travers des chemins, singles, vignobles, combes et coteaux de Bourgogne. Afin de parfaire vos efforts, nous vous emmenons sur des <strong>circuits \u00e0 profils et altitudes vari\u00e9s<\/strong> : bois, sable, humus, argile, calcaire et granite.<\/p>\r\n<p>Ludwig votre moniteur (MCF) prend en compte votre demande et s&#8217;adapte \u00e0 votre niveau. <strong><a href=\"\/contact-2\/\" rel=\"noopener noreferrer\">Contactez nous !<\/a><\/strong><\/p>\r\n<h3><strong>Cl\u00e9 en main : moniteur + VTT\u00a0 ou \u00e9lectrique+ randonn\u00e9e, conseil technique<br \/><\/strong><\/h3>\r\n<h3><strong>Tarif 1\/2 journ\u00e9e VTT : 39\u20ac \u00e0 59 \u20ac\/pers <\/strong><\/h3>\r\n<h3><strong>Tarif 1\/2 journ\u00e9e VTT AE : 69\u20ac \u00e0 89\u20ac\/pers<\/strong><\/h3>\r\n<hr \/>\r\n<h3><strong>Nos randonn\u00e9es<\/strong><\/h3>\r\n<p><strong>Dur\u00e9e :<\/strong> 1\/2 journ\u00e9e 2h \u00e0 3h ou journ\u00e9e<\/p>\r\n<p><strong>Parcours :<\/strong> sur 20,30, 45, 55&#8230; kms<\/p>\r\n<p><strong>D\u00e9part :<\/strong> sur r\u00e9servation<\/p>\r\n<p><\/p>\r\n<details>\r\n<summary>Rando des vignes<\/summary>\r\n<p class=\"blocInfo\"><img decoding=\"async\" class=\"alignnone wp-image-2368\" src=\"https:\/\/velovitamine.fr\/wp-content\/uploads\/2018\/04\/Rando-vtt-des-vignes-velovitamine-2017-7-300x169.jpg\" alt=\"\" width=\"250\" height=\"141\" srcset=\"https:\/\/velovitamine.fr\/wp-content\/uploads\/2018\/04\/Rando-vtt-des-vignes-velovitamine-2017-7-300x169.jpg 300w, https:\/\/velovitamine.fr\/wp-content\/uploads\/2018\/04\/Rando-vtt-des-vignes-velovitamine-2017-7-768x432.jpg 768w, https:\/\/velovitamine.fr\/wp-content\/uploads\/2018\/04\/Rando-vtt-des-vignes-velovitamine-2017-7-1024x576.jpg 1024w, https:\/\/velovitamine.fr\/wp-content\/uploads\/2018\/04\/Rando-vtt-des-vignes-velovitamine-2017-7.jpg 1160w\" sizes=\"(max-width: 250px) 100vw, 250px\" \/> \u00a0<br \/>Une randonn\u00e9e \u00e0 travers le vignoble avec quelques l\u00e9g\u00e8res mont\u00e9es pour des panoramas sur nos crus de Bourgogne. Des singles et un trac\u00e9 d\u00e9couverte sur la c\u00f4te viticole entre chemins, for\u00eats et villages de vignerons. Entre singles caillouteux ou terreux, passages arpent\u00e9s de feuillus et les panoramas se succ\u00e8dent au travers du vignoble.<br \/>D\u00e9part : Chen\u00f4ve, Pommard, Meursault&#8230;<br \/>Intensit\u00e9 au choix : facile \u00e0 mod\u00e9r\u00e9<\/p>\r\n<\/details><details>\r\n<summary>Avosnes, contr\u00e9es sauvages<\/summary>\r\n<p class=\"blocInfo\"><img decoding=\"async\" class=\"alignnone wp-image-186212\" src=\"https:\/\/velovitamine.fr\/wp-content\/uploads\/2014\/10\/rando-vtt-contrees-sauvages-avosnes-2020-300x197.jpg\" alt=\"randonn\u00e9e \u00e0 VTT dans la vall\u00e9e de l'Auxois \u00e0 Avosnes\" width=\"266\" height=\"175\" srcset=\"https:\/\/velovitamine.fr\/wp-content\/uploads\/2014\/10\/rando-vtt-contrees-sauvages-avosnes-2020-300x197.jpg 300w, https:\/\/velovitamine.fr\/wp-content\/uploads\/2014\/10\/rando-vtt-contrees-sauvages-avosnes-2020-1024x673.jpg 1024w, https:\/\/velovitamine.fr\/wp-content\/uploads\/2014\/10\/rando-vtt-contrees-sauvages-avosnes-2020-768x504.jpg 768w, https:\/\/velovitamine.fr\/wp-content\/uploads\/2014\/10\/rando-vtt-contrees-sauvages-avosnes-2020-320x210.jpg 320w, https:\/\/velovitamine.fr\/wp-content\/uploads\/2014\/10\/rando-vtt-contrees-sauvages-avosnes-2020.jpg 1218w\" sizes=\"(max-width: 266px) 100vw, 266px\" \/>\u00a0<br \/>Parcours entre for\u00eat, anciennes voies de halage, descentes dans les bois, hameaux bourguignons\u2026 Une randonn\u00e9e simple mais 100% nature ! Le petit + : un spot panoramique \u00e0 d\u00e9couvrir au milieu d&#8217;arbres centenaires et sa source&#8230;<br \/>D\u00e9part : Avosnes de mon local<br \/>Intensit\u00e9 au choix : facile \u00e0 mod\u00e9r\u00e9<\/p>\r\n<\/details><details>\r\n<summary>L\u2019Auxois Sud<\/summary>\r\n<p class=\"blocInfo\"><img decoding=\"async\" class=\"alignnone wp-image-2374\" src=\"https:\/\/velovitamine.fr\/wp-content\/uploads\/2018\/04\/Rando-VTT-Vall\u00e9e-de-lOuche-Velovitamine-300x225.jpg\" alt=\"randonn\u00e9e VTT terres d'Auxois\" width=\"257\" height=\"193\" srcset=\"https:\/\/velovitamine.fr\/wp-content\/uploads\/2018\/04\/Rando-VTT-Vall\u00e9e-de-lOuche-Velovitamine-300x225.jpg 300w, https:\/\/velovitamine.fr\/wp-content\/uploads\/2018\/04\/Rando-VTT-Vall\u00e9e-de-lOuche-Velovitamine-768x576.jpg 768w, https:\/\/velovitamine.fr\/wp-content\/uploads\/2018\/04\/Rando-VTT-Vall\u00e9e-de-lOuche-Velovitamine-1024x768.jpg 1024w, https:\/\/velovitamine.fr\/wp-content\/uploads\/2018\/04\/Rando-VTT-Vall\u00e9e-de-lOuche-Velovitamine.jpg 1133w\" sizes=\"(max-width: 257px) 100vw, 257px\" \/><br \/>Les monuments perch\u00e9s sur les collines offrent une vue \u00e9tonnante: Ch\u00e2teauneuf-en-Auxois, Civry-en-Montagne, la Combe Carr\u00e9e\u2026<span style=\"font-size: 16px; font-style: normal; font-weight: 400;\">sources naturelles, grotte de la Roche Ch\u00e8vre, les 5 vall\u00e9es, For\u00eat de Bouhey&#8230;<\/span><br \/>Au programme: for\u00eat, descente vers le lac, mont\u00e9e sur les plateaux calcaires, travers\u00e9es de chemins oubli\u00e9s&#8230;<br \/>D\u00e9part : Civry-en-Montagne, Chateauneuf en auxois, Sombernon<br \/>Intensit\u00e9 au choix : mod\u00e9r\u00e9 \u00e0 intense<span style=\"font-size: 16px;\">\u00a0<\/span><\/p>\r\n<\/details>\r\n<p><\/p>\r\n<hr class=\"wp-block-separator\" \/>\r\n<p><\/p>\r\n<h3>Infos pratiques<\/h3>\r\n<p><strong>\u00c9quipement fourni :<\/strong> VTTAE ou VTT semi rigide &#8220;Lapierre, Scott, BH, Giant, Vitus&#8221; et casque.<\/p>\r\n<p><strong>En 1\/2 ou journ\u00e9e : <\/strong>Collation, d\u00e9gustation typique fin d&#8217;activit\u00e9, d\u00e9jeuner en pique-nique tir\u00e9 du sac dans un cadre bucolique.<\/p>\r\n<p><strong>Sur 2 jours &amp; 1 nuit : <\/strong>travers\u00e9 de la C\u00f4te d&#8217;Or de Semur \u00e0 Dijon ou du vignoble C\u00f4te de Nuits Beaune &#8230;, h\u00e9bergement, restauration en g\u00eete auberge, navette de retour d\u00e9part (sur devis).<\/p>\r\n<p><strong>Stage &#8220;jeune 2-3-4-5 jours <\/strong><strong>VTT&#8221; <\/strong>(camp itin\u00e9rant, pilotage&#8230;.jusqu&#8217;\u00e0 12 participants) &#8211; sur demande.<\/p>\r\n\n<\/div><h2 class=\"tabtitle\">DH - VTT de descente<\/h2>\n<div class=\"tabcontent\">\n\r\n<h2><strong>VTT de descente DH \u00e0 AUTUN<\/strong><\/h2>\r\n<h3><strong>Location ou pilotage \/ encadrement<br \/><\/strong><\/h3>\r\n<h3><strong>Descentes sur pistes homologu\u00e9es &#8211; site d&#8217;Autun<\/strong><\/h3>\r\n<p>Autun ouvre ses sillons pour vos roues. Les pistes (verte, bleue et rouge) attendent vos premi\u00e8res traces (noires et free ride pour les plus avertis). Pas de p\u00e9dalage sur ces s\u00e9ances, vous quitterez la croix de la Lib\u00e9ration, \u00e0 allure de descente pour des pistes ludiques aux diff\u00e9rentes trajectoires, \u00e9pingles, S, virage \u00e0 90\u00b0. <strong>Des sensations fortes au c\u0153ur d\u2019un p\u00e2turage d\u2019exception !<\/strong><\/p>\r\n<h3><strong>Deux formules pour <\/strong><strong>un maximum de descentes :<\/strong><\/h3>\r\n<p><strong> 1. <\/strong><strong>Autonome : s\u00e9ance libre en location v\u00e9lo\/descente et navette<br \/><\/strong><strong>2. Accompagn\u00e9e : s\u00e9ance initiatique + atelier pilotage\/descente encadrement moniteur et navette<br \/><\/strong><\/p>\r\n<p><strong>Pistes homologu\u00e9es FFC,<\/strong> longueur de 1500 m et des pentes de 6 \u00e0 12% :<\/p>\r\n<ol>\r\n<li>Piste verte &#8211; La Reviret, terrain de jeu pour la d\u00e9couverte et l&#8217;apprentissage (pente de 6 \u00e0 8%).<\/li>\r\n<li>Pistes bleue &#8211; La Rivault, pour progresser et avoir de belles sensations (pente de 8 \u00e0 10%).<\/li>\r\n<li>Pistes rouge \u2013 La Saint-S\u00e9bastien pour des descentes plus techniques (pente de 10 \u00e0 12%).<\/li>\r\n<li>Pistes noires &#8211; du Breuil ou d&#8217;Autun, pour les plus exp\u00e9riment\u00e9s (table, gros sauts, wall ride&#8230;, des passages \u00e0 15%)<\/li>\r\n<\/ol>\r\n<p><strong>Pistes free ride :<\/strong> niveau bleu longueur 1200 m (rouge et noir &#8230; \u00e0 voir sur place)<\/p>\r\n<p><strong>\u00c9quipement fourni :<\/strong> VTT semi rigide, VTT de descente et free-ride, casque int\u00e9gral, pr\u00eat de dorsale selon la disponibilit\u00e9<\/p>\r\n<p><strong>Encadrement :<\/strong> Moniteur dipl\u00f4m\u00e9 d\u2019\u00c9tat VTT \/ MCF Moniteur cycliste fran\u00e7ais<\/p>\r\n<p><strong>Logistique :<\/strong> une navette assure les remont\u00e9es de l&#8217;arriv\u00e9e au d\u00e9part.<\/p>\r\n<p><strong>Public :<\/strong> adultes &amp; enfants : \u00e0 partir de 10\/12 ans (7\/8 ans si pratique VTT licenci\u00e9)<\/p>\r\n<p><strong>Horaire &amp; dur\u00e9e :<\/strong> 1\/2 journ\u00e9e de 3h \u00e0 la journ\u00e9e<\/p>\r\n<h3><strong>Tarif 1\/2 journ\u00e9e sur Autun <\/strong><\/h3>\r\n<p><strong><br \/>Formule 1 : location VTT de descente + casque int\u00e9gral + conseils et mini atelier de pilotage au d\u00e9part + navette\u00a0<\/strong><\/p>\r\n<p><strong>Toute l&#8217;ann\u00e9e base minimum 7 pers : \u00e0 partir de 6<\/strong><strong>9 \u20ac\/pers\u00a0<\/strong><\/p>\r\n<p><strong>RQ :<\/strong> tarif moindre avec le pr\u00eat remorque 15 VTT et le conducteur mais sans navette\u00a0<\/p>\r\n<p><strong> Formule 2 : sur devis <\/strong><\/p>\r\n<p style=\"text-align: center;\"><strong><a href=\"https:\/\/youtu.be\/fVCEJxq7Oiw\" target=\"_blank\" rel=\"noopener noreferrer\">Cliquez ici pour vid\u00e9o VTT descente sur piste \u00e0 Autun<\/a><\/strong><\/p>\r\n\n<\/div><h2 class=\"tabtitle\">FTT Buggy bike<\/h2>\n<div class=\"tabcontent\">\n\r\n<h2><strong>FTT &#8211; Fauteuil tout terrain \u00abBUGGY BIKE\u00bb<\/strong><\/h2>\r\n<p><strong>Ce VTT \u00e0 quatre roues, quatre suspensions, quatre freins \u00e0 disque va vous procurer des sensations<\/strong> ! Enfin le VTT accessible \u00e0 tous, valides ou non. Votre moniteur vous encadre et vous accompagne pour d\u00e9valer les pistes, frissons assur\u00e9s en toute s\u00e9curit\u00e9 !<\/p>\r\n<p><strong>Lieux :<br \/><\/strong>\u00c0 Autun site de la croix de la lib\u00e9ration piste verte &#8220;La Reviret&#8221;<br \/>\u00c0 Dun-les-Places site du Breuil, piste bleue la &#8220;Fayard&#8221;<\/p>\r\n<p><strong>Participants : <\/strong> 3 personnes et jusqu&#8217;\u00e0 9 en rotation.<\/p>\r\n<p><strong>Tout public :<\/strong> valide et non valide<\/p>\r\n<p>Adulte ou enfants (\u00e0 partir de 10 ans), personne \u00e0 mobilit\u00e9 r\u00e9duite ou porteur de handicap (parapl\u00e9gique, h\u00e9mipl\u00e9gique, poliomy\u00e9lite, handicap auditif ou porteur de proth\u00e8se).<\/p>\r\n<p><strong>Mat\u00e9riel :<\/strong> de 1 \u00e0 3 FTT Buggy Bike, casques + possibilit\u00e9 d&#8217;accompagnement en VTT de descente.<\/p>\r\n<p><strong>Logisitique :<\/strong> Une navette assure les remont\u00e9es de l\u2019arriv\u00e9e au d\u00e9part.<\/p>\r\n<p><strong>Encadrement moniteur dipl\u00f4m\u00e9 CQHandi :<\/strong> mise en place, r\u00e9glage du mat\u00e9riel et positionnement du pilote dans l&#8217;assise, accompagnement et conseil durant la s\u00e9ance.<\/p>\r\n<h3><strong>Tarif tout inclut (mat\u00e9riel, navette et encadrement)<br \/><\/strong><\/h3>\r\n<p><strong>\u00bd journ\u00e9e :<\/strong> 295 \u20ac pour 3 personnes.<\/p>\r\n<p><strong>J<\/strong><strong>ourn\u00e9e :<\/strong> 540 \u20ac pour 3 \u00e0 9 personnes.<\/p>\r\n<p>Avec le Parc du Morvan, fournisseur de F.T.T.<\/p>\r\n<hr \/>\r\n<h2><strong>Les autres mat\u00e9riels sp\u00e9cifiques FTT pour handicap ou mobilit\u00e9 r\u00e9duite<br \/><\/strong><\/h2>\r\n<hr \/>\r\n<h3>Les Fauteuils Tout Terrain<\/h3>\r\n<p><img loading=\"lazy\" decoding=\"async\" class=\"wp-image-442 alignleft\" src=\"http:\/\/velovitamine.fr\/wp-content\/uploads\/2016\/01\/Evennementiel-mat\u00e9riel-FTT-3-300x225.jpg\" alt=\"Evennementiel mat\u00e9riel FTT (3)\" width=\"285\" height=\"214\" srcset=\"https:\/\/velovitamine.fr\/wp-content\/uploads\/2016\/01\/Evennementiel-mat\u00e9riel-FTT-3-300x225.jpg 300w, https:\/\/velovitamine.fr\/wp-content\/uploads\/2016\/01\/Evennementiel-mat\u00e9riel-FTT-3-768x575.jpg 768w, https:\/\/velovitamine.fr\/wp-content\/uploads\/2016\/01\/Evennementiel-mat\u00e9riel-FTT-3.jpg 961w\" sizes=\"(max-width: 285px) 100vw, 285px\" \/><\/p>\r\n<p><img loading=\"lazy\" decoding=\"async\" class=\"alignnone wp-image-444\" src=\"http:\/\/velovitamine.fr\/wp-content\/uploads\/2016\/01\/Evennementiel-mat\u00e9riel-FTT-le-buggy-bike-300x225.jpg\" alt=\"Evennementiel mat\u00e9riel FTT le buggy bike\" width=\"272\" height=\"204\" srcset=\"https:\/\/velovitamine.fr\/wp-content\/uploads\/2016\/01\/Evennementiel-mat\u00e9riel-FTT-le-buggy-bike-300x225.jpg 300w, https:\/\/velovitamine.fr\/wp-content\/uploads\/2016\/01\/Evennementiel-mat\u00e9riel-FTT-le-buggy-bike-768x575.jpg 768w, https:\/\/velovitamine.fr\/wp-content\/uploads\/2016\/01\/Evennementiel-mat\u00e9riel-FTT-le-buggy-bike.jpg 961w\" sizes=\"(max-width: 272px) 100vw, 272px\" \/><\/p>\r\n<p>Le Buggy Bike pour la descente VTT ou l&#8217;accompagnement en randonn\u00e9e p\u00e9destre<\/p>\r\n<p><img loading=\"lazy\" decoding=\"async\" class=\"alignnone size-medium wp-image-445\" src=\"http:\/\/velovitamine.fr\/wp-content\/uploads\/2016\/01\/Evennementiel-mat\u00e9riel-FTT-Le-Handi-Bike-Trycker-\u00e9l\u00e9ctrique-13-225x300.jpg\" alt=\"Evennementiel mat\u00e9riel FTT Le Handi Bike Trycker \u00e9l\u00e9ctrique (13)\" width=\"225\" height=\"300\" srcset=\"https:\/\/velovitamine.fr\/wp-content\/uploads\/2016\/01\/Evennementiel-mat\u00e9riel-FTT-Le-Handi-Bike-Trycker-\u00e9l\u00e9ctrique-13-225x300.jpg 225w, https:\/\/velovitamine.fr\/wp-content\/uploads\/2016\/01\/Evennementiel-mat\u00e9riel-FTT-Le-Handi-Bike-Trycker-\u00e9l\u00e9ctrique-13.jpg 710w\" sizes=\"(max-width: 225px) 100vw, 225px\" \/> <img loading=\"lazy\" decoding=\"async\" class=\"alignnone size-medium wp-image-455\" src=\"http:\/\/velovitamine.fr\/wp-content\/uploads\/2015\/12\/Le-Handi-bike-2-300x240.jpg\" alt=\"Le Handi bike 2\" width=\"300\" height=\"240\" srcset=\"https:\/\/velovitamine.fr\/wp-content\/uploads\/2015\/12\/Le-Handi-bike-2-300x240.jpg 300w, https:\/\/velovitamine.fr\/wp-content\/uploads\/2015\/12\/Le-Handi-bike-2-768x614.jpg 768w, https:\/\/velovitamine.fr\/wp-content\/uploads\/2015\/12\/Le-Handi-bike-2.jpg 925w\" sizes=\"(max-width: 300px) 100vw, 300px\" \/><\/p>\r\n<p>Le Handi bike Trycker \u00e0 assistance \u00e9lectrique pour les randonn\u00e9es cyclo-touristique<\/p>\r\n<p><img loading=\"lazy\" decoding=\"async\" class=\"alignnone size-medium wp-image-457\" src=\"http:\/\/velovitamine.fr\/wp-content\/uploads\/2015\/12\/Le-Trace-rando-300x240.jpg\" alt=\"Le Trace rando\" width=\"300\" height=\"240\" srcset=\"https:\/\/velovitamine.fr\/wp-content\/uploads\/2015\/12\/Le-Trace-rando-300x240.jpg 300w, https:\/\/velovitamine.fr\/wp-content\/uploads\/2015\/12\/Le-Trace-rando-768x614.jpg 768w, https:\/\/velovitamine.fr\/wp-content\/uploads\/2015\/12\/Le-Trace-rando.jpg 925w\" sizes=\"(max-width: 300px) 100vw, 300px\" \/> <img loading=\"lazy\" decoding=\"async\" class=\"alignnone size-medium wp-image-447\" src=\"http:\/\/velovitamine.fr\/wp-content\/uploads\/2016\/01\/Evennementiel-mat\u00e9riel-FTT-le-Trace-Rando-225x300.jpg\" alt=\"Evennementiel mat\u00e9riel FTT le Trace Rando\" width=\"225\" height=\"300\" srcset=\"https:\/\/velovitamine.fr\/wp-content\/uploads\/2016\/01\/Evennementiel-mat\u00e9riel-FTT-le-Trace-Rando-225x300.jpg 225w, https:\/\/velovitamine.fr\/wp-content\/uploads\/2016\/01\/Evennementiel-mat\u00e9riel-FTT-le-Trace-Rando.jpg 710w\" sizes=\"(max-width: 225px) 100vw, 225px\" \/><\/p>\r\n<p>Le Trace Rando pour les randonn\u00e9es p\u00e9destres escarp\u00e9es<\/p>\r\n<p><img loading=\"lazy\" decoding=\"async\" class=\"alignnone size-medium wp-image-446\" src=\"http:\/\/velovitamine.fr\/wp-content\/uploads\/2016\/01\/Evennementiel-mat\u00e9riel-FTT-Le-Lomo-225x300.jpg\" alt=\"Evennementiel mat\u00e9riel FTT Le Lomo\" width=\"225\" height=\"300\" srcset=\"https:\/\/velovitamine.fr\/wp-content\/uploads\/2016\/01\/Evennementiel-mat\u00e9riel-FTT-Le-Lomo-225x300.jpg 225w, https:\/\/velovitamine.fr\/wp-content\/uploads\/2016\/01\/Evennementiel-mat\u00e9riel-FTT-Le-Lomo.jpg 720w\" sizes=\"(max-width: 225px) 100vw, 225px\" \/><\/p>\r\n<p>Le Lomo pour une meilleure maniabilit\u00e9 du fauteuil<\/p>\r\n<p><img loading=\"lazy\" decoding=\"async\" class=\"alignnone size-medium wp-image-443\" src=\"http:\/\/velovitamine.fr\/wp-content\/uploads\/2016\/01\/Evennementiel-mat\u00e9riel-FTT-La-Joelette-300x225.jpg\" alt=\"Evennementiel mat\u00e9riel FTT La Joelette\" width=\"300\" height=\"225\" srcset=\"https:\/\/velovitamine.fr\/wp-content\/uploads\/2016\/01\/Evennementiel-mat\u00e9riel-FTT-La-Joelette-300x225.jpg 300w, https:\/\/velovitamine.fr\/wp-content\/uploads\/2016\/01\/Evennementiel-mat\u00e9riel-FTT-La-Joelette-768x576.jpg 768w, https:\/\/velovitamine.fr\/wp-content\/uploads\/2016\/01\/Evennementiel-mat\u00e9riel-FTT-La-Joelette.jpg 947w\" sizes=\"(max-width: 300px) 100vw, 300px\" \/><\/p>\r\n<p>La joelette pour les randonn\u00e9es p\u00e9destres<\/p>\r\n<p><img loading=\"lazy\" decoding=\"async\" class=\"alignnone size-medium wp-image-461\" src=\"http:\/\/velovitamine.fr\/wp-content\/uploads\/2015\/12\/Mat\u00e9riel-FTT-Acc\u00e8s-plage-LHippocampe-240x300.jpg\" alt=\"Mat\u00e9riel FTT Acc\u00e8s plage, LHippocampe\" width=\"240\" height=\"300\" srcset=\"https:\/\/velovitamine.fr\/wp-content\/uploads\/2015\/12\/Mat\u00e9riel-FTT-Acc\u00e8s-plage-LHippocampe-240x300.jpg 240w, https:\/\/velovitamine.fr\/wp-content\/uploads\/2015\/12\/Mat\u00e9riel-FTT-Acc\u00e8s-plage-LHippocampe.jpg 739w\" sizes=\"(max-width: 240px) 100vw, 240px\" \/><\/p>\r\n<p>L&#8217;hypocampe pour un acc\u00e8s facile sur la plage et dans l&#8217;eau<\/p>\r\n<p>R\u00e9servations, d\u00e9tails et informations <a href=\"\/contact-2\/\" rel=\"noopener noreferrer\">par mail<\/a> ou t\u00e9l\u00e9phone<\/p>\r\n\n<\/div><h2 class=\"tabtitle\">Vid\u00e9o<\/h2>\n<div class=\"tabcontent\">\n\r\n<p><strong><a href=\"https:\/\/youtu.be\/fVCEJxq7Oiw\" target=\"_blank\" rel=\"noopener noreferrer\">Let&#8217;s go to view<\/a><\/strong><\/p>\r\n<p>&nbsp;<\/p>\r\n<\/div><\/div>\r\n<p>&nbsp;<\/p>","protected":false},"excerpt":{"rendered":"<p>Sorry, this entry is only available in FR. For the sake of viewer convenience, the content is shown below in the alternative language. You may click the link to switch [&hellip;]<\/p>\n","protected":false},"author":2,"featured_media":0,"parent":257875,"menu_order":0,"comment_status":"closed","ping_status":"closed","template":"","meta":{"_monsterinsights_skip_tracking":false,"_monsterinsights_sitenote_active":false,"_monsterinsights_sitenote_note":"","_monsterinsights_sitenote_category":0,"site-sidebar-layout":"default","site-content-layout":"default","ast-site-content-layout":"default","site-content-style":"default","site-sidebar-style":"default","ast-global-header-display":"","ast-banner-title-visibility":"","ast-main-header-display":"","ast-hfb-above-header-display":"","ast-hfb-below-header-display":"","ast-hfb-mobile-header-display":"","site-post-title":"","ast-breadcrumbs-content":"","ast-featured-img":"","footer-sml-layout":"","ast-disable-related-posts":"","theme-transparent-header-meta":"default","adv-header-id-meta":"","stick-header-meta":"","header-above-stick-meta":"","header-main-stick-meta":"","header-below-stick-meta":"","astra-migrate-meta-layouts":"set","ast-page-background-enabled":"default","ast-page-background-meta":{"desktop":{"background-color":"","background-image":"","background-repeat":"repeat","background-position":"center center","background-size":"auto","background-attachment":"scroll","background-type":"","background-media":"","overlay-type":"","overlay-color":"","overlay-opacity":"","overlay-gradient":""},"tablet":{"background-color":"","background-image":"","background-repeat":"repeat","background-position":"center center","background-size":"auto","background-attachment":"scroll","background-type":"","background-media":"","overlay-type":"","overlay-color":"","overlay-opacity":"","overlay-gradient":""},"mobile":{"background-color":"","background-image":"","background-repeat":"repeat","background-position":"center center","background-size":"auto","background-attachment":"scroll","background-type":"","background-media":"","overlay-type":"","overlay-color":"","overlay-opacity":"","overlay-gradient":""}},"ast-content-background-meta":{"desktop":{"background-color":"var(--ast-global-color-5)","background-image":"","background-repeat":"repeat","background-position":"center center","background-size":"auto","background-attachment":"scroll","background-type":"","background-media":"","overlay-type":"","overlay-color":"","overlay-opacity":"","overlay-gradient":""},"tablet":{"background-color":"var(--ast-global-color-5)","background-image":"","background-repeat":"repeat","background-position":"center center","background-size":"auto","background-attachment":"scroll","background-type":"","background-media":"","overlay-type":"","overlay-color":"","overlay-opacity":"","overlay-gradient":""},"mobile":{"background-color":"var(--ast-global-color-5)","background-image":"","background-repeat":"repeat","background-position":"center center","background-size":"auto","background-attachment":"scroll","background-type":"","background-media":"","overlay-type":"","overlay-color":"","overlay-opacity":"","overlay-gradient":""}},"footnotes":""},"class_list":["post-258033","page","type-page","status-publish","hentry"],"yoast_head":"<!-- This site is optimized with the Yoast SEO plugin v27.2 - https:\/\/yoast.com\/product\/yoast-seo-wordpress\/ -->\n<title>VTT - cours, descentes, randonn\u00e9es - Velovitamine.fr<\/title>\n<meta name=\"description\" content=\"Cours VTT groupe ou individuel. Venez apprendre tout simplement \u00e0 piloter ou vous d\u00e9sinhiber de vos peurs pour randonner plus tranquillement avec vos amis..\" \/>\n<meta name=\"robots\" content=\"index, follow, max-snippet:-1, max-image-preview:large, max-video-preview:-1\" \/>\n<link rel=\"canonical\" href=\"https:\/\/velovitamine.fr\/activites-2\/vtt-cours-descentes-randonnees\/\" \/>\n<meta property=\"og:locale\" content=\"en_US\" \/>\n<meta property=\"og:type\" content=\"article\" \/>\n<meta property=\"og:title\" content=\"[:fr]VTT - cours, randonn\u00e9es[:en]VTT - cours, descentes, randonn\u00e9es[:] - Velovitamine.fr\" \/>\n<meta property=\"og:description\" content=\"Cours VTT groupe ou individuel. Venez apprendre tout simplement \u00e0 piloter ou vous d\u00e9sinhiber de vos peurs pour randonner plus tranquillement avec vos amis..\" \/>\n<meta property=\"og:url\" content=\"https:\/\/velovitamine.fr\/activites-2\/vtt-cours-descentes-randonnees\/\" \/>\n<meta property=\"og:site_name\" content=\"Velovitamine.fr\" \/>\n<meta property=\"article:modified_time\" content=\"2025-04-09T22:50:46+00:00\" \/>\n<meta property=\"og:image\" content=\"https:\/\/velovitamine.fr\/wp-content\/uploads\/2018\/04\/Rando-vtt-des-vignes-velovitamine-2017-7-300x169.jpg\" \/>\n<meta name=\"twitter:card\" content=\"summary_large_image\" \/>\n<meta name=\"twitter:label1\" content=\"Est. reading time\" \/>\n\t<meta name=\"twitter:data1\" content=\"10 minutes\" \/>\n<script type=\"application\/ld+json\" class=\"yoast-schema-graph\">{\"@context\":\"https:\/\/schema.org\",\"@graph\":[{\"@type\":\"WebPage\",\"@id\":\"https:\/\/velovitamine.fr\/activites-2\/vtt-cours-descentes-randonnees\/\",\"url\":\"https:\/\/velovitamine.fr\/activites-2\/vtt-cours-descentes-randonnees\/\",\"name\":\"[:fr]VTT - cours, randonn\u00e9es[:en]VTT - cours, descentes, randonn\u00e9es[:] - Velovitamine.fr\",\"isPartOf\":{\"@id\":\"https:\/\/velovitamine.fr\/#website\"},\"primaryImageOfPage\":{\"@id\":\"https:\/\/velovitamine.fr\/activites-2\/vtt-cours-descentes-randonnees\/#primaryimage\"},\"image\":{\"@id\":\"https:\/\/velovitamine.fr\/activites-2\/vtt-cours-descentes-randonnees\/#primaryimage\"},\"thumbnailUrl\":\"https:\/\/velovitamine.fr\/wp-content\/uploads\/2018\/04\/Rando-vtt-des-vignes-velovitamine-2017-7-300x169.jpg\",\"datePublished\":\"2021-04-20T20:28:08+00:00\",\"dateModified\":\"2025-04-09T22:50:46+00:00\",\"description\":\"Cours VTT groupe ou individuel. Venez apprendre tout simplement \u00e0 piloter ou vous d\u00e9sinhiber de vos peurs pour randonner plus tranquillement avec vos amis..\",\"breadcrumb\":{\"@id\":\"https:\/\/velovitamine.fr\/activites-2\/vtt-cours-descentes-randonnees\/#breadcrumb\"},\"inLanguage\":\"en-US\",\"potentialAction\":[{\"@type\":\"ReadAction\",\"target\":[\"https:\/\/velovitamine.fr\/activites-2\/vtt-cours-descentes-randonnees\/\"]}]},{\"@type\":\"ImageObject\",\"inLanguage\":\"en-US\",\"@id\":\"https:\/\/velovitamine.fr\/activites-2\/vtt-cours-descentes-randonnees\/#primaryimage\",\"url\":\"https:\/\/velovitamine.fr\/wp-content\/uploads\/2018\/04\/Rando-vtt-des-vignes-velovitamine-2017-7-300x169.jpg\",\"contentUrl\":\"https:\/\/velovitamine.fr\/wp-content\/uploads\/2018\/04\/Rando-vtt-des-vignes-velovitamine-2017-7-300x169.jpg\"},{\"@type\":\"BreadcrumbList\",\"@id\":\"https:\/\/velovitamine.fr\/activites-2\/vtt-cours-descentes-randonnees\/#breadcrumb\",\"itemListElement\":[{\"@type\":\"ListItem\",\"position\":1,\"name\":\"Accueil\",\"item\":\"https:\/\/velovitamine.fr\/\"},{\"@type\":\"ListItem\",\"position\":2,\"name\":\"Activit\u00e9s\",\"item\":\"https:\/\/velovitamine.fr\/activites-2\/\"},{\"@type\":\"ListItem\",\"position\":3,\"name\":\"VTT &#8211; cours, randonn\u00e9es\"}]},{\"@type\":\"WebSite\",\"@id\":\"https:\/\/velovitamine.fr\/#website\",\"url\":\"https:\/\/velovitamine.fr\/\",\"name\":\"Velovitamine.fr\",\"description\":\"The rolling web site...\",\"publisher\":{\"@id\":\"https:\/\/velovitamine.fr\/#organization\"},\"potentialAction\":[{\"@type\":\"SearchAction\",\"target\":{\"@type\":\"EntryPoint\",\"urlTemplate\":\"https:\/\/velovitamine.fr\/?s={search_term_string}\"},\"query-input\":{\"@type\":\"PropertyValueSpecification\",\"valueRequired\":true,\"valueName\":\"search_term_string\"}}],\"inLanguage\":\"en-US\"},{\"@type\":\"Organization\",\"@id\":\"https:\/\/velovitamine.fr\/#organization\",\"name\":\"Velovitamine\",\"url\":\"https:\/\/velovitamine.fr\/\",\"logo\":{\"@type\":\"ImageObject\",\"inLanguage\":\"en-US\",\"@id\":\"https:\/\/velovitamine.fr\/#\/schema\/logo\/image\/\",\"url\":\"https:\/\/velovitamine.fr\/wp-content\/uploads\/2014\/10\/cropped-logo1-e1444671967804.jpg\",\"contentUrl\":\"https:\/\/velovitamine.fr\/wp-content\/uploads\/2014\/10\/cropped-logo1-e1444671967804.jpg\",\"width\":512,\"height\":512,\"caption\":\"Velovitamine\"},\"image\":{\"@id\":\"https:\/\/velovitamine.fr\/#\/schema\/logo\/image\/\"}}]}<\/script>\n<!-- \/ Yoast SEO plugin. -->","yoast_head_json":{"title":"[:fr]VTT - cours, randonn\u00e9es[:en]VTT - cours, descentes, randonn\u00e9es[:] - Velovitamine.fr","description":"Cours VTT groupe ou individuel. Venez apprendre tout simplement \u00e0 piloter ou vous d\u00e9sinhiber de vos peurs pour randonner plus tranquillement avec vos amis..","robots":{"index":"index","follow":"follow","max-snippet":"max-snippet:-1","max-image-preview":"max-image-preview:large","max-video-preview":"max-video-preview:-1"},"canonical":"https:\/\/velovitamine.fr\/activites-2\/vtt-cours-descentes-randonnees\/","og_locale":"en_US","og_type":"article","og_title":"[:fr]VTT - cours, randonn\u00e9es[:en]VTT - cours, descentes, randonn\u00e9es[:] - Velovitamine.fr","og_description":"Cours VTT groupe ou individuel. Venez apprendre tout simplement \u00e0 piloter ou vous d\u00e9sinhiber de vos peurs pour randonner plus tranquillement avec vos amis..","og_url":"https:\/\/velovitamine.fr\/activites-2\/vtt-cours-descentes-randonnees\/","og_site_name":"Velovitamine.fr","article_modified_time":"2025-04-09T22:50:46+00:00","og_image":[{"url":"https:\/\/velovitamine.fr\/wp-content\/uploads\/2018\/04\/Rando-vtt-des-vignes-velovitamine-2017-7-300x169.jpg","type":"","width":"","height":""}],"twitter_card":"summary_large_image","twitter_misc":{"Est. reading time":"10 minutes"},"schema":{"@context":"https:\/\/schema.org","@graph":[{"@type":"WebPage","@id":"https:\/\/velovitamine.fr\/activites-2\/vtt-cours-descentes-randonnees\/","url":"https:\/\/velovitamine.fr\/activites-2\/vtt-cours-descentes-randonnees\/","name":"[:fr]VTT - cours, randonn\u00e9es[:en]VTT - cours, descentes, randonn\u00e9es[:] - Velovitamine.fr","isPartOf":{"@id":"https:\/\/velovitamine.fr\/#website"},"primaryImageOfPage":{"@id":"https:\/\/velovitamine.fr\/activites-2\/vtt-cours-descentes-randonnees\/#primaryimage"},"image":{"@id":"https:\/\/velovitamine.fr\/activites-2\/vtt-cours-descentes-randonnees\/#primaryimage"},"thumbnailUrl":"https:\/\/velovitamine.fr\/wp-content\/uploads\/2018\/04\/Rando-vtt-des-vignes-velovitamine-2017-7-300x169.jpg","datePublished":"2021-04-20T20:28:08+00:00","dateModified":"2025-04-09T22:50:46+00:00","description":"Cours VTT groupe ou individuel. Venez apprendre tout simplement \u00e0 piloter ou vous d\u00e9sinhiber de vos peurs pour randonner plus tranquillement avec vos amis..","breadcrumb":{"@id":"https:\/\/velovitamine.fr\/activites-2\/vtt-cours-descentes-randonnees\/#breadcrumb"},"inLanguage":"en-US","potentialAction":[{"@type":"ReadAction","target":["https:\/\/velovitamine.fr\/activites-2\/vtt-cours-descentes-randonnees\/"]}]},{"@type":"ImageObject","inLanguage":"en-US","@id":"https:\/\/velovitamine.fr\/activites-2\/vtt-cours-descentes-randonnees\/#primaryimage","url":"https:\/\/velovitamine.fr\/wp-content\/uploads\/2018\/04\/Rando-vtt-des-vignes-velovitamine-2017-7-300x169.jpg","contentUrl":"https:\/\/velovitamine.fr\/wp-content\/uploads\/2018\/04\/Rando-vtt-des-vignes-velovitamine-2017-7-300x169.jpg"},{"@type":"BreadcrumbList","@id":"https:\/\/velovitamine.fr\/activites-2\/vtt-cours-descentes-randonnees\/#breadcrumb","itemListElement":[{"@type":"ListItem","position":1,"name":"Accueil","item":"https:\/\/velovitamine.fr\/"},{"@type":"ListItem","position":2,"name":"Activit\u00e9s","item":"https:\/\/velovitamine.fr\/activites-2\/"},{"@type":"ListItem","position":3,"name":"VTT &#8211; cours, randonn\u00e9es"}]},{"@type":"WebSite","@id":"https:\/\/velovitamine.fr\/#website","url":"https:\/\/velovitamine.fr\/","name":"Velovitamine.fr","description":"The rolling web site...","publisher":{"@id":"https:\/\/velovitamine.fr\/#organization"},"potentialAction":[{"@type":"SearchAction","target":{"@type":"EntryPoint","urlTemplate":"https:\/\/velovitamine.fr\/?s={search_term_string}"},"query-input":{"@type":"PropertyValueSpecification","valueRequired":true,"valueName":"search_term_string"}}],"inLanguage":"en-US"},{"@type":"Organization","@id":"https:\/\/velovitamine.fr\/#organization","name":"Velovitamine","url":"https:\/\/velovitamine.fr\/","logo":{"@type":"ImageObject","inLanguage":"en-US","@id":"https:\/\/velovitamine.fr\/#\/schema\/logo\/image\/","url":"https:\/\/velovitamine.fr\/wp-content\/uploads\/2014\/10\/cropped-logo1-e1444671967804.jpg","contentUrl":"https:\/\/velovitamine.fr\/wp-content\/uploads\/2014\/10\/cropped-logo1-e1444671967804.jpg","width":512,"height":512,"caption":"Velovitamine"},"image":{"@id":"https:\/\/velovitamine.fr\/#\/schema\/logo\/image\/"}}]}},"_links":{"self":[{"href":"https:\/\/velovitamine.fr\/en\/wp-json\/wp\/v2\/pages\/258033","targetHints":{"allow":["GET"]}}],"collection":[{"href":"https:\/\/velovitamine.fr\/en\/wp-json\/wp\/v2\/pages"}],"about":[{"href":"https:\/\/velovitamine.fr\/en\/wp-json\/wp\/v2\/types\/page"}],"author":[{"embeddable":true,"href":"https:\/\/velovitamine.fr\/en\/wp-json\/wp\/v2\/users\/2"}],"replies":[{"embeddable":true,"href":"https:\/\/velovitamine.fr\/en\/wp-json\/wp\/v2\/comments?post=258033"}],"version-history":[{"count":43,"href":"https:\/\/velovitamine.fr\/en\/wp-json\/wp\/v2\/pages\/258033\/revisions"}],"predecessor-version":[{"id":260760,"href":"https:\/\/velovitamine.fr\/en\/wp-json\/wp\/v2\/pages\/258033\/revisions\/260760"}],"up":[{"embeddable":true,"href":"https:\/\/velovitamine.fr\/en\/wp-json\/wp\/v2\/pages\/257875"}],"wp:attachment":[{"href":"https:\/\/velovitamine.fr\/en\/wp-json\/wp\/v2\/media?parent=258033"}],"curies":[{"name":"wp","href":"https:\/\/api.w.org\/{rel}","templated":true}]}}