{"id":257997,"date":"2021-04-20T18:48:28","date_gmt":"2021-04-20T16:48:28","guid":{"rendered":"https:\/\/velovitamine.fr\/clone\/?page_id=257997"},"modified":"2026-01-11T21:08:26","modified_gmt":"2026-01-11T19:08:26","slug":"activites-groupe","status":"publish","type":"page","link":"https:\/\/velovitamine.fr\/en\/activites-2\/activites-groupe\/","title":{"rendered":"Activit\u00e9s groupe"},"content":{"rendered":"<\/p>\r\n\r\n\r\n<h2 class=\"wp-block-heading\">Activit\u00e9s groupe<\/h2>\r\n\r\n<div class=\"responsive-tabs\">\n<h2 class=\"tabtitle\">Nos activit\u00e9s<\/h2>\n<div class=\"tabcontent\">\n\r\n<h3><strong>ENTERREMENT de VIE G\/F &#8211; TEAM BUILDING &#8211; S\u00c9MINAIRE &#8211; TOURISME D&#8217;AFFAIRES &#8211; COMITE D&#8217;ENTREPRISE<\/strong><\/h3>\r\n<p>Vous voulez organiser un apr\u00e8s-midi ou une journ\u00e9e originale, vous balader, d\u00e9couvrir une r\u00e9gion, vous d\u00e9tendre ou au contraire vous d\u00e9penser tout en cr\u00e9ant un esprit de groupe, d&#8217;\u00e9quipe ou individuel ?! Nous cr\u00e9ons des moments qui rassemblent, des activit\u00e9s encadr\u00e9es ou autonomes pour tirer le meilleur de soi-m\u00eame !<\/p>\r\n<hr \/>\r\n<h3>\u00a0<\/h3>\r\n<h3><strong>Balades \u0153nologiques<br \/><\/strong><\/h3>\r\n<h4><strong>Excursion \u00e0 v\u00e9lo avec votre guide \u0153nologique<\/strong><\/h4>\r\n<p><img loading=\"lazy\" decoding=\"async\" class=\"wp-image-2725 size-medium alignleft\" src=\"http:\/\/velovitamine.fr\/wp-content\/uploads\/2017\/01\/seminaire-oeno-2017-velovitamine-1-300x200.jpg\" alt=\"\" width=\"300\" height=\"200\" srcset=\"https:\/\/velovitamine.fr\/wp-content\/uploads\/2017\/01\/seminaire-oeno-2017-velovitamine-1-300x200.jpg 300w, https:\/\/velovitamine.fr\/wp-content\/uploads\/2017\/01\/seminaire-oeno-2017-velovitamine-1-768x511.jpg 768w, https:\/\/velovitamine.fr\/wp-content\/uploads\/2017\/01\/seminaire-oeno-2017-velovitamine-1-1024x682.jpg 1024w, https:\/\/velovitamine.fr\/wp-content\/uploads\/2017\/01\/seminaire-oeno-2017-velovitamine-1.jpg 1218w\" sizes=\"(max-width: 300px) 100vw, 300px\" \/><\/p>\r\n<p>\u00c0 la d\u00e9couverte des c\u00e9l\u00e8bres vignobles de Bourgogne, immersion au c\u0153ur des parcelles de grands crus et villages typiques de la <strong>C\u00f4te de Nuits<\/strong>. Cette balade comment\u00e9e \u00e9merveillera vos papilles et votre curiosit\u00e9 <em>(d\u00e9gustation de vins en option)<\/em>.<br \/><strong>\u00ab La C\u00f4te de Nuits 1<sup>er<\/sup> Cru \u00bb : <\/strong>Marsannay, Couchey, Fixin, Gevrey-Chambertin&#8230; <strong><br \/><\/strong><strong>\u00ab La C\u00f4te de Nuits Grand Cru \u00bb : <\/strong>Nuits-Saint-Georges, Vougeot&#8230;<br \/><strong>\u00ab La C\u00f4te de Beaune, la C\u00f4te Chalonnaise&#8230; \u00bb : <\/strong>de Puligny-Montrachet \u00e0 Givry&#8230;<\/p>\r\n<p><strong>Niveau : <\/strong>tout public \/<strong> Parcours : <\/strong>facile et plat<strong> \/ Dur\u00e9e :<\/strong> <sup>1\/2<\/sup> journ\u00e9e ou journ\u00e9e<strong><br \/><\/strong><strong>D\u00e9parts<\/strong>: Dijon Sud (vieux Chen\u00f4ve acc\u00e8s en tramway) et Nuits-Saint-Georges<strong>.<\/strong><\/p>\r\n<hr \/>\r\n<h3><strong>Rallye \u0153nologique &#8220;Vinoquizz&#8221;<\/strong><\/h3>\r\n<h4><strong>Parcours \u00e0 v\u00e9lo orient\u00e9 sur la route des Grands Crus<br \/><\/strong><\/h4>\r\n<p><strong><img loading=\"lazy\" decoding=\"async\" class=\"wp-image-2726 size-medium alignleft\" src=\"http:\/\/velovitamine.fr\/wp-content\/uploads\/2017\/01\/Se\u0301minaire-cuisine-ve\u0301los-juin-2017-Velovitamine.fr-3-300x197.jpg\" alt=\"\" width=\"300\" height=\"197\" srcset=\"https:\/\/velovitamine.fr\/wp-content\/uploads\/2017\/01\/Se\u0301minaire-cuisine-ve\u0301los-juin-2017-Velovitamine.fr-3-300x197.jpg 300w, https:\/\/velovitamine.fr\/wp-content\/uploads\/2017\/01\/Se\u0301minaire-cuisine-ve\u0301los-juin-2017-Velovitamine.fr-3-768x505.jpg 768w, https:\/\/velovitamine.fr\/wp-content\/uploads\/2017\/01\/Se\u0301minaire-cuisine-ve\u0301los-juin-2017-Velovitamine.fr-3-1024x673.jpg 1024w, https:\/\/velovitamine.fr\/wp-content\/uploads\/2017\/01\/Se\u0301minaire-cuisine-ve\u0301los-juin-2017-Velovitamine.fr-3-320x210.jpg 320w, https:\/\/velovitamine.fr\/wp-content\/uploads\/2017\/01\/Se\u0301minaire-cuisine-ve\u0301los-juin-2017-Velovitamine.fr-3-460x300.jpg 460w, https:\/\/velovitamine.fr\/wp-content\/uploads\/2017\/01\/Se\u0301minaire-cuisine-ve\u0301los-juin-2017-Velovitamine.fr-3.jpg 1440w\" sizes=\"(max-width: 300px) 100vw, 300px\" \/><\/strong>Un d\u00e9fi original qui m\u00eale sport, culture et orientation. Par \u00e9quipe de 2, 3, 6&#8230;, \u00e0 l&#8217;aide d&#8217;une carte au parcours trac\u00e9, les participants doivent retrouver les questions cach\u00e9es et y r\u00e9pondre. \u00c0 vous de questionner ceux qui vous entourent !<\/p>\r\n<p><strong>Quizz :<\/strong> QCM sur les vins de bourgogne.<br \/><strong>Encadrement :<\/strong> en autonomie avec logistique de d\u00e9pannage m\u00e9canique<br \/><strong>D\u00e9part :<\/strong> C\u00f4te de Nuits \/ <strong>Dur\u00e9e :<\/strong> <sup>1\/2<\/sup> journ\u00e9e ou journ\u00e9e<br \/><strong>Arriv\u00e9e :<\/strong> debriefing pour annoncer les r\u00e9sultats &#8211; <em>d\u00e9gustation de vins en option<\/em>.<\/p>\r\n<hr \/>\r\n<h3><strong>Les bols d&#8217;air \u00e0 v\u00e9lo &#8211; Balade d\u00e9tente <\/strong><\/h3>\r\n<h4><strong>Des escapades loisirs \u00e0 la demande<\/strong><\/h4>\r\n<p><img loading=\"lazy\" decoding=\"async\" class=\"alignleft wp-image-266\" src=\"http:\/\/velovitamine.fr\/wp-content\/uploads\/2015\/10\/Rando-groupe-lac-des-settons-300x225.jpg\" alt=\"OLYMPUS DIGITAL CAMERA\" width=\"265\" height=\"199\" srcset=\"https:\/\/velovitamine.fr\/wp-content\/uploads\/2015\/10\/Rando-groupe-lac-des-settons-300x225.jpg 300w, https:\/\/velovitamine.fr\/wp-content\/uploads\/2015\/10\/Rando-groupe-lac-des-settons.jpg 963w\" sizes=\"(max-width: 265px) 100vw, 265px\" \/><\/p>\r\n<p>Des vignobles du Beaujolais jusqu&#8217;\u00e0 Dijon ou le parc du Morvan et ses nombreux lacs, nous proposons des parcours simples et faciles pour rouler tous ensemble. Des points de ravitaillements sont pr\u00e9vus pour des pauses conviviales et gourmandes.<br \/>Un d\u00e9paysement total tous ensemble tout au long de votre parcours.<\/p>\r\n<p><strong>Niveau : <\/strong>pour tous, tr\u00e8s grands groupes possible<strong><br \/>Dur\u00e9e : <\/strong>\u00e0 la demande<strong><br \/>Mat\u00e9riel : <\/strong>\u00e0 VTT ou VTC <strong><br \/>Encadrement sp\u00e9cifique : <\/strong>2 \u00e0 3 encadrants et +<\/p>\r\n<hr \/>\r\n<h3><strong>Challenge Orient&#8217;Bike<\/strong><\/h3>\r\n<h4><strong>Course d\u2019orientation \u00e0 VTT ou p\u00e9destre entre for\u00eats domaniales, vignobles et cit\u00e9s m\u00e9di\u00e9vales&#8230;<\/strong><\/h4>\r\n<p><img loading=\"lazy\" decoding=\"async\" class=\"alignleft wp-image-2356\" src=\"https:\/\/velovitamine.fr\/wp-content\/uploads\/2018\/04\/Rando-des-vignes-Gevrey-chambertin-vtt-2017-velovitamine-3-300x200.jpg\" alt=\"\" width=\"258\" height=\"172\" srcset=\"https:\/\/velovitamine.fr\/wp-content\/uploads\/2018\/04\/Rando-des-vignes-Gevrey-chambertin-vtt-2017-velovitamine-3-300x200.jpg 300w, https:\/\/velovitamine.fr\/wp-content\/uploads\/2018\/04\/Rando-des-vignes-Gevrey-chambertin-vtt-2017-velovitamine-3-768x511.jpg 768w, https:\/\/velovitamine.fr\/wp-content\/uploads\/2018\/04\/Rando-des-vignes-Gevrey-chambertin-vtt-2017-velovitamine-3.jpg 1000w\" sizes=\"(max-width: 258px) 100vw, 258px\" \/>Un challenge sportif qui m\u00e8nera vos \u00e9quipes dans diverses p\u00e9rip\u00e9ties. \u00c0 eux de trouver le meilleur itin\u00e9raire pour poin\u00e7onner les balises tout en optimisant le temps imparti.<\/p>\r\n<p><strong>\u00c9quipement, niveau :<\/strong> \u00e0 VTT, parcours loisir ou sport&#8230; \u00e0 pied&#8230;<br \/><strong>Encadrement :<\/strong> en autonomie avec logistique de d\u00e9pannage m\u00e9canique<br \/><strong>Lieux : <\/strong>vignoble de la C\u00f4te de Nuits, for\u00eat domaniale d&#8217;Autun, Cit\u00e9 m\u00e9di\u00e9vale de Ch\u00e2teauneuf en Auxois&#8230;<br \/><strong>Dur\u00e9e :<\/strong> 2 \u00e0 3h \/ <strong>Arriv\u00e9e :<\/strong> Debriefing r\u00e9sultat &#8211; <em>d\u00e9gustation de vins en option<\/em><\/p>\r\n<hr \/>\r\n<h3><strong>Challenge VTT sur pistes de descente<\/strong><\/h3>\r\n<h4><strong>Venez rivaliser ou d\u00e9couvrir les pistes \u00e0 Autun<\/strong><\/h4>\r\n<p><img loading=\"lazy\" decoding=\"async\" class=\"alignleft wp-image-492\" src=\"http:\/\/velovitamine.fr\/wp-content\/uploads\/2016\/01\/VTT-Descente-virage-relev\u00e9-300x225.jpg\" alt=\"VTT Descente virage relev\u00e9\" width=\"263\" height=\"197\" srcset=\"https:\/\/velovitamine.fr\/wp-content\/uploads\/2016\/01\/VTT-Descente-virage-relev\u00e9-300x225.jpg 300w, https:\/\/velovitamine.fr\/wp-content\/uploads\/2016\/01\/VTT-Descente-virage-relev\u00e9-768x576.jpg 768w, https:\/\/velovitamine.fr\/wp-content\/uploads\/2016\/01\/VTT-Descente-virage-relev\u00e9.jpg 947w\" sizes=\"(max-width: 263px) 100vw, 263px\" \/><\/p>\r\n<p>Les pistes (verte, bleue, rouge) attendent vos premi\u00e8res traces. Des descentes et encore des descentes, pour finir sur un mini challenge chronom\u00e9tr\u00e9. Pas de p\u00e9dalage sur ces s\u00e9ances ! Des sensations fortes au c\u0153ur d\u2019un p\u00e2turage d\u2019exception.<\/p>\r\n<p><strong>Niveau :<\/strong> loisir, d\u00e9couverte, d\u00e9butant (piste verte, bleue, rouge&#8230;)<br \/><strong>Pistes :<\/strong> homologu\u00e9es FFC, longueur de 1500 m<br \/><strong>Dur\u00e9e :<\/strong> <sup>1\/2<\/sup> journ\u00e9e ou journ\u00e9e<br \/><strong>\u00c9quipement fourni :<\/strong> VTT semi rigide, VTT de descente et freeride, casques int\u00e9grales.<br \/><strong>Logistique :<\/strong> une navette assure les remont\u00e9es de l&#8217;arriv\u00e9e au d\u00e9part.<\/p>\r\n<hr \/>\r\n<h3><strong>VTT Tout Shuss in Morvan<\/strong><\/h3>\r\n<h4><strong>&#8220;Voyage descendant aux confins du Morvan&#8221; sur des parcours de 8, 12 ou 16 km<\/strong><\/h4>\r\n<p><strong><img loading=\"lazy\" decoding=\"async\" class=\"alignleft wp-image-1569\" src=\"http:\/\/velovitamine.fr\/wp-content\/uploads\/2016\/05\/EVG-Rando-Tout-Shuss-300x169.jpg\" alt=\"EVG-Rando-Tout-Shuss\" width=\"310\" height=\"174\" srcset=\"https:\/\/velovitamine.fr\/wp-content\/uploads\/2016\/05\/EVG-Rando-Tout-Shuss-300x169.jpg 300w, https:\/\/velovitamine.fr\/wp-content\/uploads\/2016\/05\/EVG-Rando-Tout-Shuss.jpg 672w\" sizes=\"(max-width: 310px) 100vw, 310px\" \/><\/strong><\/p>\r\n<p>Depuis les hauteurs jusqu&#8217;au bas de la vall\u00e9e, vous traversez des paysages fabuleux entre sapini\u00e8res, prairies et ruisseaux. <em>Sensation d&#8217;\u00e9vasion, de libert\u00e9, quasiment sans p\u00e9daler !<\/em><\/p>\r\n<p><strong>Lieu de d\u00e9part :<\/strong> Sud Morvan (proche Autun)<br \/><strong>Dur\u00e9e : <\/strong> 3h ou 6h \/ <strong>Niveau : <\/strong>aisance sur un VTT<br \/><strong>\u00c9quipement fourni :<\/strong> VTT semi rigide et tout suspendu<br \/><strong>Nota :<\/strong> un restaurant typique Morvandiau, aux plats riches et vous accueille \u00e0 toute heure.<\/p>\r\n<hr \/>\r\n<h3><strong>Escalade en site naturel<\/strong><\/h3>\r\n<h4><strong>D\u00e9couverte et ascension rocheuse<\/strong><\/h4>\r\n<p><strong><img loading=\"lazy\" decoding=\"async\" class=\"wp-image-741 alignleft\" src=\"http:\/\/velovitamine.fr\/wp-content\/uploads\/2016\/02\/Escalade-jeune-saffres-2015-9-225x300.jpg\" alt=\"Escalade jeune saffres 2015 (9)\" width=\"172\" height=\"230\" srcset=\"https:\/\/velovitamine.fr\/wp-content\/uploads\/2016\/02\/Escalade-jeune-saffres-2015-9-225x300.jpg 225w, https:\/\/velovitamine.fr\/wp-content\/uploads\/2016\/02\/Escalade-jeune-saffres-2015-9.jpg 709w\" sizes=\"(max-width: 172px) 100vw, 172px\" \/><\/strong><\/p>\r\n<p>Dans un environnement de pleine nature, accompagn\u00e9 d\u2019un moniteur dipl\u00f4m\u00e9, venez d\u00e9couvrir les falaises de Bourgogne. Initiation, grimpe, varappe, apprentissage des techniques de s\u00e9curit\u00e9 de base.<br \/>Venez vivre vos premi\u00e8res ascensions sur des sites pr\u00e9serv\u00e9s et sublimes !<\/p>\r\n<p><strong>Niveau : <\/strong>tout public pour une initiation d\u00e9couverte<br \/><strong>Mat\u00e9riel :<\/strong> \u00e9quipement de protection individuelle : casque, harnais, syst\u00e8me d&#8217;assurage, cordes&#8230;<br \/><strong>Lieux : a<\/strong>ux alentours de Dijon, Beaune.<br \/><strong>Dur\u00e9e :<\/strong> 3h<br \/><strong>Extra :<\/strong> possibilit\u00e9 de coupler avec une autre activit\u00e9 sur une journ\u00e9e (ex: balade \u0153no + escalade)<\/p>\r\n<hr \/>\r\n<h3><strong>Pack multi-activit\u00e9s :<\/strong><\/h3>\r\n<h4><strong>Olympiades ou activit\u00e9s mix\u00e9es :<br \/><\/strong><\/h4>\r\n<p>Balade dans les vignes tous ensemble, escalade en trin\u00f4me, orientation p\u00e9destre en \u00e9quipe, challenge des sens : les yeux band\u00e9s (retrouver les bons go\u00fbts, senteurs), slack-line, tyrolienne (minimum 20 pers), quizz dans la cit\u00e9 antique d&#8217;Autun&#8230;<\/p>\r\n<p><img loading=\"lazy\" decoding=\"async\" class=\"wp-image-749 alignleft\" src=\"https:\/\/velovitamine.fr\/wp-content\/uploads\/2015\/12\/images-v\u00e9lo-route.jpg\" alt=\"\" width=\"74\" height=\"74\" srcset=\"https:\/\/velovitamine.fr\/wp-content\/uploads\/2015\/12\/images-v\u00e9lo-route.jpg 225w, https:\/\/velovitamine.fr\/wp-content\/uploads\/2015\/12\/images-v\u00e9lo-route-150x150.jpg 150w, https:\/\/velovitamine.fr\/wp-content\/uploads\/2015\/12\/images-v\u00e9lo-route-60x60.jpg 60w, https:\/\/velovitamine.fr\/wp-content\/uploads\/2015\/12\/images-v\u00e9lo-route-180x180.jpg 180w\" sizes=\"(max-width: 74px) 100vw, 74px\" \/><img loading=\"lazy\" decoding=\"async\" class=\"wp-image-754 alignleft\" src=\"https:\/\/velovitamine.fr\/wp-content\/uploads\/2015\/12\/images-escalade.png\" alt=\"\" width=\"58\" height=\"58\" srcset=\"https:\/\/velovitamine.fr\/wp-content\/uploads\/2015\/12\/images-escalade.png 225w, https:\/\/velovitamine.fr\/wp-content\/uploads\/2015\/12\/images-escalade-150x150.png 150w, https:\/\/velovitamine.fr\/wp-content\/uploads\/2015\/12\/images-escalade-60x60.png 60w, https:\/\/velovitamine.fr\/wp-content\/uploads\/2015\/12\/images-escalade-180x180.png 180w\" sizes=\"(max-width: 58px) 100vw, 58px\" \/><\/p>\r\n<p><img loading=\"lazy\" decoding=\"async\" class=\"wp-image-753 alignleft\" src=\"https:\/\/velovitamine.fr\/wp-content\/uploads\/2015\/12\/image-slackline.jpg\" alt=\"\" width=\"72\" height=\"72\" srcset=\"https:\/\/velovitamine.fr\/wp-content\/uploads\/2015\/12\/image-slackline.jpg 200w, https:\/\/velovitamine.fr\/wp-content\/uploads\/2015\/12\/image-slackline-150x150.jpg 150w, https:\/\/velovitamine.fr\/wp-content\/uploads\/2015\/12\/image-slackline-60x60.jpg 60w, https:\/\/velovitamine.fr\/wp-content\/uploads\/2015\/12\/image-slackline-180x180.jpg 180w\" sizes=\"(max-width: 72px) 100vw, 72px\" \/><img loading=\"lazy\" decoding=\"async\" class=\"wp-image-751 alignleft\" src=\"https:\/\/velovitamine.fr\/wp-content\/uploads\/2015\/12\/Photo-logo-marche-NKet-v\u00e9lo-dirt-1.jpg\" alt=\"\" width=\"80\" height=\"62\" \/><img loading=\"lazy\" decoding=\"async\" class=\"wp-image-748 alignleft\" src=\"https:\/\/velovitamine.fr\/wp-content\/uploads\/2015\/12\/index.png\" alt=\"\" width=\"62\" height=\"62\" srcset=\"https:\/\/velovitamine.fr\/wp-content\/uploads\/2015\/12\/index.png 225w, https:\/\/velovitamine.fr\/wp-content\/uploads\/2015\/12\/index-150x150.png 150w, https:\/\/velovitamine.fr\/wp-content\/uploads\/2015\/12\/index-60x60.png 60w, https:\/\/velovitamine.fr\/wp-content\/uploads\/2015\/12\/index-180x180.png 180w\" sizes=\"(max-width: 62px) 100vw, 62px\" \/><\/p>\r\n<p>&nbsp;<\/p>\r\n<p>&nbsp;<\/p>\r\n<p>&nbsp;<\/p>\r\n<hr \/>\r\n\n<\/div><h2 class=\"tabtitle\">D\u00e9tails et tarifs<\/h2>\n<div class=\"tabcontent\">\n\r\n<h3>Nous adaptons nos propositions et nous vous concoctons une escapade originale.<\/h3>\r\n<p>De 10 \u00e0 50 personnes et +, nous r\u00e9pondons \u00e0 vos demandes : lieux de l&#8217;activit\u00e9, de d\u00e9part et d&#8217;arriv\u00e9e, d\u00e9gustation de produits r\u00e9gionaux, de vins&#8230;<\/p>\r\n<p>Pour info, nous pouvons effectuer<em> le d\u00e9part de certaines de nos activit\u00e9s<\/em> :<br \/><strong>De votre lieu d&#8217;h\u00e9bergement<\/strong> : ch\u00e2teau de Chailly-sur-Arman\u00e7on, ch\u00e2teau de Gilly-les-Citeaux, Ch\u00e2teau de Saulon-la-Rue, Abbaye de la Bussi\u00e8re, ch\u00e2teau de Barbirey-sur-Ouche, ch\u00e2teau de Sainte-Sabine, ch\u00e2teau de Sainte-Colombe&#8230;H\u00f4tel Novotel Route des Grands Crus, h\u00f4tel Dijon Centre\/gare&#8230;<br \/><strong><br \/>D&#8217;<\/strong><strong>un site touristique<\/strong> : ch\u00e2teau de Meursault, ch\u00e2teau de Pommard, cit\u00e9 m\u00e9di\u00e9vale de Ch\u00e2teauneuf-en-Auxois, Dijon centre (Port du canal, Lac Kir), cit\u00e9 et th\u00e9\u00e2tre antique d&#8217;Autun&#8230;<\/p>\r\n<h3><strong>Nos propositions sont \u00e9labor\u00e9es sur mesure.<\/strong><\/h3>\r\n<h3><strong>Venez passer un bon moment \u00e0 v\u00e9lo ou autrement ! <\/strong><strong><br \/><\/strong><\/h3>\r\n<h3><strong>Tarifs de base groupe : de 35\u20ac \u00e0 79\u20ac\/ pers<br \/><\/strong><\/h3>\r\n<h3><strong>Tout est envisageable, n\u2019h\u00e9sitez pas \u00e0 nous contacter pour en discuter.<\/strong><\/h3>\r\n<p><a href=\"http:\/\/velovitamine.fr\/contact-demande-dinformation\/\" target=\"_blank\" rel=\"noopener noreferrer\">Contact et R\u00e9servation<\/a><\/p>\r\n<\/div><\/div>\r\n<p>&nbsp;<\/p>\r\n<p><\/p>\r\n\r\n<h2 class=\"wp-block-heading\">Activit\u00e9s groupe<\/h2>\r\n\r\n<div class=\"responsive-tabs\">\n<h2 class=\"tabtitle\">Nos activit\u00e9s<\/h2>\n<div class=\"tabcontent\">\n\r\n<h3><strong>ENTERREMENT de VIE G\/F &#8211; TEAM BUILDING &#8211; S\u00c9MINAIRE &#8211; TOURISME D&#8217;AFFAIRES &#8211; COMITE D&#8217;ENTREPRISE<\/strong><\/h3>\r\n<p>Vous voulez organiser un apr\u00e8s-midi ou une journ\u00e9e originale, vous balader, d\u00e9couvrir une r\u00e9gion, vous d\u00e9tendre ou au contraire vous d\u00e9penser tout en cr\u00e9ant un esprit de groupe, d&#8217;\u00e9quipe ou individuel ?! Nous cr\u00e9ons des moments qui rassemblent, des activit\u00e9s encadr\u00e9es ou autonomes pour tirer le meilleur de soi-m\u00eame !<\/p>\r\n<hr \/>\r\n<h3>\u00a0<\/h3>\r\n<h3><strong>Balades \u0153nologiques<br \/><\/strong><\/h3>\r\n<h4><strong>Excursion \u00e0 v\u00e9lo avec votre guide \u0153nologique<\/strong><\/h4>\r\n<p><img loading=\"lazy\" decoding=\"async\" class=\"wp-image-2725 size-medium alignleft\" src=\"http:\/\/velovitamine.fr\/wp-content\/uploads\/2017\/01\/seminaire-oeno-2017-velovitamine-1-300x200.jpg\" alt=\"\" width=\"300\" height=\"200\" srcset=\"https:\/\/velovitamine.fr\/wp-content\/uploads\/2017\/01\/seminaire-oeno-2017-velovitamine-1-300x200.jpg 300w, https:\/\/velovitamine.fr\/wp-content\/uploads\/2017\/01\/seminaire-oeno-2017-velovitamine-1-768x511.jpg 768w, https:\/\/velovitamine.fr\/wp-content\/uploads\/2017\/01\/seminaire-oeno-2017-velovitamine-1-1024x682.jpg 1024w, https:\/\/velovitamine.fr\/wp-content\/uploads\/2017\/01\/seminaire-oeno-2017-velovitamine-1.jpg 1218w\" sizes=\"(max-width: 300px) 100vw, 300px\" \/><\/p>\r\n<p>\u00c0 la d\u00e9couverte des c\u00e9l\u00e8bres vignobles de Bourgogne, immersion au c\u0153ur des parcelles de grands crus et villages typiques de la <strong>C\u00f4te de Nuits<\/strong>. Cette balade comment\u00e9e \u00e9merveillera vos papilles et votre curiosit\u00e9 <em>(d\u00e9gustation de vins en option)<\/em>.<br \/><strong>\u00ab La C\u00f4te de Nuits 1<sup>er<\/sup> Cru \u00bb : <\/strong>Marsannay, Couchey, Fixin, Gevrey-Chambertin&#8230; <strong><br \/><\/strong><strong>\u00ab La C\u00f4te de Nuits Grand Cru \u00bb : <\/strong>Nuits-Saint-Georges, Vougeot&#8230;<br \/><strong>\u00ab La C\u00f4te de Beaune, la C\u00f4te Chalonnaise&#8230; \u00bb : <\/strong>de Puligny-Montrachet \u00e0 Givry&#8230;<\/p>\r\n<p><strong>Niveau : <\/strong>tout public \/<strong> Parcours : <\/strong>facile et plat<strong> \/ Dur\u00e9e :<\/strong> <sup>1\/2<\/sup> journ\u00e9e ou journ\u00e9e<strong><br \/><\/strong><strong>D\u00e9parts<\/strong>: Dijon Sud (vieux Chen\u00f4ve acc\u00e8s en tramway) et Nuits-Saint-Georges<strong>.<\/strong><\/p>\r\n<hr \/>\r\n<h3><strong>Rallye \u0153nologique &#8220;Vinoquizz&#8221;<\/strong><\/h3>\r\n<h4><strong>Parcours \u00e0 v\u00e9lo orient\u00e9 sur la route des Grands Crus<br \/><\/strong><\/h4>\r\n<p><strong><img loading=\"lazy\" decoding=\"async\" class=\"wp-image-2726 size-medium alignleft\" src=\"http:\/\/velovitamine.fr\/wp-content\/uploads\/2017\/01\/Se\u0301minaire-cuisine-ve\u0301los-juin-2017-Velovitamine.fr-3-300x197.jpg\" alt=\"\" width=\"300\" height=\"197\" srcset=\"https:\/\/velovitamine.fr\/wp-content\/uploads\/2017\/01\/Se\u0301minaire-cuisine-ve\u0301los-juin-2017-Velovitamine.fr-3-300x197.jpg 300w, https:\/\/velovitamine.fr\/wp-content\/uploads\/2017\/01\/Se\u0301minaire-cuisine-ve\u0301los-juin-2017-Velovitamine.fr-3-768x505.jpg 768w, https:\/\/velovitamine.fr\/wp-content\/uploads\/2017\/01\/Se\u0301minaire-cuisine-ve\u0301los-juin-2017-Velovitamine.fr-3-1024x673.jpg 1024w, https:\/\/velovitamine.fr\/wp-content\/uploads\/2017\/01\/Se\u0301minaire-cuisine-ve\u0301los-juin-2017-Velovitamine.fr-3-320x210.jpg 320w, https:\/\/velovitamine.fr\/wp-content\/uploads\/2017\/01\/Se\u0301minaire-cuisine-ve\u0301los-juin-2017-Velovitamine.fr-3-460x300.jpg 460w, https:\/\/velovitamine.fr\/wp-content\/uploads\/2017\/01\/Se\u0301minaire-cuisine-ve\u0301los-juin-2017-Velovitamine.fr-3.jpg 1440w\" sizes=\"(max-width: 300px) 100vw, 300px\" \/><\/strong>Un d\u00e9fi original qui m\u00eale sport, culture et orientation. Par \u00e9quipe de 2, 3, 6&#8230;, \u00e0 l&#8217;aide d&#8217;une carte au parcours trac\u00e9, les participants doivent retrouver les questions cach\u00e9es et y r\u00e9pondre. \u00c0 vous de questionner ceux qui vous entourent !<\/p>\r\n<p><strong>Quizz :<\/strong> QCM sur les vins de bourgogne.<br \/><strong>Encadrement :<\/strong> en autonomie avec logistique de d\u00e9pannage m\u00e9canique<br \/><strong>D\u00e9part :<\/strong> C\u00f4te de Nuits \/ <strong>Dur\u00e9e :<\/strong> <sup>1\/2<\/sup> journ\u00e9e ou journ\u00e9e<br \/><strong>Arriv\u00e9e :<\/strong> debriefing pour annoncer les r\u00e9sultats &#8211; <em>d\u00e9gustation de vins en option<\/em>.<\/p>\r\n<hr \/>\r\n<h3><strong>Les bols d&#8217;air \u00e0 v\u00e9lo &#8211; Balade d\u00e9tente <\/strong><\/h3>\r\n<h4><strong>Des escapades loisirs \u00e0 la demande<\/strong><\/h4>\r\n<p><img loading=\"lazy\" decoding=\"async\" class=\"alignleft wp-image-266\" src=\"http:\/\/velovitamine.fr\/wp-content\/uploads\/2015\/10\/Rando-groupe-lac-des-settons-300x225.jpg\" alt=\"OLYMPUS DIGITAL CAMERA\" width=\"265\" height=\"199\" srcset=\"https:\/\/velovitamine.fr\/wp-content\/uploads\/2015\/10\/Rando-groupe-lac-des-settons-300x225.jpg 300w, https:\/\/velovitamine.fr\/wp-content\/uploads\/2015\/10\/Rando-groupe-lac-des-settons.jpg 963w\" sizes=\"(max-width: 265px) 100vw, 265px\" \/><\/p>\r\n<p>Des vignobles du Beaujolais jusqu&#8217;\u00e0 Dijon ou le parc du Morvan et ses nombreux lacs, nous proposons des parcours simples et faciles pour rouler tous ensemble. Des points de ravitaillements sont pr\u00e9vus pour des pauses conviviales et gourmandes.<br \/>Un d\u00e9paysement total tous ensemble tout au long de votre parcours.<\/p>\r\n<p><strong>Niveau : <\/strong>pour tous, tr\u00e8s grands groupes possible<strong><br \/>Dur\u00e9e : <\/strong>\u00e0 la demande<strong><br \/>Mat\u00e9riel : <\/strong>\u00e0 VTT ou VTC <strong><br \/>Encadrement sp\u00e9cifique : <\/strong>2 \u00e0 3 encadrants et +<\/p>\r\n<hr \/>\r\n<h3><strong>Challenge Orient&#8217;Bike<\/strong><\/h3>\r\n<h4><strong>Course d\u2019orientation \u00e0 VTT ou p\u00e9destre entre for\u00eats domaniales, vignobles et cit\u00e9s m\u00e9di\u00e9vales&#8230;<\/strong><\/h4>\r\n<p><img loading=\"lazy\" decoding=\"async\" class=\"alignleft wp-image-2356\" src=\"https:\/\/velovitamine.fr\/wp-content\/uploads\/2018\/04\/Rando-des-vignes-Gevrey-chambertin-vtt-2017-velovitamine-3-300x200.jpg\" alt=\"\" width=\"258\" height=\"172\" srcset=\"https:\/\/velovitamine.fr\/wp-content\/uploads\/2018\/04\/Rando-des-vignes-Gevrey-chambertin-vtt-2017-velovitamine-3-300x200.jpg 300w, https:\/\/velovitamine.fr\/wp-content\/uploads\/2018\/04\/Rando-des-vignes-Gevrey-chambertin-vtt-2017-velovitamine-3-768x511.jpg 768w, https:\/\/velovitamine.fr\/wp-content\/uploads\/2018\/04\/Rando-des-vignes-Gevrey-chambertin-vtt-2017-velovitamine-3.jpg 1000w\" sizes=\"(max-width: 258px) 100vw, 258px\" \/>Un challenge sportif qui m\u00e8nera vos \u00e9quipes dans diverses p\u00e9rip\u00e9ties. \u00c0 eux de trouver le meilleur itin\u00e9raire pour poin\u00e7onner les balises tout en optimisant le temps imparti.<\/p>\r\n<p><strong>\u00c9quipement, niveau :<\/strong> \u00e0 VTT, parcours loisir ou sport&#8230; \u00e0 pied&#8230;<br \/><strong>Encadrement :<\/strong> en autonomie avec logistique de d\u00e9pannage m\u00e9canique<br \/><strong>Lieux : <\/strong>vignoble de la C\u00f4te de Nuits, for\u00eat domaniale d&#8217;Autun, Cit\u00e9 m\u00e9di\u00e9vale de Ch\u00e2teauneuf en Auxois&#8230;<br \/><strong>Dur\u00e9e :<\/strong> 2 \u00e0 3h \/ <strong>Arriv\u00e9e :<\/strong> Debriefing r\u00e9sultat &#8211; <em>d\u00e9gustation de vins en option<\/em><\/p>\r\n<hr \/>\r\n<h3><strong>Challenge VTT sur pistes de descente<\/strong><\/h3>\r\n<h4><strong>Venez rivaliser ou d\u00e9couvrir les pistes \u00e0 Autun<\/strong><\/h4>\r\n<p><img loading=\"lazy\" decoding=\"async\" class=\"alignleft wp-image-492\" src=\"http:\/\/velovitamine.fr\/wp-content\/uploads\/2016\/01\/VTT-Descente-virage-relev\u00e9-300x225.jpg\" alt=\"VTT Descente virage relev\u00e9\" width=\"263\" height=\"197\" srcset=\"https:\/\/velovitamine.fr\/wp-content\/uploads\/2016\/01\/VTT-Descente-virage-relev\u00e9-300x225.jpg 300w, https:\/\/velovitamine.fr\/wp-content\/uploads\/2016\/01\/VTT-Descente-virage-relev\u00e9-768x576.jpg 768w, https:\/\/velovitamine.fr\/wp-content\/uploads\/2016\/01\/VTT-Descente-virage-relev\u00e9.jpg 947w\" sizes=\"(max-width: 263px) 100vw, 263px\" \/><\/p>\r\n<p>Les pistes (verte, bleue, rouge) attendent vos premi\u00e8res traces. Des descentes et encore des descentes, pour finir sur un mini challenge chronom\u00e9tr\u00e9. Pas de p\u00e9dalage sur ces s\u00e9ances ! Des sensations fortes au c\u0153ur d\u2019un p\u00e2turage d\u2019exception.<\/p>\r\n<p><strong>Niveau :<\/strong> loisir, d\u00e9couverte, d\u00e9butant (piste verte, bleue, rouge&#8230;)<br \/><strong>Pistes :<\/strong> homologu\u00e9es FFC, longueur de 1500 m<br \/><strong>Dur\u00e9e :<\/strong> <sup>1\/2<\/sup> journ\u00e9e ou journ\u00e9e<br \/><strong>\u00c9quipement fourni :<\/strong> VTT semi rigide, VTT de descente et freeride, casques int\u00e9grales.<br \/><strong>Logistique :<\/strong> une navette assure les remont\u00e9es de l&#8217;arriv\u00e9e au d\u00e9part.<\/p>\r\n<hr \/>\r\n<h3><strong>VTT Tout Shuss in Morvan<\/strong><\/h3>\r\n<h4><strong>&#8220;Voyage descendant aux confins du Morvan&#8221; sur des parcours de 8, 12 ou 16 km<\/strong><\/h4>\r\n<p><strong><img loading=\"lazy\" decoding=\"async\" class=\"alignleft wp-image-1569\" src=\"http:\/\/velovitamine.fr\/wp-content\/uploads\/2016\/05\/EVG-Rando-Tout-Shuss-300x169.jpg\" alt=\"EVG-Rando-Tout-Shuss\" width=\"310\" height=\"174\" srcset=\"https:\/\/velovitamine.fr\/wp-content\/uploads\/2016\/05\/EVG-Rando-Tout-Shuss-300x169.jpg 300w, https:\/\/velovitamine.fr\/wp-content\/uploads\/2016\/05\/EVG-Rando-Tout-Shuss.jpg 672w\" sizes=\"(max-width: 310px) 100vw, 310px\" \/><\/strong><\/p>\r\n<p>Depuis les hauteurs jusqu&#8217;au bas de la vall\u00e9e, vous traversez des paysages fabuleux entre sapini\u00e8res, prairies et ruisseaux. <em>Sensation d&#8217;\u00e9vasion, de libert\u00e9, quasiment sans p\u00e9daler !<\/em><\/p>\r\n<p><strong>Lieu de d\u00e9part :<\/strong> Sud Morvan (proche Autun)<br \/><strong>Dur\u00e9e : <\/strong> 3h ou 6h \/ <strong>Niveau : <\/strong>aisance sur un VTT<br \/><strong>\u00c9quipement fourni :<\/strong> VTT semi rigide et tout suspendu<br \/><strong>Nota :<\/strong> un restaurant typique Morvandiau, aux plats riches et vous accueille \u00e0 toute heure.<\/p>\r\n<hr \/>\r\n<h3><strong>Escalade en site naturel<\/strong><\/h3>\r\n<h4><strong>D\u00e9couverte et ascension rocheuse<\/strong><\/h4>\r\n<p><strong><img loading=\"lazy\" decoding=\"async\" class=\"wp-image-741 alignleft\" src=\"http:\/\/velovitamine.fr\/wp-content\/uploads\/2016\/02\/Escalade-jeune-saffres-2015-9-225x300.jpg\" alt=\"Escalade jeune saffres 2015 (9)\" width=\"172\" height=\"230\" srcset=\"https:\/\/velovitamine.fr\/wp-content\/uploads\/2016\/02\/Escalade-jeune-saffres-2015-9-225x300.jpg 225w, https:\/\/velovitamine.fr\/wp-content\/uploads\/2016\/02\/Escalade-jeune-saffres-2015-9.jpg 709w\" sizes=\"(max-width: 172px) 100vw, 172px\" \/><\/strong><\/p>\r\n<p>Dans un environnement de pleine nature, accompagn\u00e9 d\u2019un moniteur dipl\u00f4m\u00e9, venez d\u00e9couvrir les falaises de Bourgogne. Initiation, grimpe, varappe, apprentissage des techniques de s\u00e9curit\u00e9 de base.<br \/>Venez vivre vos premi\u00e8res ascensions sur des sites pr\u00e9serv\u00e9s et sublimes !<\/p>\r\n<p><strong>Niveau : <\/strong>tout public pour une initiation d\u00e9couverte<br \/><strong>Mat\u00e9riel :<\/strong> \u00e9quipement de protection individuelle : casque, harnais, syst\u00e8me d&#8217;assurage, cordes&#8230;<br \/><strong>Lieux : a<\/strong>ux alentours de Dijon, Beaune.<br \/><strong>Dur\u00e9e :<\/strong> 3h<br \/><strong>Extra :<\/strong> possibilit\u00e9 de coupler avec une autre activit\u00e9 sur une journ\u00e9e (ex: balade \u0153no + escalade)<\/p>\r\n<hr \/>\r\n<h3><strong>Pack multi-activit\u00e9s :<\/strong><\/h3>\r\n<h4><strong>Olympiades ou activit\u00e9s mix\u00e9es :<br \/><\/strong><\/h4>\r\n<p>Balade dans les vignes tous ensemble, escalade en trin\u00f4me, orientation p\u00e9destre en \u00e9quipe, challenge des sens : les yeux band\u00e9s (retrouver les bons go\u00fbts, senteurs), slack-line, tyrolienne (minimum 20 pers), quizz dans la cit\u00e9 antique d&#8217;Autun&#8230;<\/p>\r\n<p><img loading=\"lazy\" decoding=\"async\" class=\"wp-image-749 alignleft\" src=\"https:\/\/velovitamine.fr\/wp-content\/uploads\/2015\/12\/images-v\u00e9lo-route.jpg\" alt=\"\" width=\"74\" height=\"74\" srcset=\"https:\/\/velovitamine.fr\/wp-content\/uploads\/2015\/12\/images-v\u00e9lo-route.jpg 225w, https:\/\/velovitamine.fr\/wp-content\/uploads\/2015\/12\/images-v\u00e9lo-route-150x150.jpg 150w, https:\/\/velovitamine.fr\/wp-content\/uploads\/2015\/12\/images-v\u00e9lo-route-60x60.jpg 60w, https:\/\/velovitamine.fr\/wp-content\/uploads\/2015\/12\/images-v\u00e9lo-route-180x180.jpg 180w\" sizes=\"(max-width: 74px) 100vw, 74px\" \/><img loading=\"lazy\" decoding=\"async\" class=\"wp-image-754 alignleft\" src=\"https:\/\/velovitamine.fr\/wp-content\/uploads\/2015\/12\/images-escalade.png\" alt=\"\" width=\"58\" height=\"58\" srcset=\"https:\/\/velovitamine.fr\/wp-content\/uploads\/2015\/12\/images-escalade.png 225w, https:\/\/velovitamine.fr\/wp-content\/uploads\/2015\/12\/images-escalade-150x150.png 150w, https:\/\/velovitamine.fr\/wp-content\/uploads\/2015\/12\/images-escalade-60x60.png 60w, https:\/\/velovitamine.fr\/wp-content\/uploads\/2015\/12\/images-escalade-180x180.png 180w\" sizes=\"(max-width: 58px) 100vw, 58px\" \/><\/p>\r\n<p><img loading=\"lazy\" decoding=\"async\" class=\"wp-image-753 alignleft\" src=\"https:\/\/velovitamine.fr\/wp-content\/uploads\/2015\/12\/image-slackline.jpg\" alt=\"\" width=\"72\" height=\"72\" srcset=\"https:\/\/velovitamine.fr\/wp-content\/uploads\/2015\/12\/image-slackline.jpg 200w, https:\/\/velovitamine.fr\/wp-content\/uploads\/2015\/12\/image-slackline-150x150.jpg 150w, https:\/\/velovitamine.fr\/wp-content\/uploads\/2015\/12\/image-slackline-60x60.jpg 60w, https:\/\/velovitamine.fr\/wp-content\/uploads\/2015\/12\/image-slackline-180x180.jpg 180w\" sizes=\"(max-width: 72px) 100vw, 72px\" \/><img loading=\"lazy\" decoding=\"async\" class=\"wp-image-751 alignleft\" src=\"https:\/\/velovitamine.fr\/wp-content\/uploads\/2015\/12\/Photo-logo-marche-NKet-v\u00e9lo-dirt-1.jpg\" alt=\"\" width=\"80\" height=\"62\" \/><img loading=\"lazy\" decoding=\"async\" class=\"wp-image-748 alignleft\" src=\"https:\/\/velovitamine.fr\/wp-content\/uploads\/2015\/12\/index.png\" alt=\"\" width=\"62\" height=\"62\" srcset=\"https:\/\/velovitamine.fr\/wp-content\/uploads\/2015\/12\/index.png 225w, https:\/\/velovitamine.fr\/wp-content\/uploads\/2015\/12\/index-150x150.png 150w, https:\/\/velovitamine.fr\/wp-content\/uploads\/2015\/12\/index-60x60.png 60w, https:\/\/velovitamine.fr\/wp-content\/uploads\/2015\/12\/index-180x180.png 180w\" sizes=\"(max-width: 62px) 100vw, 62px\" \/><\/p>\r\n<p>&nbsp;<\/p>\r\n<p>&nbsp;<\/p>\r\n<p>&nbsp;<\/p>\r\n<hr \/>\r\n\n<\/div><h2 class=\"tabtitle\">D\u00e9tails et tarifs<\/h2>\n<div class=\"tabcontent\">\n\r\n<h3>Nous adaptons nos propositions et nous vous concoctons une escapade originale.<\/h3>\r\n<p>De 10 \u00e0 50 personnes et +, nous r\u00e9pondons \u00e0 vos demandes : lieux de l&#8217;activit\u00e9, de d\u00e9part et d&#8217;arriv\u00e9e, d\u00e9gustation de produits r\u00e9gionaux, de vins&#8230;<\/p>\r\n<p>Pour info, nous pouvons effectuer<em> le d\u00e9part de certaines de nos activit\u00e9s<\/em> :<br \/><strong>De votre lieu d&#8217;h\u00e9bergement<\/strong> : ch\u00e2teau de Chailly-sur-Arman\u00e7on, ch\u00e2teau de Gilly-les-Citeaux, Ch\u00e2teau de Saulon-la-Rue, Abbaye de la Bussi\u00e8re, ch\u00e2teau de Barbirey-sur-Ouche, ch\u00e2teau de Sainte-Sabine, ch\u00e2teau de Sainte-Colombe&#8230;H\u00f4tel Novotel Route des Grands Crus, h\u00f4tel Dijon Centre\/gare&#8230;<br \/><strong><br \/>D&#8217;<\/strong><strong>un site touristique<\/strong> : ch\u00e2teau de Meursault, ch\u00e2teau de Pommard, cit\u00e9 m\u00e9di\u00e9vale de Ch\u00e2teauneuf-en-Auxois, Dijon centre (Port du canal, Lac Kir), cit\u00e9 et th\u00e9\u00e2tre antique d&#8217;Autun&#8230;<\/p>\r\n<h3><strong>Nos propositions sont \u00e9labor\u00e9es sur mesure.<\/strong><\/h3>\r\n<h3><strong>Venez passer un bon moment \u00e0 v\u00e9lo ou autrement ! <\/strong><strong><br \/><\/strong><\/h3>\r\n<h3><strong>Tarifs de base groupe : de 35\u20ac \u00e0 79\u20ac\/ pers<br \/><\/strong><\/h3>\r\n<h3><strong>Tout est envisageable, n\u2019h\u00e9sitez pas \u00e0 nous contacter pour en discuter.<\/strong><\/h3>\r\n<p><a href=\"http:\/\/velovitamine.fr\/contact-demande-dinformation\/\" target=\"_blank\" rel=\"noopener noreferrer\">Contact et R\u00e9servation<\/a><\/p>\r\n<\/div><\/div>\r\n<p>&nbsp;<\/p>","protected":false},"excerpt":{"rendered":"<p>Activit\u00e9s groupe ENTERREMENT de VIE G\/F &#8211; TEAM BUILDING &#8211; S\u00c9MINAIRE &#8211; TOURISME D&#8217;AFFAIRES &#8211; COMITE D&#8217;ENTREPRISE Vous voulez organiser un apr\u00e8s-midi ou une journ\u00e9e originale, vous balader, d\u00e9couvrir une [&hellip;]<\/p>\n","protected":false},"author":2,"featured_media":0,"parent":257875,"menu_order":0,"comment_status":"closed","ping_status":"closed","template":"","meta":{"_monsterinsights_skip_tracking":false,"_monsterinsights_sitenote_active":false,"_monsterinsights_sitenote_note":"","_monsterinsights_sitenote_category":0,"site-sidebar-layout":"default","site-content-layout":"default","ast-site-content-layout":"default","site-content-style":"default","site-sidebar-style":"default","ast-global-header-display":"","ast-banner-title-visibility":"","ast-main-header-display":"","ast-hfb-above-header-display":"","ast-hfb-below-header-display":"","ast-hfb-mobile-header-display":"","site-post-title":"","ast-breadcrumbs-content":"","ast-featured-img":"","footer-sml-layout":"","ast-disable-related-posts":"","theme-transparent-header-meta":"default","adv-header-id-meta":"","stick-header-meta":"","header-above-stick-meta":"","header-main-stick-meta":"","header-below-stick-meta":"","astra-migrate-meta-layouts":"set","ast-page-background-enabled":"default","ast-page-background-meta":{"desktop":{"background-color":"","background-image":"","background-repeat":"repeat","background-position":"center center","background-size":"auto","background-attachment":"scroll","background-type":"","background-media":"","overlay-type":"","overlay-color":"","overlay-opacity":"","overlay-gradient":""},"tablet":{"background-color":"","background-image":"","background-repeat":"repeat","background-position":"center center","background-size":"auto","background-attachment":"scroll","background-type":"","background-media":"","overlay-type":"","overlay-color":"","overlay-opacity":"","overlay-gradient":""},"mobile":{"background-color":"","background-image":"","background-repeat":"repeat","background-position":"center center","background-size":"auto","background-attachment":"scroll","background-type":"","background-media":"","overlay-type":"","overlay-color":"","overlay-opacity":"","overlay-gradient":""}},"ast-content-background-meta":{"desktop":{"background-color":"var(--ast-global-color-5)","background-image":"","background-repeat":"repeat","background-position":"center center","background-size":"auto","background-attachment":"scroll","background-type":"","background-media":"","overlay-type":"","overlay-color":"","overlay-opacity":"","overlay-gradient":""},"tablet":{"background-color":"var(--ast-global-color-5)","background-image":"","background-repeat":"repeat","background-position":"center center","background-size":"auto","background-attachment":"scroll","background-type":"","background-media":"","overlay-type":"","overlay-color":"","overlay-opacity":"","overlay-gradient":""},"mobile":{"background-color":"var(--ast-global-color-5)","background-image":"","background-repeat":"repeat","background-position":"center center","background-size":"auto","background-attachment":"scroll","background-type":"","background-media":"","overlay-type":"","overlay-color":"","overlay-opacity":"","overlay-gradient":""}},"footnotes":""},"class_list":["post-257997","page","type-page","status-publish","hentry"],"yoast_head":"<!-- This site is optimized with the Yoast SEO plugin v27.2 - https:\/\/yoast.com\/product\/yoast-seo-wordpress\/ -->\n<title>Activit\u00e9s groupe originales - Velovitamine.fr<\/title>\n<meta name=\"description\" content=\"Activit\u00e9s groupe excursion en bourgogne : balade v\u00e9lo, d\u00e9gustations vins, jeu quizz, encadrement, guide. Dijon, Beaune, Autun, Saulieu...Route des Grands crus..\" \/>\n<meta name=\"robots\" content=\"index, follow, max-snippet:-1, max-image-preview:large, max-video-preview:-1\" \/>\n<link rel=\"canonical\" href=\"https:\/\/velovitamine.fr\/activites-2\/activites-groupe\/\" \/>\n<meta property=\"og:locale\" content=\"en_US\" \/>\n<meta property=\"og:type\" content=\"article\" \/>\n<meta property=\"og:title\" content=\"Activit\u00e9s groupe originales - Velovitamine.fr\" \/>\n<meta property=\"og:description\" content=\"Activit\u00e9s groupe excursion en bourgogne : balade v\u00e9lo, d\u00e9gustations vins, jeu quizz, encadrement, guide. Dijon, Beaune, Autun, Saulieu...Route des Grands crus..\" \/>\n<meta property=\"og:url\" content=\"https:\/\/velovitamine.fr\/activites-2\/activites-groupe\/\" \/>\n<meta property=\"og:site_name\" content=\"Velovitamine.fr\" \/>\n<meta property=\"article:modified_time\" content=\"2026-01-11T19:08:26+00:00\" \/>\n<meta property=\"og:image\" content=\"https:\/\/velovitamine.fr\/wp-content\/uploads\/2017\/01\/seminaire-oeno-2017-velovitamine-1-300x200.jpg\" \/>\n<meta name=\"twitter:card\" content=\"summary_large_image\" \/>\n<meta name=\"twitter:label1\" content=\"Est. reading time\" \/>\n\t<meta name=\"twitter:data1\" content=\"10 minutes\" \/>\n<script type=\"application\/ld+json\" class=\"yoast-schema-graph\">{\"@context\":\"https:\/\/schema.org\",\"@graph\":[{\"@type\":\"WebPage\",\"@id\":\"https:\/\/velovitamine.fr\/activites-2\/activites-groupe\/\",\"url\":\"https:\/\/velovitamine.fr\/activites-2\/activites-groupe\/\",\"name\":\"Activit\u00e9s groupe originales - Velovitamine.fr\",\"isPartOf\":{\"@id\":\"https:\/\/velovitamine.fr\/#website\"},\"primaryImageOfPage\":{\"@id\":\"https:\/\/velovitamine.fr\/activites-2\/activites-groupe\/#primaryimage\"},\"image\":{\"@id\":\"https:\/\/velovitamine.fr\/activites-2\/activites-groupe\/#primaryimage\"},\"thumbnailUrl\":\"https:\/\/velovitamine.fr\/wp-content\/uploads\/2017\/01\/seminaire-oeno-2017-velovitamine-1-300x200.jpg\",\"datePublished\":\"2021-04-20T16:48:28+00:00\",\"dateModified\":\"2026-01-11T19:08:26+00:00\",\"description\":\"Activit\u00e9s groupe excursion en bourgogne : balade v\u00e9lo, d\u00e9gustations vins, jeu quizz, encadrement, guide. Dijon, Beaune, Autun, Saulieu...Route des Grands crus..\",\"breadcrumb\":{\"@id\":\"https:\/\/velovitamine.fr\/activites-2\/activites-groupe\/#breadcrumb\"},\"inLanguage\":\"en-US\",\"potentialAction\":[{\"@type\":\"ReadAction\",\"target\":[\"https:\/\/velovitamine.fr\/activites-2\/activites-groupe\/\"]}]},{\"@type\":\"ImageObject\",\"inLanguage\":\"en-US\",\"@id\":\"https:\/\/velovitamine.fr\/activites-2\/activites-groupe\/#primaryimage\",\"url\":\"https:\/\/velovitamine.fr\/wp-content\/uploads\/2017\/01\/seminaire-oeno-2017-velovitamine-1-300x200.jpg\",\"contentUrl\":\"https:\/\/velovitamine.fr\/wp-content\/uploads\/2017\/01\/seminaire-oeno-2017-velovitamine-1-300x200.jpg\"},{\"@type\":\"BreadcrumbList\",\"@id\":\"https:\/\/velovitamine.fr\/activites-2\/activites-groupe\/#breadcrumb\",\"itemListElement\":[{\"@type\":\"ListItem\",\"position\":1,\"name\":\"Accueil\",\"item\":\"https:\/\/velovitamine.fr\/\"},{\"@type\":\"ListItem\",\"position\":2,\"name\":\"Activit\u00e9s\",\"item\":\"https:\/\/velovitamine.fr\/activites-2\/\"},{\"@type\":\"ListItem\",\"position\":3,\"name\":\"Activit\u00e9s groupe\"}]},{\"@type\":\"WebSite\",\"@id\":\"https:\/\/velovitamine.fr\/#website\",\"url\":\"https:\/\/velovitamine.fr\/\",\"name\":\"Velovitamine.fr\",\"description\":\"The rolling web site...\",\"publisher\":{\"@id\":\"https:\/\/velovitamine.fr\/#organization\"},\"potentialAction\":[{\"@type\":\"SearchAction\",\"target\":{\"@type\":\"EntryPoint\",\"urlTemplate\":\"https:\/\/velovitamine.fr\/?s={search_term_string}\"},\"query-input\":{\"@type\":\"PropertyValueSpecification\",\"valueRequired\":true,\"valueName\":\"search_term_string\"}}],\"inLanguage\":\"en-US\"},{\"@type\":\"Organization\",\"@id\":\"https:\/\/velovitamine.fr\/#organization\",\"name\":\"Velovitamine\",\"url\":\"https:\/\/velovitamine.fr\/\",\"logo\":{\"@type\":\"ImageObject\",\"inLanguage\":\"en-US\",\"@id\":\"https:\/\/velovitamine.fr\/#\/schema\/logo\/image\/\",\"url\":\"https:\/\/velovitamine.fr\/wp-content\/uploads\/2014\/10\/cropped-logo1-e1444671967804.jpg\",\"contentUrl\":\"https:\/\/velovitamine.fr\/wp-content\/uploads\/2014\/10\/cropped-logo1-e1444671967804.jpg\",\"width\":512,\"height\":512,\"caption\":\"Velovitamine\"},\"image\":{\"@id\":\"https:\/\/velovitamine.fr\/#\/schema\/logo\/image\/\"}}]}<\/script>\n<!-- \/ Yoast SEO plugin. -->","yoast_head_json":{"title":"Activit\u00e9s groupe originales - Velovitamine.fr","description":"Activit\u00e9s groupe excursion en bourgogne : balade v\u00e9lo, d\u00e9gustations vins, jeu quizz, encadrement, guide. Dijon, Beaune, Autun, Saulieu...Route des Grands crus..","robots":{"index":"index","follow":"follow","max-snippet":"max-snippet:-1","max-image-preview":"max-image-preview:large","max-video-preview":"max-video-preview:-1"},"canonical":"https:\/\/velovitamine.fr\/activites-2\/activites-groupe\/","og_locale":"en_US","og_type":"article","og_title":"Activit\u00e9s groupe originales - Velovitamine.fr","og_description":"Activit\u00e9s groupe excursion en bourgogne : balade v\u00e9lo, d\u00e9gustations vins, jeu quizz, encadrement, guide. Dijon, Beaune, Autun, Saulieu...Route des Grands crus..","og_url":"https:\/\/velovitamine.fr\/activites-2\/activites-groupe\/","og_site_name":"Velovitamine.fr","article_modified_time":"2026-01-11T19:08:26+00:00","og_image":[{"url":"https:\/\/velovitamine.fr\/wp-content\/uploads\/2017\/01\/seminaire-oeno-2017-velovitamine-1-300x200.jpg","type":"","width":"","height":""}],"twitter_card":"summary_large_image","twitter_misc":{"Est. reading time":"10 minutes"},"schema":{"@context":"https:\/\/schema.org","@graph":[{"@type":"WebPage","@id":"https:\/\/velovitamine.fr\/activites-2\/activites-groupe\/","url":"https:\/\/velovitamine.fr\/activites-2\/activites-groupe\/","name":"Activit\u00e9s groupe originales - Velovitamine.fr","isPartOf":{"@id":"https:\/\/velovitamine.fr\/#website"},"primaryImageOfPage":{"@id":"https:\/\/velovitamine.fr\/activites-2\/activites-groupe\/#primaryimage"},"image":{"@id":"https:\/\/velovitamine.fr\/activites-2\/activites-groupe\/#primaryimage"},"thumbnailUrl":"https:\/\/velovitamine.fr\/wp-content\/uploads\/2017\/01\/seminaire-oeno-2017-velovitamine-1-300x200.jpg","datePublished":"2021-04-20T16:48:28+00:00","dateModified":"2026-01-11T19:08:26+00:00","description":"Activit\u00e9s groupe excursion en bourgogne : balade v\u00e9lo, d\u00e9gustations vins, jeu quizz, encadrement, guide. Dijon, Beaune, Autun, Saulieu...Route des Grands crus..","breadcrumb":{"@id":"https:\/\/velovitamine.fr\/activites-2\/activites-groupe\/#breadcrumb"},"inLanguage":"en-US","potentialAction":[{"@type":"ReadAction","target":["https:\/\/velovitamine.fr\/activites-2\/activites-groupe\/"]}]},{"@type":"ImageObject","inLanguage":"en-US","@id":"https:\/\/velovitamine.fr\/activites-2\/activites-groupe\/#primaryimage","url":"https:\/\/velovitamine.fr\/wp-content\/uploads\/2017\/01\/seminaire-oeno-2017-velovitamine-1-300x200.jpg","contentUrl":"https:\/\/velovitamine.fr\/wp-content\/uploads\/2017\/01\/seminaire-oeno-2017-velovitamine-1-300x200.jpg"},{"@type":"BreadcrumbList","@id":"https:\/\/velovitamine.fr\/activites-2\/activites-groupe\/#breadcrumb","itemListElement":[{"@type":"ListItem","position":1,"name":"Accueil","item":"https:\/\/velovitamine.fr\/"},{"@type":"ListItem","position":2,"name":"Activit\u00e9s","item":"https:\/\/velovitamine.fr\/activites-2\/"},{"@type":"ListItem","position":3,"name":"Activit\u00e9s groupe"}]},{"@type":"WebSite","@id":"https:\/\/velovitamine.fr\/#website","url":"https:\/\/velovitamine.fr\/","name":"Velovitamine.fr","description":"The rolling web site...","publisher":{"@id":"https:\/\/velovitamine.fr\/#organization"},"potentialAction":[{"@type":"SearchAction","target":{"@type":"EntryPoint","urlTemplate":"https:\/\/velovitamine.fr\/?s={search_term_string}"},"query-input":{"@type":"PropertyValueSpecification","valueRequired":true,"valueName":"search_term_string"}}],"inLanguage":"en-US"},{"@type":"Organization","@id":"https:\/\/velovitamine.fr\/#organization","name":"Velovitamine","url":"https:\/\/velovitamine.fr\/","logo":{"@type":"ImageObject","inLanguage":"en-US","@id":"https:\/\/velovitamine.fr\/#\/schema\/logo\/image\/","url":"https:\/\/velovitamine.fr\/wp-content\/uploads\/2014\/10\/cropped-logo1-e1444671967804.jpg","contentUrl":"https:\/\/velovitamine.fr\/wp-content\/uploads\/2014\/10\/cropped-logo1-e1444671967804.jpg","width":512,"height":512,"caption":"Velovitamine"},"image":{"@id":"https:\/\/velovitamine.fr\/#\/schema\/logo\/image\/"}}]}},"_links":{"self":[{"href":"https:\/\/velovitamine.fr\/en\/wp-json\/wp\/v2\/pages\/257997","targetHints":{"allow":["GET"]}}],"collection":[{"href":"https:\/\/velovitamine.fr\/en\/wp-json\/wp\/v2\/pages"}],"about":[{"href":"https:\/\/velovitamine.fr\/en\/wp-json\/wp\/v2\/types\/page"}],"author":[{"embeddable":true,"href":"https:\/\/velovitamine.fr\/en\/wp-json\/wp\/v2\/users\/2"}],"replies":[{"embeddable":true,"href":"https:\/\/velovitamine.fr\/en\/wp-json\/wp\/v2\/comments?post=257997"}],"version-history":[{"count":67,"href":"https:\/\/velovitamine.fr\/en\/wp-json\/wp\/v2\/pages\/257997\/revisions"}],"predecessor-version":[{"id":260855,"href":"https:\/\/velovitamine.fr\/en\/wp-json\/wp\/v2\/pages\/257997\/revisions\/260855"}],"up":[{"embeddable":true,"href":"https:\/\/velovitamine.fr\/en\/wp-json\/wp\/v2\/pages\/257875"}],"wp:attachment":[{"href":"https:\/\/velovitamine.fr\/en\/wp-json\/wp\/v2\/media?parent=257997"}],"curies":[{"name":"wp","href":"https:\/\/api.w.org\/{rel}","templated":true}]}}