{"id":257894,"date":"2021-04-07T18:56:57","date_gmt":"2021-04-07T16:56:57","guid":{"rendered":"https:\/\/velovitamine.fr\/clone\/?page_id=257894"},"modified":"2026-01-30T15:00:45","modified_gmt":"2026-01-30T13:00:45","slug":"balades-a-velo","status":"publish","type":"page","link":"https:\/\/velovitamine.fr\/en\/activites-2\/balades-a-velo\/","title":{"rendered":"Balades \u00e0 v\u00e9lo"},"content":{"rendered":"\t\t<div data-elementor-type=\"wp-page\" data-elementor-id=\"257894\" class=\"elementor elementor-257894\">\n\t\t\t\t\t\t<section class=\"elementor-section elementor-top-section elementor-element elementor-element-1c1fb144 elementor-section-boxed elementor-section-height-default elementor-section-height-default\" data-id=\"1c1fb144\" data-element_type=\"section\" data-e-type=\"section\">\n\t\t\t\t\t\t<div class=\"elementor-container elementor-column-gap-default\">\n\t\t\t\t\t<div class=\"elementor-column elementor-col-100 elementor-top-column elementor-element elementor-element-14af171c\" data-id=\"14af171c\" data-element_type=\"column\" data-e-type=\"column\">\n\t\t\t<div class=\"elementor-widget-wrap elementor-element-populated\">\n\t\t\t\t\t\t<div class=\"elementor-element elementor-element-6744fcb1 elementor-widget elementor-widget-text-editor\" data-id=\"6744fcb1\" data-element_type=\"widget\" data-e-type=\"widget\" data-widget_type=\"text-editor.default\">\n\t\t\t\t<div class=\"elementor-widget-container\">\n\t\t\t\t\t\t\t\t\t\n\n<h1 class=\"wp-block-heading\">Bike tours in Burgundy.<\/h1>\n<p><\/p>\n<h2 class=\"wp-block-heading\">Auxois, Dijon, Morvan&#8230;<\/h2>\n<p><\/p>\n<div class=\"responsive-tabs\">\n<h2 class=\"tabtitle\">Our tours<\/h2>\n<div class=\"tabcontent\">\n\n<h2><strong>Guided bike tours in Burgundy<\/strong><\/h2>\n<h3>Leisure activities<\/h3>\n<h3><strong>Tour + guide + bike : from 35 to \u20ac49.00\/pers<br \/>Kids from 8 to 12 years old : from \u20ac25.00\/pers<\/strong><\/h3>\n<details>\n<summary><strong>Bike tour in the vineyard of the C\u00f4te de Nuits<\/strong><\/summary>\n<p class=\"blocInfo\"><img fetchpriority=\"high\" decoding=\"async\" class=\" wp-image-184291\" src=\"https:\/\/velovitamine.fr\/wp-content\/uploads\/2014\/10\/Balades-oenologiques-groupes-vignoble-de-bourgogne-Velovitamine-11-300x197.jpg\" alt=\"balade dans les vignes en groupe \u00e0 v\u00e9lo\" width=\"279\" height=\"183\" srcset=\"https:\/\/velovitamine.fr\/wp-content\/uploads\/2014\/10\/Balades-oenologiques-groupes-vignoble-de-bourgogne-Velovitamine-11-300x197.jpg 300w, https:\/\/velovitamine.fr\/wp-content\/uploads\/2014\/10\/Balades-oenologiques-groupes-vignoble-de-bourgogne-Velovitamine-11-1024x673.jpg 1024w, https:\/\/velovitamine.fr\/wp-content\/uploads\/2014\/10\/Balades-oenologiques-groupes-vignoble-de-bourgogne-Velovitamine-11-768x504.jpg 768w, https:\/\/velovitamine.fr\/wp-content\/uploads\/2014\/10\/Balades-oenologiques-groupes-vignoble-de-bourgogne-Velovitamine-11-320x210.jpg 320w, https:\/\/velovitamine.fr\/wp-content\/uploads\/2014\/10\/Balades-oenologiques-groupes-vignoble-de-bourgogne-Velovitamine-11-460x300.jpg 460w, https:\/\/velovitamine.fr\/wp-content\/uploads\/2014\/10\/Balades-oenologiques-groupes-vignoble-de-bourgogne-Velovitamine-11.jpg 1218w\" sizes=\"(max-width: 279px) 100vw, 279px\" \/><em><br \/>Stone and charm villages, vineyard plots &amp; unique landscapes at the heart of our terroirD\u00e9couverte du vignoble par petites routes et voies vigneronnes. Disvovery of the vineyard while pedalling on small roads. We will go through wine villages to finish with a wine tasting direclty in the vines. A convivial and cultural activity for everyone.<br \/><strong>Itinerary :<\/strong> easy, for everyone<br \/><strong>Starting point:<\/strong> south of Dijon, Morey-St-Denis, Nuits-St-Georges, Pommard&#8230;<br \/><\/em><\/p>\n<\/details>\n<p>\u00a0<\/p>\n<details>\n<summary><strong>Avosnes, wild land (30mn from Dijon)<\/strong><\/summary>\n<p class=\"blocInfo\"><img decoding=\"async\" class=\"alignnone wp-image-186212\" src=\"https:\/\/velovitamine.fr\/wp-content\/uploads\/2014\/10\/rando-vtt-contrees-sauvages-avosnes-2020-300x197.jpg\" alt=\"randonn\u00e9e \u00e0 VTT dans la vall\u00e9e de l'Auxois \u00e0 Avosnes\" width=\"283\" height=\"186\" srcset=\"https:\/\/velovitamine.fr\/wp-content\/uploads\/2014\/10\/rando-vtt-contrees-sauvages-avosnes-2020-300x197.jpg 300w, https:\/\/velovitamine.fr\/wp-content\/uploads\/2014\/10\/rando-vtt-contrees-sauvages-avosnes-2020-1024x673.jpg 1024w, https:\/\/velovitamine.fr\/wp-content\/uploads\/2014\/10\/rando-vtt-contrees-sauvages-avosnes-2020-768x504.jpg 768w, https:\/\/velovitamine.fr\/wp-content\/uploads\/2014\/10\/rando-vtt-contrees-sauvages-avosnes-2020-320x210.jpg 320w, https:\/\/velovitamine.fr\/wp-content\/uploads\/2014\/10\/rando-vtt-contrees-sauvages-avosnes-2020-460x300.jpg 460w, https:\/\/velovitamine.fr\/wp-content\/uploads\/2014\/10\/rando-vtt-contrees-sauvages-avosnes-2020.jpg 1218w\" sizes=\"(max-width: 283px) 100vw, 283px\" \/><br \/><em><strong>Easy <b class=\"b2\">mountain-bike route<\/b> between forests, bike paths and Burgundy hamlets!<\/strong><br \/><\/em>A very easy hike but 100% wild! This escape through the woods and lost pastures will give you a feeling of complete freedom.<br \/><strong>Itinerary:<\/strong> easy for everyone (kids from 9-10 years old)<br \/><strong>Starting point:<\/strong> Avosnes &#8211; access by the A48 (from Dijon or Pouilly-en-Auxois).<\/p>\n<\/details>\n<p>\u00a0<\/p>\n<details>\n<summary><strong>Flavigny-sur-Ozerain, a medieval village<\/strong><\/summary>\n<p class=\"blocInfo\"><img decoding=\"async\" class=\"alignnone wp-image-186543\" src=\"https:\/\/velovitamine.fr\/wp-content\/uploads\/2014\/10\/balade-vallee-de-l-ozerain-2020-velo-300x197.jpg\" alt=\"balade \u00e0 v\u00e9lo dans la vall\u00e9e de l'ozerain\" width=\"260\" height=\"171\" srcset=\"https:\/\/velovitamine.fr\/wp-content\/uploads\/2014\/10\/balade-vallee-de-l-ozerain-2020-velo-300x197.jpg 300w, https:\/\/velovitamine.fr\/wp-content\/uploads\/2014\/10\/balade-vallee-de-l-ozerain-2020-velo-1024x672.jpg 1024w, https:\/\/velovitamine.fr\/wp-content\/uploads\/2014\/10\/balade-vallee-de-l-ozerain-2020-velo-768x504.jpg 768w, https:\/\/velovitamine.fr\/wp-content\/uploads\/2014\/10\/balade-vallee-de-l-ozerain-2020-velo-1536x1009.jpg 1536w, https:\/\/velovitamine.fr\/wp-content\/uploads\/2014\/10\/balade-vallee-de-l-ozerain-2020-velo-2048x1345.jpg 2048w, https:\/\/velovitamine.fr\/wp-content\/uploads\/2014\/10\/balade-vallee-de-l-ozerain-2020-velo-320x210.jpg 320w, https:\/\/velovitamine.fr\/wp-content\/uploads\/2014\/10\/balade-vallee-de-l-ozerain-2020-velo-460x300.jpg 460w\" sizes=\"(max-width: 260px) 100vw, 260px\" \/> <img loading=\"lazy\" decoding=\"async\" class=\"alignnone wp-image-187064\" src=\"https:\/\/velovitamine.fr\/wp-content\/uploads\/2014\/10\/balade-vallee-de-l-ozerain-2020-velo2-300x197.jpg\" alt=\"balade \u00e0 v\u00e9lo \u00e9lectrique dans la vall\u00e9e de l'Ozerain\" width=\"262\" height=\"172\" srcset=\"https:\/\/velovitamine.fr\/wp-content\/uploads\/2014\/10\/balade-vallee-de-l-ozerain-2020-velo2-300x197.jpg 300w, https:\/\/velovitamine.fr\/wp-content\/uploads\/2014\/10\/balade-vallee-de-l-ozerain-2020-velo2-1024x672.jpg 1024w, https:\/\/velovitamine.fr\/wp-content\/uploads\/2014\/10\/balade-vallee-de-l-ozerain-2020-velo2-768x504.jpg 768w, https:\/\/velovitamine.fr\/wp-content\/uploads\/2014\/10\/balade-vallee-de-l-ozerain-2020-velo2-1536x1009.jpg 1536w, https:\/\/velovitamine.fr\/wp-content\/uploads\/2014\/10\/balade-vallee-de-l-ozerain-2020-velo2-2048x1345.jpg 2048w, https:\/\/velovitamine.fr\/wp-content\/uploads\/2014\/10\/balade-vallee-de-l-ozerain-2020-velo2-320x210.jpg 320w, https:\/\/velovitamine.fr\/wp-content\/uploads\/2014\/10\/balade-vallee-de-l-ozerain-2020-velo2-460x300.jpg 460w\" sizes=\"(max-width: 262px) 100vw, 262px\" \/><br \/><em><strong>Bike tour on this former vineyard valley, la Vall\u00e9e de l&#8217;Ozerain<\/strong><\/em><br \/>Change of scenery guaranteed! From the source of the Ozerain to one of the most beautiful village of France : Flavigny-sur-Ozerain and its famous &#8220;anis de Flavigny&#8221;.<br \/><strong>Itineray:<\/strong> on small roads and Roman road. Day tour &#8211; 45 to 60km.<br \/><strong>Starting point:<\/strong> Avosnes &#8211; access by the A48 (from Dijon and Pouilly-en-Auxois).<br \/><strong>Note:<\/strong> you can also do the tour without a guide, with a bike rental (road-book or a GPS can be provided).<\/p>\n<\/details>\n<p>\u00a0<\/p>\n<details>\n<summary><strong>Dijon City Tour<\/strong><\/summary>\n<p class=\"blocInfo\"><img loading=\"lazy\" decoding=\"async\" class=\"alignnone wp-image-187568\" src=\"https:\/\/velovitamine.fr\/wp-content\/uploads\/2014\/10\/balade-dijon-a-velo-300x197.jpg\" alt=\"Balade \u00e0 Dijon \u00e0 v\u00e9lo : culture, gastronomie et sport ! \" width=\"282\" height=\"185\" srcset=\"https:\/\/velovitamine.fr\/wp-content\/uploads\/2014\/10\/balade-dijon-a-velo-300x197.jpg 300w, https:\/\/velovitamine.fr\/wp-content\/uploads\/2014\/10\/balade-dijon-a-velo-1024x673.jpg 1024w, https:\/\/velovitamine.fr\/wp-content\/uploads\/2014\/10\/balade-dijon-a-velo-768x505.jpg 768w, https:\/\/velovitamine.fr\/wp-content\/uploads\/2014\/10\/balade-dijon-a-velo-1536x1009.jpg 1536w, https:\/\/velovitamine.fr\/wp-content\/uploads\/2014\/10\/balade-dijon-a-velo-2048x1346.jpg 2048w, https:\/\/velovitamine.fr\/wp-content\/uploads\/2014\/10\/balade-dijon-a-velo-320x210.jpg 320w, https:\/\/velovitamine.fr\/wp-content\/uploads\/2014\/10\/balade-dijon-a-velo-460x300.jpg 460w\" sizes=\"(max-width: 282px) 100vw, 282px\" \/><br \/><em><strong>Bike &amp; culture!<br \/><\/strong><\/em>You will discover Dijon, the capital of the Dukes of Burgundy, with its medieval streets, its typical monuments, its history and also its wooded parks and the canal. Your instructor will take you along an unusual road combining bicycle paths, alleys and cobbled streets to finally reach the historical town center.<br \/><strong>Itinerary: <\/strong>95% of bike path, flate and easy, about 10km = 2h.<br \/><strong>Departure time<\/strong>: 10am or 10pm + 6pm during summer<\/p>\n<\/details>\n<p>\u00a0<\/p>\n<details>\n<summary><strong>Tour of\u00a0 the Auxois valley castles: Commarin, Ch\u00e2teauneuf-en-Auxois&#8230;<\/strong><\/summary>\n<p class=\"blocInfo\"><img loading=\"lazy\" decoding=\"async\" class=\"alignnone wp-image-189876\" src=\"https:\/\/velovitamine.fr\/wp-content\/uploads\/2014\/10\/location-velo-et-visite-de-l-abbaye-de-fontenay-velovitamine-300x197.jpg\" alt=\"Balade \u00e0 v\u00e9lo, ch\u00e2teaux, Commarin, Ch\u00e2teau-neuf-en-Auxois\" width=\"279\" height=\"183\" srcset=\"https:\/\/velovitamine.fr\/wp-content\/uploads\/2014\/10\/location-velo-et-visite-de-l-abbaye-de-fontenay-velovitamine-300x197.jpg 300w, https:\/\/velovitamine.fr\/wp-content\/uploads\/2014\/10\/location-velo-et-visite-de-l-abbaye-de-fontenay-velovitamine-1024x672.jpg 1024w, https:\/\/velovitamine.fr\/wp-content\/uploads\/2014\/10\/location-velo-et-visite-de-l-abbaye-de-fontenay-velovitamine-768x504.jpg 768w, https:\/\/velovitamine.fr\/wp-content\/uploads\/2014\/10\/location-velo-et-visite-de-l-abbaye-de-fontenay-velovitamine-1536x1009.jpg 1536w, https:\/\/velovitamine.fr\/wp-content\/uploads\/2014\/10\/location-velo-et-visite-de-l-abbaye-de-fontenay-velovitamine-2048x1345.jpg 2048w, https:\/\/velovitamine.fr\/wp-content\/uploads\/2014\/10\/location-velo-et-visite-de-l-abbaye-de-fontenay-velovitamine-320x210.jpg 320w, https:\/\/velovitamine.fr\/wp-content\/uploads\/2014\/10\/location-velo-et-visite-de-l-abbaye-de-fontenay-velovitamine-460x300.jpg 460w\" sizes=\"(max-width: 279px) 100vw, 279px\" \/><br \/><em><strong>Between the Canal de Bourgogne, medieval cities and castles<br \/><\/strong><\/em>A little bit of biking and history to recover in this green valley !<br \/><strong>Itinerary:<\/strong>\u00a0 about 20km &#8211; 2h to 2h30 or a day tour includying a lunch at a restaurant.<br \/><strong>Note:<\/strong> Electric bikes are recommended for this tour<br \/><strong>Starting points:<\/strong> Port du canal of Vandenesse-en-Auxois or Lac de Panthier.<\/p>\n<\/details>\n<p>\u00a0<\/p>\n<details>\n<summary><strong>Semur-en-Auxois &#8211; a beautiful medieval city<\/strong><\/summary>\n<p class=\"blocInfo\"><img loading=\"lazy\" decoding=\"async\" class=\"alignnone wp-image-1695\" src=\"https:\/\/velovitamine.fr\/wp-content\/uploads\/2016\/12\/s\u00e9jour-trans-bourgogne-2016-13-300x200.jpg\" alt=\"Balade \u00e0 v\u00e9lo \u00e0 Semur-en-Auxois, village m\u00e9di\u00e9val\" width=\"257\" height=\"171\" srcset=\"https:\/\/velovitamine.fr\/wp-content\/uploads\/2016\/12\/s\u00e9jour-trans-bourgogne-2016-13-300x200.jpg 300w, https:\/\/velovitamine.fr\/wp-content\/uploads\/2016\/12\/s\u00e9jour-trans-bourgogne-2016-13-768x511.jpg 768w, https:\/\/velovitamine.fr\/wp-content\/uploads\/2016\/12\/s\u00e9jour-trans-bourgogne-2016-13-1024x682.jpg 1024w\" sizes=\"(max-width: 257px) 100vw, 257px\" \/><br \/><em><strong>Discovery of this authentic city and its surrounding coutryside<br \/><\/strong><\/em>Detour with a panoramic view on the lake, villages build with granite stones, scenic landscapes to finish the tour with a glass of Burgundy wine* on the bulwark over the city (*or fruit juice). <br \/><strong>Itinerary<\/strong>: easy, for everyone<br \/><strong>Sarting point<\/strong>: Semur-en-Auxois<\/p>\n<\/details>\n<p>\u00a0<\/p>\n<p><strong>More tours : Hautes-C\u00f4tes-de-Nuits, Beaune, Parc du Morvan, the Auxois valley and its lakes&#8230;<br \/><\/strong><em><strong>We wan start the tour form your vacation home (on request).<br \/><\/strong><\/em><\/p>\n\n<\/div><h2 class=\"tabtitle\">Details<\/h2>\n<div class=\"tabcontent\">\n\n<h3><strong>Details<\/strong><\/h3>\n<p><strong>Length : <\/strong><sup>1\/2<\/sup> day tour (2h to 3h) or day tour<br \/><strong>When<\/strong> : all year long, during the high season from April to October, from November to March during the low season.<br \/><strong>Level : <\/strong>for everyone, none technical abilities are needed.<br \/><strong>Itinerary :<\/strong> on small paths and roads, with little traffic, selected for their amazing panoramas<strong><br \/><\/strong><strong>Schedule :<\/strong> 10am, 2pm + 6pm during summer only<br \/><strong>Guide :<\/strong> qualified instructor<br \/><strong>Extras :<\/strong> electric bikes, wine tasting&#8230;<\/p>\n<h3><strong>Material<\/strong><\/h3>\n<p>The bikes are carefully checked before each ride.<\/p>\n<p>&#8211; Several sizes including children bikes are available.<br \/>&#8211; You can easily carry your belongings in the bike bags we provide, we can also provide a baby carrier or a child seat.<br \/>&#8211; All our rides are carefully prepared by a qualified instructor and are accessible to everyone.<\/p>\n<h3><strong>Extras<\/strong><\/h3>\n<p>Electric bikes<br \/>Wine tasting or tasting of local products (from 6 to \u20ac20\/pers).<br \/>Tour of a monument<br \/>Lunch in a farmhouse, restaurant, picnic&#8230;<\/p>\n<h5><em>\u00a0<\/em><\/h5>\n<h3><img loading=\"lazy\" decoding=\"async\" class=\"aligncenter\" src=\"https:\/\/velovitamine.fr\/wp-content\/uploads\/2014\/10\/IMG_4882-scaled.jpg\" alt=\"Edifice bourguignon en C\u00f4te de Nuits.\" width=\"327\" height=\"218\" \/><\/h3>\n\n<\/div><h2 class=\"tabtitle\">Prices<\/h2>\n<div class=\"tabcontent\">\n\n<h3><strong>Prices<\/strong><\/h3>\n<h3><strong>The price inclides : tour + guide + bike + small bottle of water<br \/><\/strong><\/h3>\n<p><strong>Adults <\/strong>:\u00a0 from 35\u20ac to \u20ac59\/pers<br \/><strong>Groups (&gt;10 pers)<\/strong> : from 32\u20ac to \u20ac49\/pers<br \/><strong>Kids from 8 to 12 years old<\/strong> : from \u20ac25\/pers<\/p>\n<\/div><\/div>\n<p>\u00a0<\/p>\n<p><\/p>\n<figure class=\"wp-block-gallery columns-2 is-cropped wp-block-gallery-5 is-layout-flex wp-block-gallery-is-layout-flex\">\n<ul class=\"blocks-gallery-grid\">\n<li class=\"blocks-gallery-item\">\n<figure><a href=\"https:\/\/velovitamine.fr\/wp-content\/uploads\/2019\/02\/activite-groupe-arret-degustation-pique-nique-puligny-montrachet-velovitamine-1.png\"><img loading=\"lazy\" decoding=\"async\" width=\"650\" height=\"433\" class=\"wp-image-2506\" src=\"https:\/\/velovitamine.fr\/wp-content\/uploads\/2019\/02\/activite-groupe-arret-degustation-pique-nique-puligny-montrachet-velovitamine-1.png\" alt=\"\" data-id=\"2506\" data-full-url=\"https:\/\/velovitamine.fr\/wp-content\/uploads\/2019\/02\/activite-groupe-arret-degustation-pique-nique-puligny-montrachet-velovitamine-1.png\" data-link=\"https:\/\/velovitamine.fr\/activite-groupe-arret-degustation-pique-nique-puligny-montrachet-velovitamine-1\/\" srcset=\"https:\/\/velovitamine.fr\/wp-content\/uploads\/2019\/02\/activite-groupe-arret-degustation-pique-nique-puligny-montrachet-velovitamine-1.png 650w, https:\/\/velovitamine.fr\/wp-content\/uploads\/2019\/02\/activite-groupe-arret-degustation-pique-nique-puligny-montrachet-velovitamine-1-300x200.png 300w\" sizes=\"(max-width: 650px) 100vw, 650px\" \/><\/a><\/figure>\n<\/li>\n<li class=\"blocks-gallery-item\">\n<figure><a href=\"https:\/\/velovitamine.fr\/wp-content\/uploads\/2014\/10\/IMG_0390-scaled.jpg\"><img loading=\"lazy\" decoding=\"async\" width=\"1024\" height=\"768\" class=\"wp-image-77888\" src=\"https:\/\/velovitamine.fr\/wp-content\/uploads\/2014\/10\/IMG_0390-1024x768.jpg\" alt=\"visite abbaye de fontenay avec location v\u00e9lo vall\u00e9e de l'ozerain\" data-id=\"77888\" data-full-url=\"https:\/\/velovitamine.fr\/wp-content\/uploads\/2014\/10\/IMG_0390-scaled.jpg\" data-link=\"https:\/\/velovitamine.fr\/img_0390\/\" srcset=\"https:\/\/velovitamine.fr\/wp-content\/uploads\/2014\/10\/IMG_0390-1024x768.jpg 1024w, https:\/\/velovitamine.fr\/wp-content\/uploads\/2014\/10\/IMG_0390-300x225.jpg 300w, https:\/\/velovitamine.fr\/wp-content\/uploads\/2014\/10\/IMG_0390-768x576.jpg 768w, https:\/\/velovitamine.fr\/wp-content\/uploads\/2014\/10\/IMG_0390-1536x1152.jpg 1536w, https:\/\/velovitamine.fr\/wp-content\/uploads\/2014\/10\/IMG_0390-2048x1536.jpg 2048w\" sizes=\"(max-width: 1024px) 100vw, 1024px\" \/><\/a><\/figure>\n<\/li>\n<\/ul>\n<\/figure>\n<p><\/p>\n<p>\u00a0<\/p>\n<p><\/p>\n<figure class=\"wp-block-gallery columns-2 is-cropped wp-block-gallery-6 is-layout-flex wp-block-gallery-is-layout-flex\">\n<ul class=\"blocks-gallery-grid\">\n<li class=\"blocks-gallery-item\">\n<figure><a href=\"https:\/\/velovitamine.fr\/wp-content\/uploads\/2019\/02\/balade-oeno-marsannay-activite-velo-degustation-cotes-de-nuits-velovitamine-2018.png\"><img loading=\"lazy\" decoding=\"async\" width=\"640\" height=\"426\" class=\"wp-image-2549\" src=\"https:\/\/velovitamine.fr\/wp-content\/uploads\/2019\/02\/balade-oeno-marsannay-activite-velo-degustation-cotes-de-nuits-velovitamine-2018.png\" alt=\"\" data-id=\"2549\" data-full-url=\"https:\/\/velovitamine.fr\/wp-content\/uploads\/2019\/02\/balade-oeno-marsannay-activite-velo-degustation-cotes-de-nuits-velovitamine-2018.png\" data-link=\"https:\/\/velovitamine.fr\/balade-oeno-marsannay-activite-velo-degustation-cotes-de-nuits-velovitamine-2018\/\" srcset=\"https:\/\/velovitamine.fr\/wp-content\/uploads\/2019\/02\/balade-oeno-marsannay-activite-velo-degustation-cotes-de-nuits-velovitamine-2018.png 640w, https:\/\/velovitamine.fr\/wp-content\/uploads\/2019\/02\/balade-oeno-marsannay-activite-velo-degustation-cotes-de-nuits-velovitamine-2018-300x200.png 300w\" sizes=\"(max-width: 640px) 100vw, 640px\" \/><\/a><\/figure>\n<\/li>\n<li class=\"blocks-gallery-item\">\n<figure><a href=\"https:\/\/velovitamine.fr\/wp-content\/uploads\/2020\/05\/balade-location-vall\u00e9e-de-lOzerain-2020-21-scaled.jpg\"><img loading=\"lazy\" decoding=\"async\" width=\"1024\" height=\"682\" class=\"wp-image-68735\" src=\"https:\/\/velovitamine.fr\/wp-content\/uploads\/2020\/05\/balade-location-vall\u00e9e-de-lOzerain-2020-21-1024x682.jpg\" alt=\"location v\u00e9lo flavigny sur Ozerain\" data-id=\"68735\" data-full-url=\"https:\/\/velovitamine.fr\/wp-content\/uploads\/2020\/05\/balade-location-vall\u00e9e-de-lOzerain-2020-21-scaled.jpg\" data-link=\"https:\/\/velovitamine.fr\/nos-velos-2\/balade-location-vallee-de-lozerain-2020-21\/\" srcset=\"https:\/\/velovitamine.fr\/wp-content\/uploads\/2020\/05\/balade-location-vall\u00e9e-de-lOzerain-2020-21-1024x682.jpg 1024w, https:\/\/velovitamine.fr\/wp-content\/uploads\/2020\/05\/balade-location-vall\u00e9e-de-lOzerain-2020-21-300x200.jpg 300w, https:\/\/velovitamine.fr\/wp-content\/uploads\/2020\/05\/balade-location-vall\u00e9e-de-lOzerain-2020-21-768x511.jpg 768w, https:\/\/velovitamine.fr\/wp-content\/uploads\/2020\/05\/balade-location-vall\u00e9e-de-lOzerain-2020-21-1536x1023.jpg 1536w, https:\/\/velovitamine.fr\/wp-content\/uploads\/2020\/05\/balade-location-vall\u00e9e-de-lOzerain-2020-21-2048x1364.jpg 2048w\" sizes=\"(max-width: 1024px) 100vw, 1024px\" \/><\/a><\/figure>\n<\/li>\n<\/ul>\n<\/figure>\n<p><\/p>\n<p>\u00a0<\/p>\n<p><\/p>\t\t\t\t\t\t\t\t<\/div>\n\t\t\t\t<\/div>\n\t\t\t\t<div class=\"elementor-element elementor-element-3f6bb34 elementor-widget elementor-widget-text-editor\" data-id=\"3f6bb34\" data-element_type=\"widget\" data-e-type=\"widget\" data-widget_type=\"text-editor.default\">\n\t\t\t\t<div class=\"elementor-widget-container\">\n\t\t\t\t\t\t\t\t\t<h5 style=\"text-align: center;\"><span style=\"color: #cfdeff;\">2 jours : 24<sup>\u00a0\u20ac<\/sup><\/span><\/h5>\t\t\t\t\t\t\t\t<\/div>\n\t\t\t\t<\/div>\n\t\t\t\t\t<\/div>\n\t\t<\/div>\n\t\t\t\t\t<\/div>\n\t\t<\/section>\n\t\t\t\t<section class=\"elementor-section elementor-top-section elementor-element elementor-element-8f86685 elementor-section-boxed elementor-section-height-default elementor-section-height-default\" data-id=\"8f86685\" data-element_type=\"section\" data-e-type=\"section\">\n\t\t\t\t\t\t<div class=\"elementor-container elementor-column-gap-default\">\n\t\t\t\t\t<div class=\"elementor-column elementor-col-100 elementor-top-column elementor-element elementor-element-95d80d6\" data-id=\"95d80d6\" data-element_type=\"column\" data-e-type=\"column\">\n\t\t\t<div class=\"elementor-widget-wrap elementor-element-populated\">\n\t\t\t\t\t\t<div class=\"elementor-element elementor-element-0643985 elementor-widget elementor-widget-html\" data-id=\"0643985\" data-element_type=\"widget\" data-e-type=\"widget\" data-widget_type=\"html.default\">\n\t\t\t\t<div class=\"elementor-widget-container\">\n\t\t\t\t\t<div id=\"rotate-prompt-overlay\" style=\"display: none;\">\n    <div id=\"rotate-prompt-message\">\n        <p>Pour une meilleure exp\u00e9rience visuelle sur cette page, veuillez pivoter votre t\u00e9l\u00e9phone en mode paysage.<\/p>\n        <\/div>\n<\/div>\t\t\t\t<\/div>\n\t\t\t\t<\/div>\n\t\t\t\t\t<\/div>\n\t\t<\/div>\n\t\t\t\t\t<\/div>\n\t\t<\/section>\n\t\t\t\t<section class=\"elementor-section elementor-top-section elementor-element elementor-element-a65b6ca elementor-section-boxed elementor-section-height-default elementor-section-height-default\" data-id=\"a65b6ca\" data-element_type=\"section\" data-e-type=\"section\">\n\t\t\t\t\t\t<div class=\"elementor-container elementor-column-gap-default\">\n\t\t\t\t\t<div class=\"elementor-column elementor-col-100 elementor-top-column elementor-element elementor-element-7c17526\" data-id=\"7c17526\" data-element_type=\"column\" data-e-type=\"column\">\n\t\t\t<div class=\"elementor-widget-wrap elementor-element-populated\">\n\t\t\t\t\t\t<section class=\"elementor-section elementor-inner-section elementor-element elementor-element-7f326c8 elementor-section-boxed elementor-section-height-default elementor-section-height-default\" data-id=\"7f326c8\" data-element_type=\"section\" data-e-type=\"section\">\n\t\t\t\t\t\t<div class=\"elementor-container elementor-column-gap-default\">\n\t\t\t\t\t<div class=\"elementor-column elementor-col-50 elementor-inner-column elementor-element elementor-element-3d2efcf\" data-id=\"3d2efcf\" data-element_type=\"column\" data-e-type=\"column\">\n\t\t\t<div class=\"elementor-widget-wrap\">\n\t\t\t\t\t\t\t<\/div>\n\t\t<\/div>\n\t\t\t\t<div class=\"elementor-column elementor-col-50 elementor-inner-column elementor-element elementor-element-c1dc145\" data-id=\"c1dc145\" data-element_type=\"column\" data-e-type=\"column\">\n\t\t\t<div class=\"elementor-widget-wrap\">\n\t\t\t\t\t\t\t<\/div>\n\t\t<\/div>\n\t\t\t\t\t<\/div>\n\t\t<\/section>\n\t\t\t\t\t<\/div>\n\t\t<\/div>\n\t\t\t\t\t<\/div>\n\t\t<\/section>\n\t\t\t\t<\/div>\n\t\t","protected":false},"excerpt":{"rendered":"<p>Bike tours in Burgundy. Auxois, Dijon, Morvan&#8230; Guided bike tours in Burgundy Leisure activities Tour + guide + bike : from 35 to \u20ac49.00\/persKids from 8 to 12 years old [&hellip;]<\/p>\n","protected":false},"author":2,"featured_media":0,"parent":257875,"menu_order":0,"comment_status":"closed","ping_status":"closed","template":"","meta":{"_monsterinsights_skip_tracking":false,"_monsterinsights_sitenote_active":false,"_monsterinsights_sitenote_note":"","_monsterinsights_sitenote_category":0,"site-sidebar-layout":"default","site-content-layout":"default","ast-site-content-layout":"default","site-content-style":"default","site-sidebar-style":"default","ast-global-header-display":"","ast-banner-title-visibility":"","ast-main-header-display":"","ast-hfb-above-header-display":"","ast-hfb-below-header-display":"","ast-hfb-mobile-header-display":"","site-post-title":"","ast-breadcrumbs-content":"","ast-featured-img":"","footer-sml-layout":"","ast-disable-related-posts":"","theme-transparent-header-meta":"default","adv-header-id-meta":"","stick-header-meta":"","header-above-stick-meta":"","header-main-stick-meta":"","header-below-stick-meta":"","astra-migrate-meta-layouts":"set","ast-page-background-enabled":"default","ast-page-background-meta":{"desktop":{"background-color":"","background-image":"","background-repeat":"repeat","background-position":"center center","background-size":"auto","background-attachment":"scroll","background-type":"","background-media":"","overlay-type":"","overlay-color":"","overlay-opacity":"","overlay-gradient":""},"tablet":{"background-color":"","background-image":"","background-repeat":"repeat","background-position":"center center","background-size":"auto","background-attachment":"scroll","background-type":"","background-media":"","overlay-type":"","overlay-color":"","overlay-opacity":"","overlay-gradient":""},"mobile":{"background-color":"","background-image":"","background-repeat":"repeat","background-position":"center center","background-size":"auto","background-attachment":"scroll","background-type":"","background-media":"","overlay-type":"","overlay-color":"","overlay-opacity":"","overlay-gradient":""}},"ast-content-background-meta":{"desktop":{"background-color":"var(--ast-global-color-5)","background-image":"","background-repeat":"repeat","background-position":"center center","background-size":"auto","background-attachment":"scroll","background-type":"","background-media":"","overlay-type":"","overlay-color":"","overlay-opacity":"","overlay-gradient":""},"tablet":{"background-color":"var(--ast-global-color-5)","background-image":"","background-repeat":"repeat","background-position":"center center","background-size":"auto","background-attachment":"scroll","background-type":"","background-media":"","overlay-type":"","overlay-color":"","overlay-opacity":"","overlay-gradient":""},"mobile":{"background-color":"var(--ast-global-color-5)","background-image":"","background-repeat":"repeat","background-position":"center center","background-size":"auto","background-attachment":"scroll","background-type":"","background-media":"","overlay-type":"","overlay-color":"","overlay-opacity":"","overlay-gradient":""}},"footnotes":""},"class_list":["post-257894","page","type-page","status-publish","hentry"],"yoast_head":"<!-- This site is optimized with the Yoast SEO plugin v27.2 - https:\/\/yoast.com\/product\/yoast-seo-wordpress\/ -->\n<title>V\u00e9lo bourgogne, balades, curiosit\u00e9s, monuments, campagnes, vignobles<\/title>\n<meta name=\"description\" content=\"Balades v\u00e9lo guid\u00e9e ou en location simple, \u00e0 Pouilly en Auxois, Dijon, Beaune, Semur en A, Flavigny, parcours simples en famille, groupe, d\u00e9gustation de produits locaux... en bourgogne !\" \/>\n<meta name=\"robots\" content=\"index, follow, max-snippet:-1, max-image-preview:large, max-video-preview:-1\" \/>\n<link rel=\"canonical\" href=\"https:\/\/velovitamine.fr\/activites-2\/balades-a-velo\/\" \/>\n<meta property=\"og:locale\" content=\"en_US\" \/>\n<meta property=\"og:type\" content=\"article\" \/>\n<meta property=\"og:title\" content=\"V\u00e9lo bourgogne, balades, curiosit\u00e9s, monuments, campagnes, vignobles\" \/>\n<meta property=\"og:description\" content=\"Balades v\u00e9lo guid\u00e9e ou en location simple, \u00e0 Pouilly en Auxois, Dijon, Beaune, Semur en A, Flavigny, parcours simples en famille, groupe, d\u00e9gustation de produits locaux... en bourgogne !\" \/>\n<meta property=\"og:url\" content=\"https:\/\/velovitamine.fr\/activites-2\/balades-a-velo\/\" \/>\n<meta property=\"og:site_name\" content=\"Velovitamine.fr\" \/>\n<meta property=\"article:modified_time\" content=\"2026-01-30T13:00:45+00:00\" \/>\n<meta property=\"og:image\" content=\"https:\/\/velovitamine.fr\/wp-content\/uploads\/2014\/10\/Balades-oenologiques-groupes-vignoble-de-bourgogne-Velovitamine-11-300x197.jpg\" \/>\n<meta name=\"twitter:card\" content=\"summary_large_image\" \/>\n<meta name=\"twitter:label1\" content=\"Est. reading time\" \/>\n\t<meta name=\"twitter:data1\" content=\"10 minutes\" \/>\n<script type=\"application\/ld+json\" class=\"yoast-schema-graph\">{\"@context\":\"https:\/\/schema.org\",\"@graph\":[{\"@type\":\"WebPage\",\"@id\":\"https:\/\/velovitamine.fr\/activites-2\/balades-a-velo\/\",\"url\":\"https:\/\/velovitamine.fr\/activites-2\/balades-a-velo\/\",\"name\":\"V\u00e9lo bourgogne, balades, curiosit\u00e9s, monuments, campagnes, vignobles\",\"isPartOf\":{\"@id\":\"https:\/\/velovitamine.fr\/#website\"},\"primaryImageOfPage\":{\"@id\":\"https:\/\/velovitamine.fr\/activites-2\/balades-a-velo\/#primaryimage\"},\"image\":{\"@id\":\"https:\/\/velovitamine.fr\/activites-2\/balades-a-velo\/#primaryimage\"},\"thumbnailUrl\":\"https:\/\/velovitamine.fr\/wp-content\/uploads\/2014\/10\/Balades-oenologiques-groupes-vignoble-de-bourgogne-Velovitamine-11-300x197.jpg\",\"datePublished\":\"2021-04-07T16:56:57+00:00\",\"dateModified\":\"2026-01-30T13:00:45+00:00\",\"description\":\"Balades v\u00e9lo guid\u00e9e ou en location simple, \u00e0 Pouilly en Auxois, Dijon, Beaune, Semur en A, Flavigny, parcours simples en famille, groupe, d\u00e9gustation de produits locaux... en bourgogne !\",\"breadcrumb\":{\"@id\":\"https:\/\/velovitamine.fr\/activites-2\/balades-a-velo\/#breadcrumb\"},\"inLanguage\":\"en-US\",\"potentialAction\":[{\"@type\":\"ReadAction\",\"target\":[\"https:\/\/velovitamine.fr\/activites-2\/balades-a-velo\/\"]}]},{\"@type\":\"ImageObject\",\"inLanguage\":\"en-US\",\"@id\":\"https:\/\/velovitamine.fr\/activites-2\/balades-a-velo\/#primaryimage\",\"url\":\"https:\/\/velovitamine.fr\/wp-content\/uploads\/2014\/10\/Balades-oenologiques-groupes-vignoble-de-bourgogne-Velovitamine-11-300x197.jpg\",\"contentUrl\":\"https:\/\/velovitamine.fr\/wp-content\/uploads\/2014\/10\/Balades-oenologiques-groupes-vignoble-de-bourgogne-Velovitamine-11-300x197.jpg\"},{\"@type\":\"BreadcrumbList\",\"@id\":\"https:\/\/velovitamine.fr\/activites-2\/balades-a-velo\/#breadcrumb\",\"itemListElement\":[{\"@type\":\"ListItem\",\"position\":1,\"name\":\"Accueil\",\"item\":\"https:\/\/velovitamine.fr\/\"},{\"@type\":\"ListItem\",\"position\":2,\"name\":\"Activit\u00e9s\",\"item\":\"https:\/\/velovitamine.fr\/activites-2\/\"},{\"@type\":\"ListItem\",\"position\":3,\"name\":\"Balades \u00e0 v\u00e9lo\"}]},{\"@type\":\"WebSite\",\"@id\":\"https:\/\/velovitamine.fr\/#website\",\"url\":\"https:\/\/velovitamine.fr\/\",\"name\":\"Velovitamine.fr\",\"description\":\"The rolling web site...\",\"publisher\":{\"@id\":\"https:\/\/velovitamine.fr\/#organization\"},\"potentialAction\":[{\"@type\":\"SearchAction\",\"target\":{\"@type\":\"EntryPoint\",\"urlTemplate\":\"https:\/\/velovitamine.fr\/?s={search_term_string}\"},\"query-input\":{\"@type\":\"PropertyValueSpecification\",\"valueRequired\":true,\"valueName\":\"search_term_string\"}}],\"inLanguage\":\"en-US\"},{\"@type\":\"Organization\",\"@id\":\"https:\/\/velovitamine.fr\/#organization\",\"name\":\"Velovitamine\",\"url\":\"https:\/\/velovitamine.fr\/\",\"logo\":{\"@type\":\"ImageObject\",\"inLanguage\":\"en-US\",\"@id\":\"https:\/\/velovitamine.fr\/#\/schema\/logo\/image\/\",\"url\":\"https:\/\/velovitamine.fr\/wp-content\/uploads\/2014\/10\/cropped-logo1-e1444671967804.jpg\",\"contentUrl\":\"https:\/\/velovitamine.fr\/wp-content\/uploads\/2014\/10\/cropped-logo1-e1444671967804.jpg\",\"width\":512,\"height\":512,\"caption\":\"Velovitamine\"},\"image\":{\"@id\":\"https:\/\/velovitamine.fr\/#\/schema\/logo\/image\/\"}}]}<\/script>\n<!-- \/ Yoast SEO plugin. -->","yoast_head_json":{"title":"V\u00e9lo bourgogne, balades, curiosit\u00e9s, monuments, campagnes, vignobles","description":"Balades v\u00e9lo guid\u00e9e ou en location simple, \u00e0 Pouilly en Auxois, Dijon, Beaune, Semur en A, Flavigny, parcours simples en famille, groupe, d\u00e9gustation de produits locaux... en bourgogne !","robots":{"index":"index","follow":"follow","max-snippet":"max-snippet:-1","max-image-preview":"max-image-preview:large","max-video-preview":"max-video-preview:-1"},"canonical":"https:\/\/velovitamine.fr\/activites-2\/balades-a-velo\/","og_locale":"en_US","og_type":"article","og_title":"V\u00e9lo bourgogne, balades, curiosit\u00e9s, monuments, campagnes, vignobles","og_description":"Balades v\u00e9lo guid\u00e9e ou en location simple, \u00e0 Pouilly en Auxois, Dijon, Beaune, Semur en A, Flavigny, parcours simples en famille, groupe, d\u00e9gustation de produits locaux... en bourgogne !","og_url":"https:\/\/velovitamine.fr\/activites-2\/balades-a-velo\/","og_site_name":"Velovitamine.fr","article_modified_time":"2026-01-30T13:00:45+00:00","og_image":[{"url":"https:\/\/velovitamine.fr\/wp-content\/uploads\/2014\/10\/Balades-oenologiques-groupes-vignoble-de-bourgogne-Velovitamine-11-300x197.jpg","type":"","width":"","height":""}],"twitter_card":"summary_large_image","twitter_misc":{"Est. reading time":"10 minutes"},"schema":{"@context":"https:\/\/schema.org","@graph":[{"@type":"WebPage","@id":"https:\/\/velovitamine.fr\/activites-2\/balades-a-velo\/","url":"https:\/\/velovitamine.fr\/activites-2\/balades-a-velo\/","name":"V\u00e9lo bourgogne, balades, curiosit\u00e9s, monuments, campagnes, vignobles","isPartOf":{"@id":"https:\/\/velovitamine.fr\/#website"},"primaryImageOfPage":{"@id":"https:\/\/velovitamine.fr\/activites-2\/balades-a-velo\/#primaryimage"},"image":{"@id":"https:\/\/velovitamine.fr\/activites-2\/balades-a-velo\/#primaryimage"},"thumbnailUrl":"https:\/\/velovitamine.fr\/wp-content\/uploads\/2014\/10\/Balades-oenologiques-groupes-vignoble-de-bourgogne-Velovitamine-11-300x197.jpg","datePublished":"2021-04-07T16:56:57+00:00","dateModified":"2026-01-30T13:00:45+00:00","description":"Balades v\u00e9lo guid\u00e9e ou en location simple, \u00e0 Pouilly en Auxois, Dijon, Beaune, Semur en A, Flavigny, parcours simples en famille, groupe, d\u00e9gustation de produits locaux... en bourgogne !","breadcrumb":{"@id":"https:\/\/velovitamine.fr\/activites-2\/balades-a-velo\/#breadcrumb"},"inLanguage":"en-US","potentialAction":[{"@type":"ReadAction","target":["https:\/\/velovitamine.fr\/activites-2\/balades-a-velo\/"]}]},{"@type":"ImageObject","inLanguage":"en-US","@id":"https:\/\/velovitamine.fr\/activites-2\/balades-a-velo\/#primaryimage","url":"https:\/\/velovitamine.fr\/wp-content\/uploads\/2014\/10\/Balades-oenologiques-groupes-vignoble-de-bourgogne-Velovitamine-11-300x197.jpg","contentUrl":"https:\/\/velovitamine.fr\/wp-content\/uploads\/2014\/10\/Balades-oenologiques-groupes-vignoble-de-bourgogne-Velovitamine-11-300x197.jpg"},{"@type":"BreadcrumbList","@id":"https:\/\/velovitamine.fr\/activites-2\/balades-a-velo\/#breadcrumb","itemListElement":[{"@type":"ListItem","position":1,"name":"Accueil","item":"https:\/\/velovitamine.fr\/"},{"@type":"ListItem","position":2,"name":"Activit\u00e9s","item":"https:\/\/velovitamine.fr\/activites-2\/"},{"@type":"ListItem","position":3,"name":"Balades \u00e0 v\u00e9lo"}]},{"@type":"WebSite","@id":"https:\/\/velovitamine.fr\/#website","url":"https:\/\/velovitamine.fr\/","name":"Velovitamine.fr","description":"The rolling web site...","publisher":{"@id":"https:\/\/velovitamine.fr\/#organization"},"potentialAction":[{"@type":"SearchAction","target":{"@type":"EntryPoint","urlTemplate":"https:\/\/velovitamine.fr\/?s={search_term_string}"},"query-input":{"@type":"PropertyValueSpecification","valueRequired":true,"valueName":"search_term_string"}}],"inLanguage":"en-US"},{"@type":"Organization","@id":"https:\/\/velovitamine.fr\/#organization","name":"Velovitamine","url":"https:\/\/velovitamine.fr\/","logo":{"@type":"ImageObject","inLanguage":"en-US","@id":"https:\/\/velovitamine.fr\/#\/schema\/logo\/image\/","url":"https:\/\/velovitamine.fr\/wp-content\/uploads\/2014\/10\/cropped-logo1-e1444671967804.jpg","contentUrl":"https:\/\/velovitamine.fr\/wp-content\/uploads\/2014\/10\/cropped-logo1-e1444671967804.jpg","width":512,"height":512,"caption":"Velovitamine"},"image":{"@id":"https:\/\/velovitamine.fr\/#\/schema\/logo\/image\/"}}]}},"_links":{"self":[{"href":"https:\/\/velovitamine.fr\/en\/wp-json\/wp\/v2\/pages\/257894","targetHints":{"allow":["GET"]}}],"collection":[{"href":"https:\/\/velovitamine.fr\/en\/wp-json\/wp\/v2\/pages"}],"about":[{"href":"https:\/\/velovitamine.fr\/en\/wp-json\/wp\/v2\/types\/page"}],"author":[{"embeddable":true,"href":"https:\/\/velovitamine.fr\/en\/wp-json\/wp\/v2\/users\/2"}],"replies":[{"embeddable":true,"href":"https:\/\/velovitamine.fr\/en\/wp-json\/wp\/v2\/comments?post=257894"}],"version-history":[{"count":135,"href":"https:\/\/velovitamine.fr\/en\/wp-json\/wp\/v2\/pages\/257894\/revisions"}],"predecessor-version":[{"id":260890,"href":"https:\/\/velovitamine.fr\/en\/wp-json\/wp\/v2\/pages\/257894\/revisions\/260890"}],"up":[{"embeddable":true,"href":"https:\/\/velovitamine.fr\/en\/wp-json\/wp\/v2\/pages\/257875"}],"wp:attachment":[{"href":"https:\/\/velovitamine.fr\/en\/wp-json\/wp\/v2\/media?parent=257894"}],"curies":[{"name":"wp","href":"https:\/\/api.w.org\/{rel}","templated":true}]}}